{"id":12239,"date":"2023-12-18T17:04:56","date_gmt":"2023-12-18T16:04:56","guid":{"rendered":"https:\/\/nuevaweb.cpl.es\/producto\/aproximacion-al-pensamiento-filosofico-de-joseph-ratzinger-9788491656029\/"},"modified":"2026-01-19T08:43:08","modified_gmt":"2026-01-19T07:43:08","slug":"aproximacion-al-pensamiento-filosofico-de-joseph-ratzinger-9788491656029","status":"publish","type":"product","link":"https:\/\/www.cpl.es\/ca\/producto\/aproximacion-al-pensamiento-filosofico-de-joseph-ratzinger-9788491656029\/","title":{"rendered":"Aproximaci\u00f3n al pensamiento filos\u00f3fico de Joseph Ratzinger"},"content":{"rendered":"<p>Este libro es una aproximaci\u00f3n al pensamiento filos\u00f3fico de Joseph Ratzinger, el papa Benedicto XVI y es fruto de la tesis doctoral en filosof\u00eda del autor. Joseph Ratzinger, en su obra escrita, no trata la filosof\u00eda de forma tem\u00e1tica, sino que lo hace en funci\u00f3n de la fe y de la teolog\u00eda cristiana, pero sus aportaciones filos\u00f3ficas son muy valiosas. Estas son las que trata el libro, desde su lecci\u00f3n sobre el Dios de la fe y el Dios de los fil\u00f3sofos, pronunciada el a\u00f1o 1959, hasta sus \u00faltimos escritos. <strong>Aurelio Ort\u00edn Maynou<\/strong> (Barcelona, 1943) est\u00e1 casado y tiene cuatro hijos y ocho nietos. Es doctor en filosof\u00eda y licenciado en teolog\u00eda y profesionalmente ha ejercido de profesor, trabajo del que ya est\u00e1 jubilado. Fue ordenado para el ministerio permanente de di\u00e1cono en el a\u00f1o 1981 y, actualmente, est\u00e1 adscrito a las parroquias de Sant Medir y de Santa Maria de Sants, en Barcelona.<\/p>\n<p><\/p>\n<p><a href=\"https:\/\/www.elpuntavui.cat\/societat\/article\/5-societat\/2612258-la-fe-cristiana-no-ens-deslliura-de-pensar-diu-joseph-ratzinger.html\">El Punt Avui<\/a><\/p>\n<p><\/p>\n","protected":false},"excerpt":{"rendered":"<p>Ort\u00edn Maynou, Aurelio<\/p>\n","protected":false},"featured_media":23064,"template":"","meta":{"_acf_changed":false,"inline_featured_image":false},"product_brand":[],"product_cat":[103],"product_tag":[],"class_list":{"0":"post-12239","1":"product","2":"type-product","3":"status-publish","4":"has-post-thumbnail","6":"product_cat-culmen-et-fons-minor","8":"first","9":"instock","10":"taxable","11":"shipping-taxable","12":"purchasable","13":"product-type-simple"},"acf":{"autor":"Ort\u00edn Maynou, Aurelio","codart":"109214","ediciones":"1","encuadernacion":"R\u00fastica","fecha_de_publicacion":"05\/12\/2023","novedad":false,"paginas":"196","subtitulo":"","orden":"999","portada":false,"idioma":"spa","editorial":[{"ID":6736,"post_author":"2","post_date":"2023-10-06 08:35:24","post_date_gmt":"2023-10-06 06:35:24","post_content":"","post_title":"CPL","post_excerpt":"","post_status":"publish","comment_status":"closed","ping_status":"closed","post_password":"","post_name":"cpl","to_ping":"","pinged":"","post_modified":"2023-10-06 08:35:24","post_modified_gmt":"2023-10-06 06:35:24","post_content_filtered":"","post_parent":0,"guid":"https:\/\/nuevaweb.cpl.es\/editorial\/cpl\/","menu_order":0,"post_type":"editorial","post_mime_type":"","comment_count":"0","filter":"raw"}],"coleccion_num":"14"},"yoast_head":"<!-- This site is optimized with the Yoast SEO plugin v27.3 - https:\/\/yoast.com\/product\/yoast-seo-wordpress\/ -->\n<title>Aproximaci\u00f3n al pensamiento filos\u00f3fico de Joseph Ratzinger - CPL<\/title>\n<meta name=\"robots\" content=\"index, follow, max-snippet:-1, max-image-preview:large, max-video-preview:-1\" \/>\n<link rel=\"canonical\" href=\"https:\/\/www.cpl.es\/producto\/aproximacion-al-pensamiento-filosofico-de-joseph-ratzinger-9788491656029\/\" \/>\n<meta property=\"og:locale\" content=\"ca_ES\" \/>\n<meta property=\"og:type\" content=\"article\" \/>\n<meta property=\"og:title\" content=\"Aproximaci\u00f3n al pensamiento filos\u00f3fico de Joseph Ratzinger - CPL\" \/>\n<meta property=\"og:description\" content=\"Ort\u00edn Maynou, Aurelio\" \/>\n<meta property=\"og:url\" content=\"https:\/\/www.cpl.es\/producto\/aproximacion-al-pensamiento-filosofico-de-joseph-ratzinger-9788491656029\/\" \/>\n<meta property=\"og:site_name\" content=\"CPL\" \/>\n<meta property=\"article:modified_time\" content=\"2026-01-19T07:43:08+00:00\" \/>\n<meta property=\"og:image\" content=\"https:\/\/www.cpl.es\/wp-content\/uploads\/9788491656029-5.jpg\" \/>\n\t<meta property=\"og:image:width\" content=\"294\" \/>\n\t<meta property=\"og:image:height\" content=\"414\" \/>\n\t<meta property=\"og:image:type\" content=\"image\/jpeg\" \/>\n<meta name=\"twitter:card\" content=\"summary_large_image\" \/>\n<meta name=\"twitter:label1\" content=\"Temps estimat de lectura\" \/>\n\t<meta name=\"twitter:data1\" content=\"1 minut\" \/>\n<script type=\"application\/ld+json\" class=\"yoast-schema-graph\">{\"@context\":\"https:\\\/\\\/schema.org\",\"@graph\":[{\"@type\":\"WebPage\",\"@id\":\"https:\\\/\\\/www.cpl.es\\\/producto\\\/aproximacion-al-pensamiento-filosofico-de-joseph-ratzinger-9788491656029\\\/\",\"url\":\"https:\\\/\\\/www.cpl.es\\\/producto\\\/aproximacion-al-pensamiento-filosofico-de-joseph-ratzinger-9788491656029\\\/\",\"name\":\"Aproximaci\u00f3n al pensamiento filos\u00f3fico de Joseph Ratzinger - CPL\",\"isPartOf\":{\"@id\":\"https:\\\/\\\/www.cpl.es\\\/#website\"},\"primaryImageOfPage\":{\"@id\":\"https:\\\/\\\/www.cpl.es\\\/producto\\\/aproximacion-al-pensamiento-filosofico-de-joseph-ratzinger-9788491656029\\\/#primaryimage\"},\"image\":{\"@id\":\"https:\\\/\\\/www.cpl.es\\\/producto\\\/aproximacion-al-pensamiento-filosofico-de-joseph-ratzinger-9788491656029\\\/#primaryimage\"},\"thumbnailUrl\":\"https:\\\/\\\/www.cpl.es\\\/wp-content\\\/uploads\\\/9788491656029-5.jpg\",\"datePublished\":\"2023-12-18T16:04:56+00:00\",\"dateModified\":\"2026-01-19T07:43:08+00:00\",\"breadcrumb\":{\"@id\":\"https:\\\/\\\/www.cpl.es\\\/producto\\\/aproximacion-al-pensamiento-filosofico-de-joseph-ratzinger-9788491656029\\\/#breadcrumb\"},\"inLanguage\":\"ca\",\"potentialAction\":[{\"@type\":\"ReadAction\",\"target\":[\"https:\\\/\\\/www.cpl.es\\\/producto\\\/aproximacion-al-pensamiento-filosofico-de-joseph-ratzinger-9788491656029\\\/\"]}]},{\"@type\":\"ImageObject\",\"inLanguage\":\"ca\",\"@id\":\"https:\\\/\\\/www.cpl.es\\\/producto\\\/aproximacion-al-pensamiento-filosofico-de-joseph-ratzinger-9788491656029\\\/#primaryimage\",\"url\":\"https:\\\/\\\/www.cpl.es\\\/wp-content\\\/uploads\\\/9788491656029-5.jpg\",\"contentUrl\":\"https:\\\/\\\/www.cpl.es\\\/wp-content\\\/uploads\\\/9788491656029-5.jpg\",\"width\":294,\"height\":414,\"caption\":\"9788491656029.jpg\"},{\"@type\":\"BreadcrumbList\",\"@id\":\"https:\\\/\\\/www.cpl.es\\\/producto\\\/aproximacion-al-pensamiento-filosofico-de-joseph-ratzinger-9788491656029\\\/#breadcrumb\",\"itemListElement\":[{\"@type\":\"ListItem\",\"position\":1,\"name\":\"Portada\",\"item\":\"https:\\\/\\\/www.cpl.es\\\/ca\\\/\"},{\"@type\":\"ListItem\",\"position\":2,\"name\":\"Cat\u00e0leg\",\"item\":\"https:\\\/\\\/www.cpl.es\\\/ca\\\/cataleg\\\/\"},{\"@type\":\"ListItem\",\"position\":3,\"name\":\"Aproximaci\u00f3n al pensamiento filos\u00f3fico de Joseph Ratzinger\"}]},{\"@type\":\"WebSite\",\"@id\":\"https:\\\/\\\/www.cpl.es\\\/#website\",\"url\":\"https:\\\/\\\/www.cpl.es\\\/\",\"name\":\"CPL\",\"description\":\"Centre de Pastoral Lit\u00fargica de Barcelona\",\"publisher\":{\"@id\":\"https:\\\/\\\/www.cpl.es\\\/#organization\"},\"alternateName\":\"Centre de Pastoral Lit\u00fargica\",\"potentialAction\":[{\"@type\":\"SearchAction\",\"target\":{\"@type\":\"EntryPoint\",\"urlTemplate\":\"https:\\\/\\\/www.cpl.es\\\/?s={search_term_string}\"},\"query-input\":{\"@type\":\"PropertyValueSpecification\",\"valueRequired\":true,\"valueName\":\"search_term_string\"}}],\"inLanguage\":\"ca\"},{\"@type\":\"Organization\",\"@id\":\"https:\\\/\\\/www.cpl.es\\\/#organization\",\"name\":\"Centre de Pastoral Lit\u00fargica\",\"alternateName\":\"Centre de Pastoral Lit\u00fargica de Barcelona\",\"url\":\"https:\\\/\\\/www.cpl.es\\\/\",\"logo\":{\"@type\":\"ImageObject\",\"inLanguage\":\"ca\",\"@id\":\"https:\\\/\\\/www.cpl.es\\\/#\\\/schema\\\/logo\\\/image\\\/\",\"url\":\"https:\\\/\\\/www.cpl.es\\\/wp-content\\\/uploads\\\/logo-cpl.svg\",\"contentUrl\":\"https:\\\/\\\/www.cpl.es\\\/wp-content\\\/uploads\\\/logo-cpl.svg\",\"caption\":\"Centre de Pastoral Lit\u00fargica\"},\"image\":{\"@id\":\"https:\\\/\\\/www.cpl.es\\\/#\\\/schema\\\/logo\\\/image\\\/\"}}]}<\/script>\n<!-- \/ Yoast SEO plugin. -->","yoast_head_json":{"title":"Aproximaci\u00f3n al pensamiento filos\u00f3fico de Joseph Ratzinger - CPL","robots":{"index":"index","follow":"follow","max-snippet":"max-snippet:-1","max-image-preview":"max-image-preview:large","max-video-preview":"max-video-preview:-1"},"canonical":"https:\/\/www.cpl.es\/producto\/aproximacion-al-pensamiento-filosofico-de-joseph-ratzinger-9788491656029\/","og_locale":"ca_ES","og_type":"article","og_title":"Aproximaci\u00f3n al pensamiento filos\u00f3fico de Joseph Ratzinger - CPL","og_description":"Ort\u00edn Maynou, Aurelio","og_url":"https:\/\/www.cpl.es\/producto\/aproximacion-al-pensamiento-filosofico-de-joseph-ratzinger-9788491656029\/","og_site_name":"CPL","article_modified_time":"2026-01-19T07:43:08+00:00","og_image":[{"width":294,"height":414,"url":"https:\/\/www.cpl.es\/wp-content\/uploads\/9788491656029-5.jpg","type":"image\/jpeg"}],"twitter_card":"summary_large_image","twitter_misc":{"Temps estimat de lectura":"1 minut"},"schema":{"@context":"https:\/\/schema.org","@graph":[{"@type":"WebPage","@id":"https:\/\/www.cpl.es\/producto\/aproximacion-al-pensamiento-filosofico-de-joseph-ratzinger-9788491656029\/","url":"https:\/\/www.cpl.es\/producto\/aproximacion-al-pensamiento-filosofico-de-joseph-ratzinger-9788491656029\/","name":"Aproximaci\u00f3n al pensamiento filos\u00f3fico de Joseph Ratzinger - CPL","isPartOf":{"@id":"https:\/\/www.cpl.es\/#website"},"primaryImageOfPage":{"@id":"https:\/\/www.cpl.es\/producto\/aproximacion-al-pensamiento-filosofico-de-joseph-ratzinger-9788491656029\/#primaryimage"},"image":{"@id":"https:\/\/www.cpl.es\/producto\/aproximacion-al-pensamiento-filosofico-de-joseph-ratzinger-9788491656029\/#primaryimage"},"thumbnailUrl":"https:\/\/www.cpl.es\/wp-content\/uploads\/9788491656029-5.jpg","datePublished":"2023-12-18T16:04:56+00:00","dateModified":"2026-01-19T07:43:08+00:00","breadcrumb":{"@id":"https:\/\/www.cpl.es\/producto\/aproximacion-al-pensamiento-filosofico-de-joseph-ratzinger-9788491656029\/#breadcrumb"},"inLanguage":"ca","potentialAction":[{"@type":"ReadAction","target":["https:\/\/www.cpl.es\/producto\/aproximacion-al-pensamiento-filosofico-de-joseph-ratzinger-9788491656029\/"]}]},{"@type":"ImageObject","inLanguage":"ca","@id":"https:\/\/www.cpl.es\/producto\/aproximacion-al-pensamiento-filosofico-de-joseph-ratzinger-9788491656029\/#primaryimage","url":"https:\/\/www.cpl.es\/wp-content\/uploads\/9788491656029-5.jpg","contentUrl":"https:\/\/www.cpl.es\/wp-content\/uploads\/9788491656029-5.jpg","width":294,"height":414,"caption":"9788491656029.jpg"},{"@type":"BreadcrumbList","@id":"https:\/\/www.cpl.es\/producto\/aproximacion-al-pensamiento-filosofico-de-joseph-ratzinger-9788491656029\/#breadcrumb","itemListElement":[{"@type":"ListItem","position":1,"name":"Portada","item":"https:\/\/www.cpl.es\/ca\/"},{"@type":"ListItem","position":2,"name":"Cat\u00e0leg","item":"https:\/\/www.cpl.es\/ca\/cataleg\/"},{"@type":"ListItem","position":3,"name":"Aproximaci\u00f3n al pensamiento filos\u00f3fico de Joseph Ratzinger"}]},{"@type":"WebSite","@id":"https:\/\/www.cpl.es\/#website","url":"https:\/\/www.cpl.es\/","name":"CPL","description":"Centre de Pastoral Lit\u00fargica de Barcelona","publisher":{"@id":"https:\/\/www.cpl.es\/#organization"},"alternateName":"Centre de Pastoral Lit\u00fargica","potentialAction":[{"@type":"SearchAction","target":{"@type":"EntryPoint","urlTemplate":"https:\/\/www.cpl.es\/?s={search_term_string}"},"query-input":{"@type":"PropertyValueSpecification","valueRequired":true,"valueName":"search_term_string"}}],"inLanguage":"ca"},{"@type":"Organization","@id":"https:\/\/www.cpl.es\/#organization","name":"Centre de Pastoral Lit\u00fargica","alternateName":"Centre de Pastoral Lit\u00fargica de Barcelona","url":"https:\/\/www.cpl.es\/","logo":{"@type":"ImageObject","inLanguage":"ca","@id":"https:\/\/www.cpl.es\/#\/schema\/logo\/image\/","url":"https:\/\/www.cpl.es\/wp-content\/uploads\/logo-cpl.svg","contentUrl":"https:\/\/www.cpl.es\/wp-content\/uploads\/logo-cpl.svg","caption":"Centre de Pastoral Lit\u00fargica"},"image":{"@id":"https:\/\/www.cpl.es\/#\/schema\/logo\/image\/"}}]}},"_links":{"self":[{"href":"https:\/\/www.cpl.es\/ca\/wp-json\/wp\/v2\/product\/12239","targetHints":{"allow":["GET"]}}],"collection":[{"href":"https:\/\/www.cpl.es\/ca\/wp-json\/wp\/v2\/product"}],"about":[{"href":"https:\/\/www.cpl.es\/ca\/wp-json\/wp\/v2\/types\/product"}],"wp:featuredmedia":[{"embeddable":true,"href":"https:\/\/www.cpl.es\/ca\/wp-json\/wp\/v2\/media\/23064"}],"wp:attachment":[{"href":"https:\/\/www.cpl.es\/ca\/wp-json\/wp\/v2\/media?parent=12239"}],"wp:term":[{"taxonomy":"product_brand","embeddable":true,"href":"https:\/\/www.cpl.es\/ca\/wp-json\/wp\/v2\/product_brand?post=12239"},{"taxonomy":"product_cat","embeddable":true,"href":"https:\/\/www.cpl.es\/ca\/wp-json\/wp\/v2\/product_cat?post=12239"},{"taxonomy":"product_tag","embeddable":true,"href":"https:\/\/www.cpl.es\/ca\/wp-json\/wp\/v2\/product_tag?post=12239"}],"curies":[{"name":"wp","href":"https:\/\/api.w.org\/{rel}","templated":true}]}}