{"id":1050,"date":"2023-10-04T00:58:50","date_gmt":"2023-10-03T22:58:50","guid":{"rendered":"https:\/\/nuevaweb.cpl.es\/producto\/de-adviento-a-pentecostes-9788491653745\/"},"modified":"2026-02-12T17:43:03","modified_gmt":"2026-02-12T16:43:03","slug":"de-adviento-a-pentecostes-9788491653745","status":"publish","type":"product","link":"https:\/\/www.cpl.es\/ca\/producto\/de-adviento-a-pentecostes-9788491653745\/","title":{"rendered":"De Adviento a Pentecost\u00e9s"},"content":{"rendered":"<p>Desde 2007, el uso del Misal Romano de 1962 ha sido ampliamente permitido dentro de la iglesia. Esto crea, en efecto, que un a\u00f1o lit\u00fargico pueda celebrarse al mismo tiempo de dos formas distintas. En De Adviento a Pentecost\u00e9s, el abad Patrick Regan compara las oraciones y los prefacios, las lecturas y las r\u00fabricas, el calendario y los c\u00e1nticos del Misal de 1962 con los del Misal revisado despu\u00e9s del Concilio Vaticano II, ahora en su tercera edici\u00f3n. El resultado es una sorprendente demostraci\u00f3n del esplendor y superioridad del Misal reformado sobre su predecesor, al menos en lo que respecta al a\u00f1o lit\u00fargico. Los cap\u00edtulos de Regan sobre Adviento, Cuaresma y el tiempo de Pascua son particularmente informativos porque estos tiempos son muy diferentes en los dos misales. Quiz\u00e1s las diferencias entre Semana Santa y el Triduo Pascual son menos obvias. Regan no solo describe las modificaciones externas en las celebraciones restauradas por P\u00edo XII en 1956, sino que explora corrientes teol\u00f3gicas m\u00e1s profundas, especialmente en la relaci\u00f3n entre la pasi\u00f3n y la resurrecci\u00f3n del Se\u00f1or en el \u00fanico misterio pascual, para mostrar c\u00f3mo los avances en esta \u00e1rea encuentran expresi\u00f3n en las celebraciones del Triduo actual y durante los cincuenta d\u00edas de Pascua. La originalidad del libro radica principalmente aqu\u00ed. El desaf\u00edo lit\u00fargico m\u00e1s urgente de hoy, sostiene el autor, es elevar el ars celebrandi al mismo nivel de excelencia que el misal mismo.<\/p>\n<p>Patrick Regan naci\u00f3 en 1938 en Nueva Orleans. En 1955 ingres\u00f3 en la divisi\u00f3n de la universidad secundaria del Seminario Saint Joseph. Hizo profesi\u00f3n de monje benedictino en 195. En 1965 recibi\u00f3 la ordenaci\u00f3n sacerdotal, comenz\u00f3 sus estudios en el Institut Catholique y el Institut Sup\u00e9rieur de Liturgie en Par\u00eds, donde obtuvo un doctorado en teolog\u00eda en 1971. Ense\u00f1\u00f3 en Saint Joseph Seminary College, en Saint John's University y en Notre Dame University. Fue abad de la Abad\u00eda de San Jos\u00e9 desde 1982 hasta 2001. Ese mismo a\u00f1o, acept\u00f3 un nombramiento en el Pontificio Instituto de Liturgia del Pontificio Ateneo San Anselmo, que dur\u00f3 hasta 2013. Muri\u00f3 en el a\u00f1o 2017. Centr\u00f3 su Trabajo acad\u00e9mico en la liturgia pascual. Su tesis doctoral vers\u00f3 sobre los formularios penitenciales de los primeros sacramentarios romanos, que estaban estrechamente relacionados con la celebraci\u00f3n de la Cuaresma y la Pascua. Public\u00f3 numerosos art\u00edculos en esta \u00e1rea en Worship y otras revistas. Su obra culminante fue su libro De Adviento a Pentecost\u00e9s (publicado en ingl\u00e9s en 2012), una comparaci\u00f3n de la estructura y el contenido de los tiempos de Adviento-Navidad y Cuaresma-Pascua en las liturgias postridentinas y posteriores al Vaticano II.<\/p>\n","protected":false},"excerpt":{"rendered":"<p>Regan, Patrick<\/p>\n","protected":false},"featured_media":1051,"template":"","meta":{"_acf_changed":false,"inline_featured_image":false},"product_brand":[],"product_cat":[74,46,151,162,153,161,158,85,62],"product_tag":[],"class_list":{"0":"post-1050","1":"product","2":"type-product","3":"status-publish","4":"has-post-thumbnail","6":"product_cat-biblioteca-liturgica-colleccions-catala","7":"product_cat-biblioteca-liturgica","8":"product_cat-celebracio-de-la-missa-celebracio-de-la-missa-per-temes","9":"product_cat-celebracio-liturgica","10":"product_cat-celebracion-de-la-misa-celebracion-de-la-misa-por-temas","11":"product_cat-celebracion-liturgica","12":"product_cat-documentacion-documentacion-por-temas","13":"product_cat-historia-de-la-liturgia-per-temes-catala","14":"product_cat-historia-de-la-liturgia","16":"first","17":"instock","18":"taxable","19":"shipping-taxable","20":"purchasable","21":"product-type-simple"},"acf":{"autor":"Regan, Patrick","codart":"111062","ediciones":"1","encuadernacion":"Cartone","fecha_de_publicacion":"09\/11\/2020","novedad":false,"paginas":"344","subtitulo":"Historia, teolog\u00eda, liturgia y espiritualidad a la luz del Misal Romano","orden":"15","portada":false,"idioma":"spa","editorial":[{"ID":6736,"post_author":"2","post_date":"2023-10-06 08:35:24","post_date_gmt":"2023-10-06 06:35:24","post_content":"","post_title":"CPL","post_excerpt":"","post_status":"publish","comment_status":"closed","ping_status":"closed","post_password":"","post_name":"cpl","to_ping":"","pinged":"","post_modified":"2023-10-06 08:35:24","post_modified_gmt":"2023-10-06 06:35:24","post_content_filtered":"","post_parent":0,"guid":"https:\/\/nuevaweb.cpl.es\/editorial\/cpl\/","menu_order":0,"post_type":"editorial","post_mime_type":"","comment_count":"0","filter":"raw"}],"coleccion_num":"62"},"yoast_head":"<!-- This site is optimized with the Yoast SEO plugin v27.3 - https:\/\/yoast.com\/product\/yoast-seo-wordpress\/ -->\n<title>De Adviento a Pentecost\u00e9s - CPL<\/title>\n<meta name=\"robots\" content=\"index, follow, max-snippet:-1, max-image-preview:large, max-video-preview:-1\" \/>\n<link rel=\"canonical\" href=\"https:\/\/www.cpl.es\/producto\/de-adviento-a-pentecostes-9788491653745\/\" \/>\n<meta property=\"og:locale\" content=\"ca_ES\" \/>\n<meta property=\"og:type\" content=\"article\" \/>\n<meta property=\"og:title\" content=\"De Adviento a Pentecost\u00e9s - CPL\" \/>\n<meta property=\"og:description\" content=\"Regan, Patrick\" \/>\n<meta property=\"og:url\" content=\"https:\/\/www.cpl.es\/producto\/de-adviento-a-pentecostes-9788491653745\/\" \/>\n<meta property=\"og:site_name\" content=\"CPL\" \/>\n<meta property=\"article:modified_time\" content=\"2026-02-12T16:43:03+00:00\" \/>\n<meta property=\"og:image\" content=\"https:\/\/www.cpl.es\/wp-content\/uploads\/111062.jpg\" \/>\n\t<meta property=\"og:image:width\" content=\"282\" \/>\n\t<meta property=\"og:image:height\" content=\"404\" \/>\n\t<meta property=\"og:image:type\" content=\"image\/jpeg\" \/>\n<meta name=\"twitter:card\" content=\"summary_large_image\" \/>\n<meta name=\"twitter:label1\" content=\"Temps estimat de lectura\" \/>\n\t<meta name=\"twitter:data1\" content=\"2 minuts\" \/>\n<script type=\"application\/ld+json\" class=\"yoast-schema-graph\">{\"@context\":\"https:\\\/\\\/schema.org\",\"@graph\":[{\"@type\":\"WebPage\",\"@id\":\"https:\\\/\\\/www.cpl.es\\\/producto\\\/de-adviento-a-pentecostes-9788491653745\\\/\",\"url\":\"https:\\\/\\\/www.cpl.es\\\/producto\\\/de-adviento-a-pentecostes-9788491653745\\\/\",\"name\":\"De Adviento a Pentecost\u00e9s - CPL\",\"isPartOf\":{\"@id\":\"https:\\\/\\\/www.cpl.es\\\/#website\"},\"primaryImageOfPage\":{\"@id\":\"https:\\\/\\\/www.cpl.es\\\/producto\\\/de-adviento-a-pentecostes-9788491653745\\\/#primaryimage\"},\"image\":{\"@id\":\"https:\\\/\\\/www.cpl.es\\\/producto\\\/de-adviento-a-pentecostes-9788491653745\\\/#primaryimage\"},\"thumbnailUrl\":\"https:\\\/\\\/www.cpl.es\\\/wp-content\\\/uploads\\\/111062.jpg\",\"datePublished\":\"2023-10-03T22:58:50+00:00\",\"dateModified\":\"2026-02-12T16:43:03+00:00\",\"breadcrumb\":{\"@id\":\"https:\\\/\\\/www.cpl.es\\\/producto\\\/de-adviento-a-pentecostes-9788491653745\\\/#breadcrumb\"},\"inLanguage\":\"ca\",\"potentialAction\":[{\"@type\":\"ReadAction\",\"target\":[\"https:\\\/\\\/www.cpl.es\\\/producto\\\/de-adviento-a-pentecostes-9788491653745\\\/\"]}]},{\"@type\":\"ImageObject\",\"inLanguage\":\"ca\",\"@id\":\"https:\\\/\\\/www.cpl.es\\\/producto\\\/de-adviento-a-pentecostes-9788491653745\\\/#primaryimage\",\"url\":\"https:\\\/\\\/www.cpl.es\\\/wp-content\\\/uploads\\\/111062.jpg\",\"contentUrl\":\"https:\\\/\\\/www.cpl.es\\\/wp-content\\\/uploads\\\/111062.jpg\",\"width\":282,\"height\":404,\"caption\":\"111062.jpg\"},{\"@type\":\"BreadcrumbList\",\"@id\":\"https:\\\/\\\/www.cpl.es\\\/producto\\\/de-adviento-a-pentecostes-9788491653745\\\/#breadcrumb\",\"itemListElement\":[{\"@type\":\"ListItem\",\"position\":1,\"name\":\"Portada\",\"item\":\"https:\\\/\\\/www.cpl.es\\\/ca\\\/\"},{\"@type\":\"ListItem\",\"position\":2,\"name\":\"Cat\u00e0leg\",\"item\":\"https:\\\/\\\/www.cpl.es\\\/ca\\\/cataleg\\\/\"},{\"@type\":\"ListItem\",\"position\":3,\"name\":\"De Adviento a Pentecost\u00e9s\"}]},{\"@type\":\"WebSite\",\"@id\":\"https:\\\/\\\/www.cpl.es\\\/#website\",\"url\":\"https:\\\/\\\/www.cpl.es\\\/\",\"name\":\"CPL\",\"description\":\"Centre de Pastoral Lit\u00fargica de Barcelona\",\"publisher\":{\"@id\":\"https:\\\/\\\/www.cpl.es\\\/#organization\"},\"alternateName\":\"Centre de Pastoral Lit\u00fargica\",\"potentialAction\":[{\"@type\":\"SearchAction\",\"target\":{\"@type\":\"EntryPoint\",\"urlTemplate\":\"https:\\\/\\\/www.cpl.es\\\/?s={search_term_string}\"},\"query-input\":{\"@type\":\"PropertyValueSpecification\",\"valueRequired\":true,\"valueName\":\"search_term_string\"}}],\"inLanguage\":\"ca\"},{\"@type\":\"Organization\",\"@id\":\"https:\\\/\\\/www.cpl.es\\\/#organization\",\"name\":\"Centre de Pastoral Lit\u00fargica\",\"alternateName\":\"Centre de Pastoral Lit\u00fargica de Barcelona\",\"url\":\"https:\\\/\\\/www.cpl.es\\\/\",\"logo\":{\"@type\":\"ImageObject\",\"inLanguage\":\"ca\",\"@id\":\"https:\\\/\\\/www.cpl.es\\\/#\\\/schema\\\/logo\\\/image\\\/\",\"url\":\"https:\\\/\\\/www.cpl.es\\\/wp-content\\\/uploads\\\/logo-cpl.svg\",\"contentUrl\":\"https:\\\/\\\/www.cpl.es\\\/wp-content\\\/uploads\\\/logo-cpl.svg\",\"caption\":\"Centre de Pastoral Lit\u00fargica\"},\"image\":{\"@id\":\"https:\\\/\\\/www.cpl.es\\\/#\\\/schema\\\/logo\\\/image\\\/\"}}]}<\/script>\n<!-- \/ Yoast SEO plugin. -->","yoast_head_json":{"title":"De Adviento a Pentecost\u00e9s - CPL","robots":{"index":"index","follow":"follow","max-snippet":"max-snippet:-1","max-image-preview":"max-image-preview:large","max-video-preview":"max-video-preview:-1"},"canonical":"https:\/\/www.cpl.es\/producto\/de-adviento-a-pentecostes-9788491653745\/","og_locale":"ca_ES","og_type":"article","og_title":"De Adviento a Pentecost\u00e9s - CPL","og_description":"Regan, Patrick","og_url":"https:\/\/www.cpl.es\/producto\/de-adviento-a-pentecostes-9788491653745\/","og_site_name":"CPL","article_modified_time":"2026-02-12T16:43:03+00:00","og_image":[{"width":282,"height":404,"url":"https:\/\/www.cpl.es\/wp-content\/uploads\/111062.jpg","type":"image\/jpeg"}],"twitter_card":"summary_large_image","twitter_misc":{"Temps estimat de lectura":"2 minuts"},"schema":{"@context":"https:\/\/schema.org","@graph":[{"@type":"WebPage","@id":"https:\/\/www.cpl.es\/producto\/de-adviento-a-pentecostes-9788491653745\/","url":"https:\/\/www.cpl.es\/producto\/de-adviento-a-pentecostes-9788491653745\/","name":"De Adviento a Pentecost\u00e9s - CPL","isPartOf":{"@id":"https:\/\/www.cpl.es\/#website"},"primaryImageOfPage":{"@id":"https:\/\/www.cpl.es\/producto\/de-adviento-a-pentecostes-9788491653745\/#primaryimage"},"image":{"@id":"https:\/\/www.cpl.es\/producto\/de-adviento-a-pentecostes-9788491653745\/#primaryimage"},"thumbnailUrl":"https:\/\/www.cpl.es\/wp-content\/uploads\/111062.jpg","datePublished":"2023-10-03T22:58:50+00:00","dateModified":"2026-02-12T16:43:03+00:00","breadcrumb":{"@id":"https:\/\/www.cpl.es\/producto\/de-adviento-a-pentecostes-9788491653745\/#breadcrumb"},"inLanguage":"ca","potentialAction":[{"@type":"ReadAction","target":["https:\/\/www.cpl.es\/producto\/de-adviento-a-pentecostes-9788491653745\/"]}]},{"@type":"ImageObject","inLanguage":"ca","@id":"https:\/\/www.cpl.es\/producto\/de-adviento-a-pentecostes-9788491653745\/#primaryimage","url":"https:\/\/www.cpl.es\/wp-content\/uploads\/111062.jpg","contentUrl":"https:\/\/www.cpl.es\/wp-content\/uploads\/111062.jpg","width":282,"height":404,"caption":"111062.jpg"},{"@type":"BreadcrumbList","@id":"https:\/\/www.cpl.es\/producto\/de-adviento-a-pentecostes-9788491653745\/#breadcrumb","itemListElement":[{"@type":"ListItem","position":1,"name":"Portada","item":"https:\/\/www.cpl.es\/ca\/"},{"@type":"ListItem","position":2,"name":"Cat\u00e0leg","item":"https:\/\/www.cpl.es\/ca\/cataleg\/"},{"@type":"ListItem","position":3,"name":"De Adviento a Pentecost\u00e9s"}]},{"@type":"WebSite","@id":"https:\/\/www.cpl.es\/#website","url":"https:\/\/www.cpl.es\/","name":"CPL","description":"Centre de Pastoral Lit\u00fargica de Barcelona","publisher":{"@id":"https:\/\/www.cpl.es\/#organization"},"alternateName":"Centre de Pastoral Lit\u00fargica","potentialAction":[{"@type":"SearchAction","target":{"@type":"EntryPoint","urlTemplate":"https:\/\/www.cpl.es\/?s={search_term_string}"},"query-input":{"@type":"PropertyValueSpecification","valueRequired":true,"valueName":"search_term_string"}}],"inLanguage":"ca"},{"@type":"Organization","@id":"https:\/\/www.cpl.es\/#organization","name":"Centre de Pastoral Lit\u00fargica","alternateName":"Centre de Pastoral Lit\u00fargica de Barcelona","url":"https:\/\/www.cpl.es\/","logo":{"@type":"ImageObject","inLanguage":"ca","@id":"https:\/\/www.cpl.es\/#\/schema\/logo\/image\/","url":"https:\/\/www.cpl.es\/wp-content\/uploads\/logo-cpl.svg","contentUrl":"https:\/\/www.cpl.es\/wp-content\/uploads\/logo-cpl.svg","caption":"Centre de Pastoral Lit\u00fargica"},"image":{"@id":"https:\/\/www.cpl.es\/#\/schema\/logo\/image\/"}}]}},"_links":{"self":[{"href":"https:\/\/www.cpl.es\/ca\/wp-json\/wp\/v2\/product\/1050","targetHints":{"allow":["GET"]}}],"collection":[{"href":"https:\/\/www.cpl.es\/ca\/wp-json\/wp\/v2\/product"}],"about":[{"href":"https:\/\/www.cpl.es\/ca\/wp-json\/wp\/v2\/types\/product"}],"wp:featuredmedia":[{"embeddable":true,"href":"https:\/\/www.cpl.es\/ca\/wp-json\/wp\/v2\/media\/1051"}],"wp:attachment":[{"href":"https:\/\/www.cpl.es\/ca\/wp-json\/wp\/v2\/media?parent=1050"}],"wp:term":[{"taxonomy":"product_brand","embeddable":true,"href":"https:\/\/www.cpl.es\/ca\/wp-json\/wp\/v2\/product_brand?post=1050"},{"taxonomy":"product_cat","embeddable":true,"href":"https:\/\/www.cpl.es\/ca\/wp-json\/wp\/v2\/product_cat?post=1050"},{"taxonomy":"product_tag","embeddable":true,"href":"https:\/\/www.cpl.es\/ca\/wp-json\/wp\/v2\/product_tag?post=1050"}],"curies":[{"name":"wp","href":"https:\/\/api.w.org\/{rel}","templated":true}]}}