{"id":12029,"date":"2023-11-29T07:51:22","date_gmt":"2023-11-29T06:51:22","guid":{"rendered":"https:\/\/nuevaweb.cpl.es\/?page_id=12029"},"modified":"2023-12-15T09:35:09","modified_gmt":"2023-12-15T08:35:09","slug":"materials","status":"publish","type":"page","link":"https:\/\/www.cpl.es\/ca\/blog\/any-sant-de-la-misericordia\/materials\/","title":{"rendered":"Materials"},"content":{"rendered":"<div id=\"pl-12029\"  class=\"panel-layout\" ><div id=\"pg-12029-0\"  class=\"panel-grid panel-has-style\" ><div class=\"cont-actualidad panel-row-style panel-row-style-for-12029-0\" ><div id=\"pgc-12029-0-0\"  class=\"panel-grid-cell\" ><div id=\"panel-12029-0-0-0\" class=\"so-panel widget widget_sow-editor panel-first-child panel-last-child\" data-index=\"0\" ><div\n\t\t\t\n\t\t\tclass=\"so-widget-sow-editor so-widget-sow-editor-base\"\n\t\t\t\n\t\t>\n<div class=\"siteorigin-widget-tinymce textwidget\">\n\t<h2>Art\u00edcles de reflexi\u00f3<\/h2>\n<ul>\n<li><a href=\"\/wp-content\/uploads\/3-MD-2016-01-color-cat-copia.pdf\" target=\"_blank\" rel=\"noopener\">Celebrar la miseric\u00f2rdia<\/a><\/li>\n<li><a href=\"\/wp-content\/uploads\/18-MD-2016-04-color-cat-copia-4.pdf\" target=\"_blank\" rel=\"noopener\">Temperar la llei amb la miseric\u00f2rdia<\/a><\/li>\n<li><a href=\"\/wp-content\/uploads\/15-MD-2016-04-color-cat-copia.pdf\" target=\"_blank\" rel=\"noopener\">La miseric\u00f2rdia dels febles i pecadors<\/a><\/li>\n<li><a href=\"\/wp-content\/uploads\/14-MD-2016-03-color-cat-copia-5.pdf\">Una Quaresma en l\u2019horitz\u00f3 de la miseric\u00f2rdia<\/a><\/li>\n<li><a href=\"\/wp-content\/uploads\/11-MD-2016-03-color-cat-copia-2.pdf\" target=\"_blank\" rel=\"noopener\">Jubileu extraordinari de la Miseric\u00f2rdia. Una oportunitat per al nostre santuari<\/a><\/li>\n<li><a href=\"\/wp-content\/uploads\/10-MD-2016-03-color-cat-copia.pdf\" target=\"_blank\" rel=\"noopener\">Quaresma, perd\u00f3 i miseric\u00f2rdia<\/a><\/li>\n<li><a href=\"\/wp-content\/uploads\/Any-sant-misericordia.pdf\">Any Sant de la Miseric\u00f2rdia<\/a><\/li>\n<li><a href=\"\/wp-content\/uploads\/indulgencia-jubilar.pdf\">La indulg\u00e8ncia jubilar<\/a><\/li>\n<li><a href=\"\/wp-content\/uploads\/misericordia-de-la-teoria-a-la-practica.pdf\">Miseric\u00f2rdia: de la teoria a la pr\u00e0ctica.<\/a><\/li>\n<li><a href=\"\/wp-content\/uploads\/eucaristia-cami-de-misericordia.pdf\">L\u2019Eucarist\u00eda, cam\u00ed de Miseric\u00f2rdia<\/a><\/li>\n<li><a href=\"\/wp-content\/uploads\/pelegrins-de-la-vida.pdf\">Pelegrins de la vida<\/a><\/li>\n<li><a href=\"\/wp-content\/uploads\/misericordia-encara.pdf\">Miseric\u00f2rdia, encara<\/a><\/li>\n<li><a href=\"\/wp-content\/uploads\/2-MD-2016-15-A.pdf\" target=\"_blank\" rel=\"noopener\">La cloenda de l\u2019Any Sant de la Miseric\u00f2rdia<\/a><\/li>\n<\/ul>\n<h2>Subsidis lit\u00fargics<\/h2>\n<ul>\n<li><a href=\"\/wp-content\/uploads\/20-MD-2016-05-color-cat-copiaa.pdf\" target=\"_blank\" rel=\"noopener\">Celebrar la miseric\u00f2rdia: Setmana Santa i Temps Pascual<\/a><\/li>\n<li><a href=\"\/wp-content\/uploads\/20-MD-2016-05-color-cat-copiaa.pdf\" target=\"_blank\" rel=\"noopener\">Celebrar la miseric\u00f2rdia: la veneraci\u00f3 de la creu i el Via Crucis<\/a><\/li>\n<li><a href=\"\/wp-content\/uploads\/16-MD-2016-04-color-cat-copia-2.pdf\" target=\"_blank\" rel=\"noopener\">Celebrar la miseric\u00f2rdia durant la Quaresma<\/a><\/li>\n<li><a href=\"\/wp-content\/uploads\/5-MD-2016-01-color-cat-copia-3.pdf\" target=\"_blank\" rel=\"noopener\">Any Sant de la Miseric\u00f2rdia: proposta de cants<\/a><\/li>\n<li><a href=\"\/wp-content\/uploads\/7-MD-2016-02-color-cat-copia.pdf\" target=\"_blank\" rel=\"noopener\">Els subsidis oficials per a l\u2019any del Jubileu de la Miseric\u00f2rdia<\/a><\/li>\n<li><a href=\"\/wp-content\/uploads\/12-MD-2016-03-color-cat-copia-3.pdf\" target=\"_blank\" rel=\"noopener\">Celebrar la miseric\u00f2rdia en la lit\u00fargia<\/a><\/li>\n<li><a href=\"\/wp-content\/uploads\/celebrar-la-misericordia-sagraments.pdf\">Celebrar la miseric\u00f2rdia: els sagraments<\/a><\/li>\n<li><a href=\"\/wp-content\/uploads\/celebrar-la-misericordia-acte-penitencial-de-la-missa.pdf\">Celebrar la Miseric\u00f2rdia: l\u2019Acte Penitencial de la Missa<\/a><\/li>\n<li><a href=\"\/wp-content\/uploads\/celebrar-la-misericordia-la-solemnitat-del-sagrat-cor-de-jesus.pdf\">Celebrar la Miseric\u00f2rdia: La Solemnitat del Sagrat Cor de Jes\u00fas.<\/a><\/li>\n<li><a href=\"\/wp-content\/uploads\/Celebrar-la-misericordia-la-liturgia-de-les-hores.pdf\">Celebrar la Miseric\u00f2rdia: la Liturgia de les Hores<\/a><\/li>\n<li><a href=\"\/wp-content\/uploads\/celebrar-la-misericordia-la-festa-exaltacio-de-la-santa-creu.pdf\">Celebrar la Miseric\u00f2rdia: la festa de l\u2019exaltaci\u00f3 de la Santa Creu<\/a><\/li>\n<\/ul>\n<h2>Les obres de la miseric\u00f2rdia<\/h2>\n<ul>\n<li><a href=\"\/wp-content\/uploads\/8-MD-2016-02-color-cat-copia-2.pdf\" target=\"_blank\" rel=\"noopener\">Les obres de miseric\u00f2rdia\u00a0corporals i espirituals<\/a><\/li>\n<li><a href=\"\/wp-content\/uploads\/6-MD-2016-01-color-cat-copia-4.pdf\" target=\"_blank\" rel=\"noopener\">Les obres de miseric\u00f2rdia corporals i espirituals: \u201cLes obres de Miseric\u00f2rdia\u201d<\/a><\/li>\n<li><a href=\"\/wp-content\/uploads\/9-MD-2016-02-color-cat-copia-3.pdf\" target=\"_blank\" rel=\"noopener\">Les obres de miseric\u00f2rdia corporals i espirituals: Sant Maria, Mare del Consol dels afligits<\/a><\/li>\n<li><a href=\"\/wp-content\/uploads\/13-MD-2016-03-color-cat-copia-4.pdf\" target=\"_blank\" rel=\"noopener\">Les obres de miseric\u00f2rdia corporals i espirituals: Acollir els refugiats<\/a><\/li>\n<li><a href=\"\/wp-content\/uploads\/17-MD-2016-04-color-cat-copia-3.pdf\" target=\"_blank\" rel=\"noopener\">Les obres de miseric\u00f2rdia corporals i espirituals: Pregar en tota ocasi\u00f3<\/a><\/li>\n<li><a href=\"\/wp-content\/uploads\/19-MD-2016-05-color-cat-copia-2c.pdf\" target=\"_blank\" rel=\"noopener\">Les obres de miseric\u00f2rdia corporals i espirituals: Oferir m\u00e9s que pa<\/a>\u2026<\/li>\n<li><a href=\"\/wp-content\/uploads\/les-obres-de-misericordia-corporals-i-espirituals-dona-queda-lliure.pdf\">Les obres de miseric\u00f2rdia corporals i espirituals: Dona queda lliure<\/a>\u2026<\/li>\n<li><a href=\"\/wp-content\/uploads\/les-obres-de-misericordia-corporals-i-espirituals-voluntariat-en-una-preso.pdf\">Les obres de miseric\u00f2rdia corporals i espirituals: Voluntariat en una preso<\/a><\/li>\n<li><a href=\"\/wp-content\/uploads\/les-obres-de-misericordia-corporals-i-espirituals-aconsellar-no-dirigir.pdf\">Les obres de miseric\u00f2rdia corporals i espirituals. Aconsellar, no dirigir\u2026<\/a><\/li>\n<li>Les obres de miseric\u00f2rdia corporals i espirituals. Compartir qualitats\u2026<\/li>\n<li><a href=\"\/wp-content\/uploads\/les-obres-de-misericordia-corporals-i-espirituals-de-que-tenim-set.pdf\">Les obres de miseric\u00f2rdia corporals i espirituals: \u00bfDe qu\u00e8 tenim set?<\/a><\/li>\n<li><a href=\"\/wp-content\/uploads\/les-obres-de-misericordia-corporals-i-espirituals-dignificar-tota-persona.pdf\">Les obres de miseric\u00f2rdia corporals i espirituals. Dignificar tota persona<\/a><\/li>\n<li><a href=\"\/wp-content\/uploads\/corregir-el-qui-va-errat.pdf\">Les obres de miseric\u00f2rdia corporals i espirituals. Corregir al qui va errat<\/a><\/li>\n<li><a href=\"\/wp-content\/uploads\/les-obres-de-misericordia-corporals-i-espirituals-visitar-i-atendre-els-malalts.pdf\">Les obres de miseric\u00f2rdia corporals i espirituals. Visitar i atendre als malalts<\/a><\/li>\n<li><a href=\"\/wp-content\/uploads\/Suportar-amb-paciencia-els-defectes-del-proisme.pdf\" target=\"_blank\" rel=\"noopener\">Les obres de miseric\u00f2rdia corporals i espirituals. Suportar amb paciencia els defectes del pro\u00efsme<\/a><\/li>\n<li><a href=\"\/wp-content\/uploads\/2-MD-2016-15-B.pdf\" target=\"_blank\" rel=\"noopener\">Les obres de miseric\u00f2rdia corporals i espirituals. Enterrar els difunts<\/a><\/li>\n<li><a href=\"\/wp-content\/uploads\/2-MD-2016-16-C.pdf\" target=\"_blank\" rel=\"noopener\">Les obres de miseric\u00f2rdia corporals i espirituals. Conclusi\u00f3<\/a><\/li>\n<\/ul>\n<h2>Materials pr\u00e0ctics<\/h2>\n<ul>\n<li><a href=\"\/wp-content\/uploads\/4-MD-2016-01-color-cat-copia-2a.pdf\" target=\"_blank\" rel=\"noopener\">Els cants de l\u2019Any Sant de la Miseric\u00f2rdia<\/a><\/li>\n<li><a href=\"\/wp-content\/uploads\/2-MD-2015-15-COLOR-CAT.pdf\" target=\"_blank\" rel=\"noopener\">Preg\u00e0ria de l\u2019Any Sant de la Miseric\u00f2rdia<\/a><\/li>\n<li><a href=\"\/wp-content\/uploads\/1-MD-2015-14-color-cat.pdf\">Materials per a l\u2019Any de la Miseric\u00f2rdia<\/a><\/li>\n<li><a href=\"\/wp-content\/uploads\/Full-jubileu.pdf\">Presentaci\u00f3 Any Jubilar de la Miseric\u00f2rdia<\/a><\/li>\n<li><a href=\"\/wp-content\/uploads\/Full-celebracio-penitencial-per-a-fotocopia.pdf\">Celebraci\u00f3 penitencial en l\u2019Any de la Miseric\u00f2rdia<\/a><\/li>\n<li><a href=\"\/wp-content\/uploads\/Full-viacrucis-DIN4.pdf\">Viacrucis de la Miseric\u00f2rdia<\/a><\/li>\n<li><a href=\"\/wp-content\/uploads\/Full-viacrucis-JMJ-2016.pdf\" target=\"_blank\" rel=\"noopener\">Viacrucis. Vivim per servir. JMJ (Crac\u00f2via 2016)<\/a><\/li>\n<li><a href=\"\/wp-content\/uploads\/Full-hora-santa-DIN4-cat.pdf\">Una hora santa en l\u2019Any Sant de la Miseric\u00f2rdia<\/a><\/li>\n<li><a href=\"\/wp-content\/uploads\/MD-2015-14-Full-verd-misericordia-www-b.pdf\">Misericordiosos com el Pare<\/a><\/li>\n<li><a href=\"\/wp-content\/uploads\/Misericordiosos-com-el-pare-amb-pregaria-petit.pdf\">Target\u00f3 Misericordiosos com el Pare<\/a><\/li>\n<li><a href=\"\/wp-content\/uploads\/Misericordiosos-como-el-pare-petit.jpg\">Cartell Misericordiosos com el Pare<\/a><\/li>\n<li><a href=\"\/wp-content\/uploads\/celebracio-del-do-del-jubileu.pdf\">Celebraci\u00f3 del Do del Jubileu<\/a><\/li>\n<li><a href=\"\/wp-content\/uploads\/segona-forma-acte-penitencia-de-la-missa.pdf\">La proposta de Missa Dominical per a l\u2019Any Sant de la Miseric\u00f2rdia: la segona forma de l\u2019acte Penitencia de la missa<\/a><\/li>\n<li><a href=\"\/wp-content\/uploads\/any-sant-de-la-misericordia-questionari-per-treballar-en-grup.pdf\">Any Sant de la Miseric\u00f2rdia. Q\u00fcestionari per treballar en grup<\/a><\/li>\n<li><a href=\"\/wp-content\/uploads\/missa-votiva-de-la-misericordia-de-deu.pdf\">La missa votiva de la \u00abMiseric\u00f2rdia de D\u00e9u\u00bb<\/a><\/li>\n<li><a href=\"\/wp-content\/uploads\/les-obres-de-misericordia-I.pdf\">Les obres de Miseric\u00f2rdia corporals<\/a><\/li>\n<li><a href=\"\/wp-content\/uploads\/les-obres-de-misericordia-II.pdf\">Les obres de Miseric\u00f2rdia espirituals<\/a><\/li>\n<\/ul>\n<\/div>\n<\/div><\/div><\/div><\/div><\/div><\/div>","protected":false},"excerpt":{"rendered":"<p>Art\u00edcles de reflexi\u00f3 Celebrar la miseric\u00f2rdia Temperar la llei amb la miseric\u00f2rdia La miseric\u00f2rdia dels febles i pecadors Una Quaresma en l\u2019horitz\u00f3 de la miseric\u00f2rdia Jubileu extraordinari de la Miseric\u00f2rdia. Una oportunitat per al nostre santuari Quaresma, perd\u00f3 i miseric\u00f2rdia Any Sant de la Miseric\u00f2rdia La indulg\u00e8ncia jubilar Miseric\u00f2rdia: de la teoria a la pr\u00e0ctica. [&hellip;]<\/p>\n","protected":false},"author":1,"featured_media":0,"parent":11103,"menu_order":1,"comment_status":"closed","ping_status":"closed","template":"","meta":{"_acf_changed":false,"inline_featured_image":false,"footnotes":""},"class_list":["post-12029","page","type-page","status-publish","hentry"],"acf":[],"yoast_head":"<!-- This site is optimized with the Yoast SEO plugin v27.3 - https:\/\/yoast.com\/product\/yoast-seo-wordpress\/ -->\n<title>Materials - CPL<\/title>\n<meta name=\"robots\" content=\"index, follow, max-snippet:-1, max-image-preview:large, max-video-preview:-1\" \/>\n<link rel=\"canonical\" href=\"https:\/\/www.cpl.es\/ca\/blog\/any-sant-de-la-misericordia\/materials\/\" \/>\n<meta property=\"og:locale\" content=\"ca_ES\" \/>\n<meta property=\"og:type\" content=\"article\" \/>\n<meta property=\"og:title\" content=\"Materials - CPL\" \/>\n<meta property=\"og:description\" content=\"Art\u00edcles de reflexi\u00f3 Celebrar la miseric\u00f2rdia Temperar la llei amb la miseric\u00f2rdia La miseric\u00f2rdia dels febles i pecadors Una Quaresma en l\u2019horitz\u00f3 de la miseric\u00f2rdia Jubileu extraordinari de la Miseric\u00f2rdia. Una oportunitat per al nostre santuari Quaresma, perd\u00f3 i miseric\u00f2rdia Any Sant de la Miseric\u00f2rdia La indulg\u00e8ncia jubilar Miseric\u00f2rdia: de la teoria a la pr\u00e0ctica. [&hellip;]\" \/>\n<meta property=\"og:url\" content=\"https:\/\/www.cpl.es\/ca\/blog\/any-sant-de-la-misericordia\/materials\/\" \/>\n<meta property=\"og:site_name\" content=\"CPL\" \/>\n<meta property=\"article:modified_time\" content=\"2023-12-15T08:35:09+00:00\" \/>\n<meta name=\"twitter:card\" content=\"summary_large_image\" \/>\n<meta name=\"twitter:label1\" content=\"Temps estimat de lectura\" \/>\n\t<meta name=\"twitter:data1\" content=\"3 minuts\" \/>\n<script type=\"application\/ld+json\" class=\"yoast-schema-graph\">{\"@context\":\"https:\\\/\\\/schema.org\",\"@graph\":[{\"@type\":\"WebPage\",\"@id\":\"https:\\\/\\\/www.cpl.es\\\/ca\\\/blog\\\/any-sant-de-la-misericordia\\\/materials\\\/\",\"url\":\"https:\\\/\\\/www.cpl.es\\\/ca\\\/blog\\\/any-sant-de-la-misericordia\\\/materials\\\/\",\"name\":\"Materials - CPL\",\"isPartOf\":{\"@id\":\"https:\\\/\\\/www.cpl.es\\\/#website\"},\"datePublished\":\"2023-11-29T06:51:22+00:00\",\"dateModified\":\"2023-12-15T08:35:09+00:00\",\"breadcrumb\":{\"@id\":\"https:\\\/\\\/www.cpl.es\\\/ca\\\/blog\\\/any-sant-de-la-misericordia\\\/materials\\\/#breadcrumb\"},\"inLanguage\":\"ca\",\"potentialAction\":[{\"@type\":\"ReadAction\",\"target\":[\"https:\\\/\\\/www.cpl.es\\\/ca\\\/blog\\\/any-sant-de-la-misericordia\\\/materials\\\/\"]}]},{\"@type\":\"BreadcrumbList\",\"@id\":\"https:\\\/\\\/www.cpl.es\\\/ca\\\/blog\\\/any-sant-de-la-misericordia\\\/materials\\\/#breadcrumb\",\"itemListElement\":[{\"@type\":\"ListItem\",\"position\":1,\"name\":\"Portada\",\"item\":\"https:\\\/\\\/www.cpl.es\\\/ca\\\/\"},{\"@type\":\"ListItem\",\"position\":2,\"name\":\"Blog\",\"item\":\"https:\\\/\\\/www.cpl.es\\\/ca\\\/blog\\\/\"},{\"@type\":\"ListItem\",\"position\":3,\"name\":\"Any sant de la miseric\u00f2rdia\",\"item\":\"https:\\\/\\\/www.cpl.es\\\/ca\\\/blog\\\/any-sant-de-la-misericordia\\\/\"},{\"@type\":\"ListItem\",\"position\":4,\"name\":\"Materials\"}]},{\"@type\":\"WebSite\",\"@id\":\"https:\\\/\\\/www.cpl.es\\\/#website\",\"url\":\"https:\\\/\\\/www.cpl.es\\\/\",\"name\":\"CPL\",\"description\":\"Centre de Pastoral Lit\u00fargica de Barcelona\",\"publisher\":{\"@id\":\"https:\\\/\\\/www.cpl.es\\\/#organization\"},\"alternateName\":\"Centre de Pastoral Lit\u00fargica\",\"potentialAction\":[{\"@type\":\"SearchAction\",\"target\":{\"@type\":\"EntryPoint\",\"urlTemplate\":\"https:\\\/\\\/www.cpl.es\\\/?s={search_term_string}\"},\"query-input\":{\"@type\":\"PropertyValueSpecification\",\"valueRequired\":true,\"valueName\":\"search_term_string\"}}],\"inLanguage\":\"ca\"},{\"@type\":\"Organization\",\"@id\":\"https:\\\/\\\/www.cpl.es\\\/#organization\",\"name\":\"Centre de Pastoral Lit\u00fargica\",\"alternateName\":\"Centre de Pastoral Lit\u00fargica de Barcelona\",\"url\":\"https:\\\/\\\/www.cpl.es\\\/\",\"logo\":{\"@type\":\"ImageObject\",\"inLanguage\":\"ca\",\"@id\":\"https:\\\/\\\/www.cpl.es\\\/#\\\/schema\\\/logo\\\/image\\\/\",\"url\":\"https:\\\/\\\/www.cpl.es\\\/wp-content\\\/uploads\\\/logo-cpl.svg\",\"contentUrl\":\"https:\\\/\\\/www.cpl.es\\\/wp-content\\\/uploads\\\/logo-cpl.svg\",\"caption\":\"Centre de Pastoral Lit\u00fargica\"},\"image\":{\"@id\":\"https:\\\/\\\/www.cpl.es\\\/#\\\/schema\\\/logo\\\/image\\\/\"}}]}<\/script>\n<!-- \/ Yoast SEO plugin. -->","yoast_head_json":{"title":"Materials - CPL","robots":{"index":"index","follow":"follow","max-snippet":"max-snippet:-1","max-image-preview":"max-image-preview:large","max-video-preview":"max-video-preview:-1"},"canonical":"https:\/\/www.cpl.es\/ca\/blog\/any-sant-de-la-misericordia\/materials\/","og_locale":"ca_ES","og_type":"article","og_title":"Materials - CPL","og_description":"Art\u00edcles de reflexi\u00f3 Celebrar la miseric\u00f2rdia Temperar la llei amb la miseric\u00f2rdia La miseric\u00f2rdia dels febles i pecadors Una Quaresma en l\u2019horitz\u00f3 de la miseric\u00f2rdia Jubileu extraordinari de la Miseric\u00f2rdia. Una oportunitat per al nostre santuari Quaresma, perd\u00f3 i miseric\u00f2rdia Any Sant de la Miseric\u00f2rdia La indulg\u00e8ncia jubilar Miseric\u00f2rdia: de la teoria a la pr\u00e0ctica. [&hellip;]","og_url":"https:\/\/www.cpl.es\/ca\/blog\/any-sant-de-la-misericordia\/materials\/","og_site_name":"CPL","article_modified_time":"2023-12-15T08:35:09+00:00","twitter_card":"summary_large_image","twitter_misc":{"Temps estimat de lectura":"3 minuts"},"schema":{"@context":"https:\/\/schema.org","@graph":[{"@type":"WebPage","@id":"https:\/\/www.cpl.es\/ca\/blog\/any-sant-de-la-misericordia\/materials\/","url":"https:\/\/www.cpl.es\/ca\/blog\/any-sant-de-la-misericordia\/materials\/","name":"Materials - CPL","isPartOf":{"@id":"https:\/\/www.cpl.es\/#website"},"datePublished":"2023-11-29T06:51:22+00:00","dateModified":"2023-12-15T08:35:09+00:00","breadcrumb":{"@id":"https:\/\/www.cpl.es\/ca\/blog\/any-sant-de-la-misericordia\/materials\/#breadcrumb"},"inLanguage":"ca","potentialAction":[{"@type":"ReadAction","target":["https:\/\/www.cpl.es\/ca\/blog\/any-sant-de-la-misericordia\/materials\/"]}]},{"@type":"BreadcrumbList","@id":"https:\/\/www.cpl.es\/ca\/blog\/any-sant-de-la-misericordia\/materials\/#breadcrumb","itemListElement":[{"@type":"ListItem","position":1,"name":"Portada","item":"https:\/\/www.cpl.es\/ca\/"},{"@type":"ListItem","position":2,"name":"Blog","item":"https:\/\/www.cpl.es\/ca\/blog\/"},{"@type":"ListItem","position":3,"name":"Any sant de la miseric\u00f2rdia","item":"https:\/\/www.cpl.es\/ca\/blog\/any-sant-de-la-misericordia\/"},{"@type":"ListItem","position":4,"name":"Materials"}]},{"@type":"WebSite","@id":"https:\/\/www.cpl.es\/#website","url":"https:\/\/www.cpl.es\/","name":"CPL","description":"Centre de Pastoral Lit\u00fargica de Barcelona","publisher":{"@id":"https:\/\/www.cpl.es\/#organization"},"alternateName":"Centre de Pastoral Lit\u00fargica","potentialAction":[{"@type":"SearchAction","target":{"@type":"EntryPoint","urlTemplate":"https:\/\/www.cpl.es\/?s={search_term_string}"},"query-input":{"@type":"PropertyValueSpecification","valueRequired":true,"valueName":"search_term_string"}}],"inLanguage":"ca"},{"@type":"Organization","@id":"https:\/\/www.cpl.es\/#organization","name":"Centre de Pastoral Lit\u00fargica","alternateName":"Centre de Pastoral Lit\u00fargica de Barcelona","url":"https:\/\/www.cpl.es\/","logo":{"@type":"ImageObject","inLanguage":"ca","@id":"https:\/\/www.cpl.es\/#\/schema\/logo\/image\/","url":"https:\/\/www.cpl.es\/wp-content\/uploads\/logo-cpl.svg","contentUrl":"https:\/\/www.cpl.es\/wp-content\/uploads\/logo-cpl.svg","caption":"Centre de Pastoral Lit\u00fargica"},"image":{"@id":"https:\/\/www.cpl.es\/#\/schema\/logo\/image\/"}}]}},"_links":{"self":[{"href":"https:\/\/www.cpl.es\/ca\/wp-json\/wp\/v2\/pages\/12029","targetHints":{"allow":["GET"]}}],"collection":[{"href":"https:\/\/www.cpl.es\/ca\/wp-json\/wp\/v2\/pages"}],"about":[{"href":"https:\/\/www.cpl.es\/ca\/wp-json\/wp\/v2\/types\/page"}],"author":[{"embeddable":true,"href":"https:\/\/www.cpl.es\/ca\/wp-json\/wp\/v2\/users\/1"}],"replies":[{"embeddable":true,"href":"https:\/\/www.cpl.es\/ca\/wp-json\/wp\/v2\/comments?post=12029"}],"version-history":[{"count":6,"href":"https:\/\/www.cpl.es\/ca\/wp-json\/wp\/v2\/pages\/12029\/revisions"}],"predecessor-version":[{"id":12214,"href":"https:\/\/www.cpl.es\/ca\/wp-json\/wp\/v2\/pages\/12029\/revisions\/12214"}],"up":[{"embeddable":true,"href":"https:\/\/www.cpl.es\/ca\/wp-json\/wp\/v2\/pages\/11103"}],"wp:attachment":[{"href":"https:\/\/www.cpl.es\/ca\/wp-json\/wp\/v2\/media?parent=12029"}],"curies":[{"name":"wp","href":"https:\/\/api.w.org\/{rel}","templated":true}]}}