{"id":11705,"date":"2023-11-29T20:02:27","date_gmt":"2023-11-29T19:02:27","guid":{"rendered":"https:\/\/nuevaweb.cpl.es\/?page_id=11705"},"modified":"2023-12-14T17:35:14","modified_gmt":"2023-12-14T16:35:14","slug":"les-completes","status":"publish","type":"page","link":"https:\/\/www.cpl.es\/ca\/blog\/vida-liturgica\/la-liturgia-de-les-hores\/les-completes\/","title":{"rendered":"Les Completes"},"content":{"rendered":"<div id=\"pl-11705\"  class=\"panel-layout\" ><div id=\"pg-11705-0\"  class=\"panel-grid panel-no-style\" ><div id=\"pgc-11705-0-0\"  class=\"panel-grid-cell\" ><div id=\"panel-11705-0-0-0\" class=\"so-panel widget widget_sow-editor panel-first-child panel-last-child\" data-index=\"0\" ><div\n\t\t\t\n\t\t\tclass=\"so-widget-sow-editor so-widget-sow-editor-base\"\n\t\t\t\n\t\t>\n<div class=\"siteorigin-widget-tinymce textwidget\">\n\t<p><img decoding=\"async\" class=\"alignnone size-full wp-image-9676\" src=\"https:\/\/www.cpl.es\/wp-content\/uploads\/56-completes-300x187-1.jpg\" alt=\"\" width=\"300\" height=\"187\" \/ fetchpriority=\"high\"><\/p>\n<p>Les Completes es resen com a<strong>\u00a0\u00faltima oraci\u00f3 del dia<\/strong>, abans del descans nocturn, encara que sigui despr\u00e9s de la mitjanit.<\/p>\n<p>Les Completes comencen com les altres Hores, amb el vers \u201cSigueu amb nosaltres\u201d, amb el \u201cGl\u00f2ria al Pare. Com era\u201d, i, fora del temps de Quaresma, amb l\u2019al\u00b7leluia.<\/p>\n<p>Despr\u00e9s es pot fer, lloablement,\u00a0<strong>examen de consci\u00e8ncia<\/strong>\u00a0que, en la celebraci\u00f3 comunit\u00e0ria, es fa en silenci o s\u2019inclou en alguna de les f\u00f3rmules d\u2019acte penitencial que figuren al Missal Rom\u00e0. A continuaci\u00f3 es canta un himne adient.<\/p>\n<p>Despr\u00e9s de les primeres Vespres del diumenge, la salm\u00f2dia consta dels salms 4 i 133; despr\u00e9s de les segones, del salm 90. Per als altres dies s\u2019han escollit salms que sobretot despertin la confian\u00e7a en D\u00e9u; aix\u00f2 no obstant, poden ser substitu\u00efts pels salms del diumenge, per a comoditat dels qui prefereixen recitar les Completes de mem\u00f2ria.<\/p>\n<p>Despr\u00e9s de la salm\u00f2dia es fa la lectura breu, seguida del responsori \u201cA les vostres mans\u201d; a continuaci\u00f3 es diu, amb la seva ant\u00edfona, el c\u00e0ntic de Sime\u00f3 \u201cAra, Senyor deixeu\u201d, que \u00e9s com el cim de tota l\u2019Hora.<\/p>\n<p>L\u2019oraci\u00f3 conclusiva \u00e9s la corresponent al dia de la setmana.<\/p>\n<p>S\u2019acaba amb la benedicci\u00f3 \u201cQue el Senyor totpoder\u00f3s ens concedeixi una nit tranquil\u00b7la i una fi benaurada\u201d, ni que sigui un de sol qui recita les Completes.<\/p>\n<p>Despr\u00e9s es diu una de les ant\u00edfones de la Mare de D\u00e9u. En temps pasqual sempre \u00e9s l\u2019ant\u00edfona \u201cRegina coeli\u201d. A m\u00e9s de les ant\u00edfones del llibre de la Lit\u00fargia de les Hores, les Confer\u00e8ncies Episcopals en poden aprovar d\u2019altres.<\/p>\n<\/div>\n<\/div><\/div><\/div><\/div><\/div>","protected":false},"excerpt":{"rendered":"<p>Les Completes es resen com a\u00a0\u00faltima oraci\u00f3 del dia, abans del descans nocturn, encara que sigui despr\u00e9s de la mitjanit. Les Completes comencen com les altres Hores, amb el vers \u201cSigueu amb nosaltres\u201d, amb el \u201cGl\u00f2ria al Pare. Com era\u201d, i, fora del temps de Quaresma, amb l\u2019al\u00b7leluia. Despr\u00e9s es pot fer, lloablement,\u00a0examen de consci\u00e8ncia\u00a0que, [&hellip;]<\/p>\n","protected":false},"author":1,"featured_media":0,"parent":11690,"menu_order":6,"comment_status":"closed","ping_status":"closed","template":"","meta":{"_acf_changed":false,"inline_featured_image":false,"footnotes":""},"class_list":["post-11705","page","type-page","status-publish","hentry"],"acf":[],"yoast_head":"<!-- This site is optimized with the Yoast SEO plugin v27.3 - https:\/\/yoast.com\/product\/yoast-seo-wordpress\/ -->\n<title>Les Completes - CPL<\/title>\n<meta name=\"robots\" content=\"index, follow, max-snippet:-1, max-image-preview:large, max-video-preview:-1\" \/>\n<link rel=\"canonical\" href=\"https:\/\/www.cpl.es\/ca\/blog\/vida-liturgica\/la-liturgia-de-les-hores\/les-completes\/\" \/>\n<meta property=\"og:locale\" content=\"ca_ES\" \/>\n<meta property=\"og:type\" content=\"article\" \/>\n<meta property=\"og:title\" content=\"Les Completes - CPL\" \/>\n<meta property=\"og:description\" content=\"Les Completes es resen com a\u00a0\u00faltima oraci\u00f3 del dia, abans del descans nocturn, encara que sigui despr\u00e9s de la mitjanit. Les Completes comencen com les altres Hores, amb el vers \u201cSigueu amb nosaltres\u201d, amb el \u201cGl\u00f2ria al Pare. Com era\u201d, i, fora del temps de Quaresma, amb l\u2019al\u00b7leluia. Despr\u00e9s es pot fer, lloablement,\u00a0examen de consci\u00e8ncia\u00a0que, [&hellip;]\" \/>\n<meta property=\"og:url\" content=\"https:\/\/www.cpl.es\/ca\/blog\/vida-liturgica\/la-liturgia-de-les-hores\/les-completes\/\" \/>\n<meta property=\"og:site_name\" content=\"CPL\" \/>\n<meta property=\"article:modified_time\" content=\"2023-12-14T16:35:14+00:00\" \/>\n<meta property=\"og:image\" content=\"https:\/\/www.cpl.es\/wp-content\/uploads\/56-completes-300x187-1.jpg\" \/>\n\t<meta property=\"og:image:width\" content=\"300\" \/>\n\t<meta property=\"og:image:height\" content=\"187\" \/>\n\t<meta property=\"og:image:type\" content=\"image\/jpeg\" \/>\n<meta name=\"twitter:card\" content=\"summary_large_image\" \/>\n<meta name=\"twitter:label1\" content=\"Temps estimat de lectura\" \/>\n\t<meta name=\"twitter:data1\" content=\"1 minut\" \/>\n<script type=\"application\/ld+json\" class=\"yoast-schema-graph\">{\"@context\":\"https:\\\/\\\/schema.org\",\"@graph\":[{\"@type\":\"WebPage\",\"@id\":\"https:\\\/\\\/www.cpl.es\\\/ca\\\/blog\\\/vida-liturgica\\\/la-liturgia-de-les-hores\\\/les-completes\\\/\",\"url\":\"https:\\\/\\\/www.cpl.es\\\/ca\\\/blog\\\/vida-liturgica\\\/la-liturgia-de-les-hores\\\/les-completes\\\/\",\"name\":\"Les Completes - CPL\",\"isPartOf\":{\"@id\":\"https:\\\/\\\/www.cpl.es\\\/#website\"},\"primaryImageOfPage\":{\"@id\":\"https:\\\/\\\/www.cpl.es\\\/ca\\\/blog\\\/vida-liturgica\\\/la-liturgia-de-les-hores\\\/les-completes\\\/#primaryimage\"},\"image\":{\"@id\":\"https:\\\/\\\/www.cpl.es\\\/ca\\\/blog\\\/vida-liturgica\\\/la-liturgia-de-les-hores\\\/les-completes\\\/#primaryimage\"},\"thumbnailUrl\":\"https:\\\/\\\/www.cpl.es\\\/wp-content\\\/uploads\\\/56-completes-300x187-1.jpg\",\"datePublished\":\"2023-11-29T19:02:27+00:00\",\"dateModified\":\"2023-12-14T16:35:14+00:00\",\"breadcrumb\":{\"@id\":\"https:\\\/\\\/www.cpl.es\\\/ca\\\/blog\\\/vida-liturgica\\\/la-liturgia-de-les-hores\\\/les-completes\\\/#breadcrumb\"},\"inLanguage\":\"ca\",\"potentialAction\":[{\"@type\":\"ReadAction\",\"target\":[\"https:\\\/\\\/www.cpl.es\\\/ca\\\/blog\\\/vida-liturgica\\\/la-liturgia-de-les-hores\\\/les-completes\\\/\"]}]},{\"@type\":\"ImageObject\",\"inLanguage\":\"ca\",\"@id\":\"https:\\\/\\\/www.cpl.es\\\/ca\\\/blog\\\/vida-liturgica\\\/la-liturgia-de-les-hores\\\/les-completes\\\/#primaryimage\",\"url\":\"https:\\\/\\\/www.cpl.es\\\/wp-content\\\/uploads\\\/56-completes-300x187-1.jpg\",\"contentUrl\":\"https:\\\/\\\/www.cpl.es\\\/wp-content\\\/uploads\\\/56-completes-300x187-1.jpg\"},{\"@type\":\"BreadcrumbList\",\"@id\":\"https:\\\/\\\/www.cpl.es\\\/ca\\\/blog\\\/vida-liturgica\\\/la-liturgia-de-les-hores\\\/les-completes\\\/#breadcrumb\",\"itemListElement\":[{\"@type\":\"ListItem\",\"position\":1,\"name\":\"Portada\",\"item\":\"https:\\\/\\\/www.cpl.es\\\/ca\\\/\"},{\"@type\":\"ListItem\",\"position\":2,\"name\":\"Blog\",\"item\":\"https:\\\/\\\/www.cpl.es\\\/ca\\\/blog\\\/\"},{\"@type\":\"ListItem\",\"position\":3,\"name\":\"Vida lit\u00fargica\",\"item\":\"https:\\\/\\\/www.cpl.es\\\/ca\\\/blog\\\/vida-liturgica\\\/\"},{\"@type\":\"ListItem\",\"position\":4,\"name\":\"La Lit\u00fargia de les Hores\",\"item\":\"https:\\\/\\\/www.cpl.es\\\/ca\\\/blog\\\/vida-liturgica\\\/la-liturgia-de-les-hores\\\/\"},{\"@type\":\"ListItem\",\"position\":5,\"name\":\"Les Completes\"}]},{\"@type\":\"WebSite\",\"@id\":\"https:\\\/\\\/www.cpl.es\\\/#website\",\"url\":\"https:\\\/\\\/www.cpl.es\\\/\",\"name\":\"CPL\",\"description\":\"Centre de Pastoral Lit\u00fargica de Barcelona\",\"publisher\":{\"@id\":\"https:\\\/\\\/www.cpl.es\\\/#organization\"},\"alternateName\":\"Centre de Pastoral Lit\u00fargica\",\"potentialAction\":[{\"@type\":\"SearchAction\",\"target\":{\"@type\":\"EntryPoint\",\"urlTemplate\":\"https:\\\/\\\/www.cpl.es\\\/?s={search_term_string}\"},\"query-input\":{\"@type\":\"PropertyValueSpecification\",\"valueRequired\":true,\"valueName\":\"search_term_string\"}}],\"inLanguage\":\"ca\"},{\"@type\":\"Organization\",\"@id\":\"https:\\\/\\\/www.cpl.es\\\/#organization\",\"name\":\"Centre de Pastoral Lit\u00fargica\",\"alternateName\":\"Centre de Pastoral Lit\u00fargica de Barcelona\",\"url\":\"https:\\\/\\\/www.cpl.es\\\/\",\"logo\":{\"@type\":\"ImageObject\",\"inLanguage\":\"ca\",\"@id\":\"https:\\\/\\\/www.cpl.es\\\/#\\\/schema\\\/logo\\\/image\\\/\",\"url\":\"https:\\\/\\\/www.cpl.es\\\/wp-content\\\/uploads\\\/logo-cpl.svg\",\"contentUrl\":\"https:\\\/\\\/www.cpl.es\\\/wp-content\\\/uploads\\\/logo-cpl.svg\",\"caption\":\"Centre de Pastoral Lit\u00fargica\"},\"image\":{\"@id\":\"https:\\\/\\\/www.cpl.es\\\/#\\\/schema\\\/logo\\\/image\\\/\"}}]}<\/script>\n<!-- \/ Yoast SEO plugin. -->","yoast_head_json":{"title":"Les Completes - CPL","robots":{"index":"index","follow":"follow","max-snippet":"max-snippet:-1","max-image-preview":"max-image-preview:large","max-video-preview":"max-video-preview:-1"},"canonical":"https:\/\/www.cpl.es\/ca\/blog\/vida-liturgica\/la-liturgia-de-les-hores\/les-completes\/","og_locale":"ca_ES","og_type":"article","og_title":"Les Completes - CPL","og_description":"Les Completes es resen com a\u00a0\u00faltima oraci\u00f3 del dia, abans del descans nocturn, encara que sigui despr\u00e9s de la mitjanit. Les Completes comencen com les altres Hores, amb el vers \u201cSigueu amb nosaltres\u201d, amb el \u201cGl\u00f2ria al Pare. Com era\u201d, i, fora del temps de Quaresma, amb l\u2019al\u00b7leluia. Despr\u00e9s es pot fer, lloablement,\u00a0examen de consci\u00e8ncia\u00a0que, [&hellip;]","og_url":"https:\/\/www.cpl.es\/ca\/blog\/vida-liturgica\/la-liturgia-de-les-hores\/les-completes\/","og_site_name":"CPL","article_modified_time":"2023-12-14T16:35:14+00:00","og_image":[{"width":300,"height":187,"url":"https:\/\/www.cpl.es\/wp-content\/uploads\/56-completes-300x187-1.jpg","type":"image\/jpeg"}],"twitter_card":"summary_large_image","twitter_misc":{"Temps estimat de lectura":"1 minut"},"schema":{"@context":"https:\/\/schema.org","@graph":[{"@type":"WebPage","@id":"https:\/\/www.cpl.es\/ca\/blog\/vida-liturgica\/la-liturgia-de-les-hores\/les-completes\/","url":"https:\/\/www.cpl.es\/ca\/blog\/vida-liturgica\/la-liturgia-de-les-hores\/les-completes\/","name":"Les Completes - CPL","isPartOf":{"@id":"https:\/\/www.cpl.es\/#website"},"primaryImageOfPage":{"@id":"https:\/\/www.cpl.es\/ca\/blog\/vida-liturgica\/la-liturgia-de-les-hores\/les-completes\/#primaryimage"},"image":{"@id":"https:\/\/www.cpl.es\/ca\/blog\/vida-liturgica\/la-liturgia-de-les-hores\/les-completes\/#primaryimage"},"thumbnailUrl":"https:\/\/www.cpl.es\/wp-content\/uploads\/56-completes-300x187-1.jpg","datePublished":"2023-11-29T19:02:27+00:00","dateModified":"2023-12-14T16:35:14+00:00","breadcrumb":{"@id":"https:\/\/www.cpl.es\/ca\/blog\/vida-liturgica\/la-liturgia-de-les-hores\/les-completes\/#breadcrumb"},"inLanguage":"ca","potentialAction":[{"@type":"ReadAction","target":["https:\/\/www.cpl.es\/ca\/blog\/vida-liturgica\/la-liturgia-de-les-hores\/les-completes\/"]}]},{"@type":"ImageObject","inLanguage":"ca","@id":"https:\/\/www.cpl.es\/ca\/blog\/vida-liturgica\/la-liturgia-de-les-hores\/les-completes\/#primaryimage","url":"https:\/\/www.cpl.es\/wp-content\/uploads\/56-completes-300x187-1.jpg","contentUrl":"https:\/\/www.cpl.es\/wp-content\/uploads\/56-completes-300x187-1.jpg"},{"@type":"BreadcrumbList","@id":"https:\/\/www.cpl.es\/ca\/blog\/vida-liturgica\/la-liturgia-de-les-hores\/les-completes\/#breadcrumb","itemListElement":[{"@type":"ListItem","position":1,"name":"Portada","item":"https:\/\/www.cpl.es\/ca\/"},{"@type":"ListItem","position":2,"name":"Blog","item":"https:\/\/www.cpl.es\/ca\/blog\/"},{"@type":"ListItem","position":3,"name":"Vida lit\u00fargica","item":"https:\/\/www.cpl.es\/ca\/blog\/vida-liturgica\/"},{"@type":"ListItem","position":4,"name":"La Lit\u00fargia de les Hores","item":"https:\/\/www.cpl.es\/ca\/blog\/vida-liturgica\/la-liturgia-de-les-hores\/"},{"@type":"ListItem","position":5,"name":"Les Completes"}]},{"@type":"WebSite","@id":"https:\/\/www.cpl.es\/#website","url":"https:\/\/www.cpl.es\/","name":"CPL","description":"Centre de Pastoral Lit\u00fargica de Barcelona","publisher":{"@id":"https:\/\/www.cpl.es\/#organization"},"alternateName":"Centre de Pastoral Lit\u00fargica","potentialAction":[{"@type":"SearchAction","target":{"@type":"EntryPoint","urlTemplate":"https:\/\/www.cpl.es\/?s={search_term_string}"},"query-input":{"@type":"PropertyValueSpecification","valueRequired":true,"valueName":"search_term_string"}}],"inLanguage":"ca"},{"@type":"Organization","@id":"https:\/\/www.cpl.es\/#organization","name":"Centre de Pastoral Lit\u00fargica","alternateName":"Centre de Pastoral Lit\u00fargica de Barcelona","url":"https:\/\/www.cpl.es\/","logo":{"@type":"ImageObject","inLanguage":"ca","@id":"https:\/\/www.cpl.es\/#\/schema\/logo\/image\/","url":"https:\/\/www.cpl.es\/wp-content\/uploads\/logo-cpl.svg","contentUrl":"https:\/\/www.cpl.es\/wp-content\/uploads\/logo-cpl.svg","caption":"Centre de Pastoral Lit\u00fargica"},"image":{"@id":"https:\/\/www.cpl.es\/#\/schema\/logo\/image\/"}}]}},"_links":{"self":[{"href":"https:\/\/www.cpl.es\/ca\/wp-json\/wp\/v2\/pages\/11705","targetHints":{"allow":["GET"]}}],"collection":[{"href":"https:\/\/www.cpl.es\/ca\/wp-json\/wp\/v2\/pages"}],"about":[{"href":"https:\/\/www.cpl.es\/ca\/wp-json\/wp\/v2\/types\/page"}],"author":[{"embeddable":true,"href":"https:\/\/www.cpl.es\/ca\/wp-json\/wp\/v2\/users\/1"}],"replies":[{"embeddable":true,"href":"https:\/\/www.cpl.es\/ca\/wp-json\/wp\/v2\/comments?post=11705"}],"version-history":[{"count":1,"href":"https:\/\/www.cpl.es\/ca\/wp-json\/wp\/v2\/pages\/11705\/revisions"}],"predecessor-version":[{"id":11706,"href":"https:\/\/www.cpl.es\/ca\/wp-json\/wp\/v2\/pages\/11705\/revisions\/11706"}],"up":[{"embeddable":true,"href":"https:\/\/www.cpl.es\/ca\/wp-json\/wp\/v2\/pages\/11690"}],"wp:attachment":[{"href":"https:\/\/www.cpl.es\/ca\/wp-json\/wp\/v2\/media?parent=11705"}],"curies":[{"name":"wp","href":"https:\/\/api.w.org\/{rel}","templated":true}]}}