{"id":11647,"date":"2023-11-29T19:02:26","date_gmt":"2023-11-29T18:02:26","guid":{"rendered":"https:\/\/nuevaweb.cpl.es\/?page_id=11647"},"modified":"2023-12-14T17:13:29","modified_gmt":"2023-12-14T16:13:29","slug":"sagrament-de-lorde","status":"publish","type":"page","link":"https:\/\/www.cpl.es\/ca\/blog\/vida-liturgica\/sagraments-i-exequies\/sagrament-de-lorde\/","title":{"rendered":"Sagrament de l\u2019Orde"},"content":{"rendered":"<div id=\"pl-11647\"  class=\"panel-layout\" ><div id=\"pg-11647-0\"  class=\"panel-grid panel-no-style\" ><div id=\"pgc-11647-0-0\"  class=\"panel-grid-cell\" ><div id=\"panel-11647-0-0-0\" class=\"so-panel widget widget_sow-editor panel-first-child panel-last-child\" data-index=\"0\" ><div\n\t\t\t\n\t\t\tclass=\"so-widget-sow-editor so-widget-sow-editor-base\"\n\t\t\t\n\t\t>\n<div class=\"siteorigin-widget-tinymce textwidget\">\n\t<p>Fou el mateix Jes\u00fas qui va instituir la nit del Dijous Sant el sagrament de l\u2019Orde: \u201cEl sagrament de l\u2019Orde comunica \u201cun poder sagrat\u201d, que no \u00e9s altre que el de Crist. Per tant, l\u2019exercici d\u2019aquesta autoritat s\u2019ha de mesurar segons el model del Crist que per amor es va fer el darrer i el servidor de tots. El Senyor digu\u00e9 clarament que la cura del seu ramat era una prova d\u2019amor a ell\u201d (<em>Catecisme de l\u2019Esgl\u00e9sia Cat\u00f2lica<\/em>\u00a01551).<\/p>\n<p>\u201cEl ministeri eclesi\u00e0stic establert per D\u00e9u \u00e9s exercit per diversos ordes, que ja des de l\u2019antigor s\u2019anomenen bisbes, preveres i diaques (<em>Lumen Gentium<\/em>\u00a028).<\/p>\n<p>Aquests s\u00f3n els tres graus del sagrament de l\u2019Orde, i tots tres estan disposats per a servir, perqu\u00e8 l\u2019autoritat a l\u2019Esgl\u00e9sia no \u00e9s poder, sin\u00f3 servei. En una democr\u00e0cia, l\u2019autoritat representa el poble, per\u00f2 en l\u2019Esgl\u00e9sia l\u2019autoritat, encara que indignament, representa D\u00e9u mateix, que ens va ensenyar per Crist que no hem vingut a ser servits sin\u00f3 a servir.<\/p>\n<p>Com ens recorda el\u00a0<em>Catecisme de l\u2019Esgl\u00e9sia Cat\u00f2lica<\/em>\u00a0en el n\u00famero 1547, \u201cmentre que el sacerdoci com\u00fa dels fidels es realitza en el desplegament de la gr\u00e0cia baptismal, vida de fe, d\u2019esperan\u00e7a i de caritat, vida segons l\u2019Esperit, el sacerdoci ministerial est\u00e0 al servei del sacerdoci com\u00fa, \u00e9s relatiu al desplegament de la gr\u00e0cia baptismal de tots els cristians. \u00c9s un dels mitjans pels quals el Crist no cessa de construir i conduir la seva Esgl\u00e9sia. Per aix\u00f2 \u00e9s transm\u00e8s per un sagrament propi, el sagrament de l\u2019Orde\u201d.<\/p>\n<p>Els diaques s\u00f3n ordenats per al servei, no per al sacerdoci, i s\u00f3n imatges vives i sacramentals del Crist servidor. Els preveres i els bisbes \u2013aquests tenen la plenitud del sacerdoci\u2013 estan ordenats pel sacerdoci, configurats a Crist sacerdot i actuen en nom seu \u201c<em>in persona Christi<\/em>\u201d en virtut de la imposici\u00f3 de mans i de la preg\u00e0ria d\u2019ordenaci\u00f3.<\/p>\n<p>La gran tasca dels bisbes i preveres, sobretot, \u00e9s la d\u2019acostar la gent a Crist, presidir els sagraments, sobretot l\u2019Eucaristia i la Penit\u00e8ncia i exercint sempre la caritat, tot en nom de Jesucrist.<\/p>\n<h2>Com se celebra el Sagrament de l\u2019Orde<\/h2>\n<ol>\n<li>En l\u2019ordenaci\u00f3 de bisbe, cal que siguin com a m\u00ednim tres els bisbes ordenants, per tal d\u2019assegurar la successi\u00f3 apost\u00f2lica. S\u2019ha de fer, generalment, a l\u2019esgl\u00e9sia catedral, l\u2019esgl\u00e9sia pr\u00f2pia del bisbe. S\u2019inicia amb els ritus introductoris de la missa, seguits de la lit\u00fargia de la Paraula. Despr\u00e9s de la proclamaci\u00f3 de l\u2019Evangeli t\u00e9 lloc la presentaci\u00f3 del candidat i la lectura de la butlla papal per la qual es nomena l\u2019ordenant com a bisbe de la seva di\u00f2cesi, tot ensenyant aquesta butlla \u2013pergam\u00ed\u2013 al Col\u00b7legi de consultors de la di\u00f2cesi i a l\u2019assemblea. Despr\u00e9s de l\u2019homilia, t\u00e9 lloc la lit\u00fargia del sagrament, amb un interrogatori per part de l\u2019ordenant principal i segueix la postraci\u00f3 a terra amb el cant de la lletania dels sants; segueix la imposici\u00f3 de mans per part de tots els bisbes presents i seguidament t\u00e9 lloc la preg\u00e0ria d\u2019ordenaci\u00f3 en la qual el candidat t\u00e9 damunt el seu cap el llibre dels Evangelis sostingut per dos diaques. Finalitzada la preg\u00e0ria d\u2019ordenaci\u00f3, t\u00e9 lloc el lliurament de les ins\u00edgnies episcopals: en primer lloc, l\u2019evangeliari, despr\u00e9s l\u2019anell, despr\u00e9s la mitra i finalment el b\u00e0cul. Seguidament seu a la seva c\u00e0tedra i pren possessi\u00f3, d\u2019aquesta manera, de la seva di\u00f2cesi. La celebraci\u00f3 segueix amb la lit\u00fargia de l\u2019Eucaristia. Abans de finalitzar la celebraci\u00f3, el nou bisbe recorre la nau de la catedral beneint l\u2019assemblea i acompanyat de dos bisbes. Finalment, fa la seva primera al\u00b7locuci\u00f3 i d\u00f3na per primera vegada la benedicci\u00f3 solemne a la seva di\u00f2cesi.<\/li>\n<li>L\u2019ordenaci\u00f3 de prevere t\u00e9 lloc dins una celebraci\u00f3 de l\u2019Eucaristia, per\u00f2 amb el ritu propi del sagrament: aix\u00ed, despr\u00e9s de la proclamaci\u00f3 de l\u2019Evangeli t\u00e9 lloc la presentaci\u00f3 del candidat mentre que el bisbe pregunta sobre la seva idone\u00eftat. Despr\u00e9s de l\u2019homilia t\u00e9 lloc l\u2019interrogatori i la postraci\u00f3 a terra durant la lletania dels sants. A continuaci\u00f3, t\u00e9 lloc la imposici\u00f3 de mans per part del bisbe \u2013nom\u00e9s el bisbe que presideix\u2013 i de tots els preveres presents, seguida de la preg\u00e0ria d\u2019ordenaci\u00f3. Finalitzada aquesta preg\u00e0ria, t\u00e9 lloc la imposici\u00f3 de l\u2019estola en forma presbiteral i la casulla, seguida de la unci\u00f3 amb el sant Crisma a les palmes de les mans, el lliurament de la patena i del calze i el bes de pau per part del bisbe i dels preveres presents. Finalment, la missa segueix com de costum.<\/li>\n<li>L\u2019ordenaci\u00f3 de diaca t\u00e9 lloc dins la celebraci\u00f3 eucar\u00edstica, amb el ritu propi del sagrament: despr\u00e9s de la proclamaci\u00f3 de l\u2019Evangeli, t\u00e9 lloc la presentaci\u00f3 del candidat mentre que el bisbe pregunta sobre la idone\u00eftat del candidat. Despr\u00e9s de l\u2019homilia t\u00e9 lloc l\u2019interrogatori i la postraci\u00f3 a terra durant la lletania dels sants. A continuaci\u00f3, t\u00e9 lloc la imposici\u00f3 de mans per part del bisbe \u2013nom\u00e9s el bisbe que presideix\u2013 i prou, seguida de la preg\u00e0ria d\u2019ordenaci\u00f3. Finalitzada aquesta preg\u00e0ria, t\u00e9 lloc la imposici\u00f3 de l\u2019estola en forma diaconal i la dalm\u00e0tica, el lliurament dels Evangelis i el bes de pau per part del bisbe i dels diaques presents. Finalment, la missa segueix com de costum.<\/li>\n<\/ol>\n<h2>Coses a tenir en compte<\/h2>\n<p>L\u2019ordenaci\u00f3 s\u2019ha de fer dins una celebraci\u00f3 eucar\u00edstica, si pot ser millor en diumenge i a l\u2019esgl\u00e9sia catedral, l\u2019esgl\u00e9sia mare de la di\u00f2cesi, per tal de donar sentit a la comuni\u00f3 eclesial i diocesana que es reuneix en diumenge, el dia del Senyor, i acompanyar l\u2019ordenat com a comunitat cristiana que som.<\/p>\n<p>Si hi ha m\u00e9s bisbes presents en una ordenaci\u00f3 presbiteral o diaconal, nom\u00e9s el bisbe que presideix \u2013normalment el bisbe dioces\u00e0\u2013 imposa les mans, ja que \u00e9s el propi bisbe qui ordena i no els altres, que quedaria conf\u00f3s amb l\u2019ordenaci\u00f3 episcopal.<\/p>\n<p>El que confereix el sagrament \u00e9s la imposici\u00f3 de mans i la preg\u00e0ria d\u2019ordenaci\u00f3.<\/p>\n<\/div>\n<\/div><\/div><\/div><\/div><\/div>","protected":false},"excerpt":{"rendered":"<p>Fou el mateix Jes\u00fas qui va instituir la nit del Dijous Sant el sagrament de l\u2019Orde: \u201cEl sagrament de l\u2019Orde comunica \u201cun poder sagrat\u201d, que no \u00e9s altre que el de Crist. Per tant, l\u2019exercici d\u2019aquesta autoritat s\u2019ha de mesurar segons el model del Crist que per amor es va fer el darrer i el [&hellip;]<\/p>\n","protected":false},"author":1,"featured_media":0,"parent":11627,"menu_order":7,"comment_status":"closed","ping_status":"closed","template":"","meta":{"_acf_changed":false,"inline_featured_image":false,"footnotes":""},"class_list":["post-11647","page","type-page","status-publish","hentry"],"acf":[],"yoast_head":"<!-- This site is optimized with the Yoast SEO plugin v27.3 - https:\/\/yoast.com\/product\/yoast-seo-wordpress\/ -->\n<title>Sagrament de l\u2019Orde - CPL<\/title>\n<meta name=\"robots\" content=\"index, follow, max-snippet:-1, max-image-preview:large, max-video-preview:-1\" \/>\n<link rel=\"canonical\" href=\"https:\/\/www.cpl.es\/ca\/blog\/vida-liturgica\/sagraments-i-exequies\/sagrament-de-lorde\/\" \/>\n<meta property=\"og:locale\" content=\"ca_ES\" \/>\n<meta property=\"og:type\" content=\"article\" \/>\n<meta property=\"og:title\" content=\"Sagrament de l\u2019Orde - CPL\" \/>\n<meta property=\"og:description\" content=\"Fou el mateix Jes\u00fas qui va instituir la nit del Dijous Sant el sagrament de l\u2019Orde: \u201cEl sagrament de l\u2019Orde comunica \u201cun poder sagrat\u201d, que no \u00e9s altre que el de Crist. Per tant, l\u2019exercici d\u2019aquesta autoritat s\u2019ha de mesurar segons el model del Crist que per amor es va fer el darrer i el [&hellip;]\" \/>\n<meta property=\"og:url\" content=\"https:\/\/www.cpl.es\/ca\/blog\/vida-liturgica\/sagraments-i-exequies\/sagrament-de-lorde\/\" \/>\n<meta property=\"og:site_name\" content=\"CPL\" \/>\n<meta property=\"article:modified_time\" content=\"2023-12-14T16:13:29+00:00\" \/>\n<meta name=\"twitter:card\" content=\"summary_large_image\" \/>\n<meta name=\"twitter:label1\" content=\"Temps estimat de lectura\" \/>\n\t<meta name=\"twitter:data1\" content=\"5 minuts\" \/>\n<script type=\"application\/ld+json\" class=\"yoast-schema-graph\">{\"@context\":\"https:\\\/\\\/schema.org\",\"@graph\":[{\"@type\":\"WebPage\",\"@id\":\"https:\\\/\\\/www.cpl.es\\\/ca\\\/blog\\\/vida-liturgica\\\/sagraments-i-exequies\\\/sagrament-de-lorde\\\/\",\"url\":\"https:\\\/\\\/www.cpl.es\\\/ca\\\/blog\\\/vida-liturgica\\\/sagraments-i-exequies\\\/sagrament-de-lorde\\\/\",\"name\":\"Sagrament de l\u2019Orde - CPL\",\"isPartOf\":{\"@id\":\"https:\\\/\\\/www.cpl.es\\\/#website\"},\"datePublished\":\"2023-11-29T18:02:26+00:00\",\"dateModified\":\"2023-12-14T16:13:29+00:00\",\"breadcrumb\":{\"@id\":\"https:\\\/\\\/www.cpl.es\\\/ca\\\/blog\\\/vida-liturgica\\\/sagraments-i-exequies\\\/sagrament-de-lorde\\\/#breadcrumb\"},\"inLanguage\":\"ca\",\"potentialAction\":[{\"@type\":\"ReadAction\",\"target\":[\"https:\\\/\\\/www.cpl.es\\\/ca\\\/blog\\\/vida-liturgica\\\/sagraments-i-exequies\\\/sagrament-de-lorde\\\/\"]}]},{\"@type\":\"BreadcrumbList\",\"@id\":\"https:\\\/\\\/www.cpl.es\\\/ca\\\/blog\\\/vida-liturgica\\\/sagraments-i-exequies\\\/sagrament-de-lorde\\\/#breadcrumb\",\"itemListElement\":[{\"@type\":\"ListItem\",\"position\":1,\"name\":\"Portada\",\"item\":\"https:\\\/\\\/www.cpl.es\\\/ca\\\/\"},{\"@type\":\"ListItem\",\"position\":2,\"name\":\"Blog\",\"item\":\"https:\\\/\\\/www.cpl.es\\\/ca\\\/blog\\\/\"},{\"@type\":\"ListItem\",\"position\":3,\"name\":\"Vida lit\u00fargica\",\"item\":\"https:\\\/\\\/www.cpl.es\\\/ca\\\/blog\\\/vida-liturgica\\\/\"},{\"@type\":\"ListItem\",\"position\":4,\"name\":\"Sagraments i ex\u00e8quies\",\"item\":\"https:\\\/\\\/www.cpl.es\\\/ca\\\/blog\\\/vida-liturgica\\\/sagraments-i-exequies\\\/\"},{\"@type\":\"ListItem\",\"position\":5,\"name\":\"Sagrament de l\u2019Orde\"}]},{\"@type\":\"WebSite\",\"@id\":\"https:\\\/\\\/www.cpl.es\\\/#website\",\"url\":\"https:\\\/\\\/www.cpl.es\\\/\",\"name\":\"CPL\",\"description\":\"Centre de Pastoral Lit\u00fargica de Barcelona\",\"publisher\":{\"@id\":\"https:\\\/\\\/www.cpl.es\\\/#organization\"},\"alternateName\":\"Centre de Pastoral Lit\u00fargica\",\"potentialAction\":[{\"@type\":\"SearchAction\",\"target\":{\"@type\":\"EntryPoint\",\"urlTemplate\":\"https:\\\/\\\/www.cpl.es\\\/?s={search_term_string}\"},\"query-input\":{\"@type\":\"PropertyValueSpecification\",\"valueRequired\":true,\"valueName\":\"search_term_string\"}}],\"inLanguage\":\"ca\"},{\"@type\":\"Organization\",\"@id\":\"https:\\\/\\\/www.cpl.es\\\/#organization\",\"name\":\"Centre de Pastoral Lit\u00fargica\",\"alternateName\":\"Centre de Pastoral Lit\u00fargica de Barcelona\",\"url\":\"https:\\\/\\\/www.cpl.es\\\/\",\"logo\":{\"@type\":\"ImageObject\",\"inLanguage\":\"ca\",\"@id\":\"https:\\\/\\\/www.cpl.es\\\/#\\\/schema\\\/logo\\\/image\\\/\",\"url\":\"https:\\\/\\\/www.cpl.es\\\/wp-content\\\/uploads\\\/logo-cpl.svg\",\"contentUrl\":\"https:\\\/\\\/www.cpl.es\\\/wp-content\\\/uploads\\\/logo-cpl.svg\",\"caption\":\"Centre de Pastoral Lit\u00fargica\"},\"image\":{\"@id\":\"https:\\\/\\\/www.cpl.es\\\/#\\\/schema\\\/logo\\\/image\\\/\"}}]}<\/script>\n<!-- \/ Yoast SEO plugin. -->","yoast_head_json":{"title":"Sagrament de l\u2019Orde - CPL","robots":{"index":"index","follow":"follow","max-snippet":"max-snippet:-1","max-image-preview":"max-image-preview:large","max-video-preview":"max-video-preview:-1"},"canonical":"https:\/\/www.cpl.es\/ca\/blog\/vida-liturgica\/sagraments-i-exequies\/sagrament-de-lorde\/","og_locale":"ca_ES","og_type":"article","og_title":"Sagrament de l\u2019Orde - CPL","og_description":"Fou el mateix Jes\u00fas qui va instituir la nit del Dijous Sant el sagrament de l\u2019Orde: \u201cEl sagrament de l\u2019Orde comunica \u201cun poder sagrat\u201d, que no \u00e9s altre que el de Crist. Per tant, l\u2019exercici d\u2019aquesta autoritat s\u2019ha de mesurar segons el model del Crist que per amor es va fer el darrer i el [&hellip;]","og_url":"https:\/\/www.cpl.es\/ca\/blog\/vida-liturgica\/sagraments-i-exequies\/sagrament-de-lorde\/","og_site_name":"CPL","article_modified_time":"2023-12-14T16:13:29+00:00","twitter_card":"summary_large_image","twitter_misc":{"Temps estimat de lectura":"5 minuts"},"schema":{"@context":"https:\/\/schema.org","@graph":[{"@type":"WebPage","@id":"https:\/\/www.cpl.es\/ca\/blog\/vida-liturgica\/sagraments-i-exequies\/sagrament-de-lorde\/","url":"https:\/\/www.cpl.es\/ca\/blog\/vida-liturgica\/sagraments-i-exequies\/sagrament-de-lorde\/","name":"Sagrament de l\u2019Orde - CPL","isPartOf":{"@id":"https:\/\/www.cpl.es\/#website"},"datePublished":"2023-11-29T18:02:26+00:00","dateModified":"2023-12-14T16:13:29+00:00","breadcrumb":{"@id":"https:\/\/www.cpl.es\/ca\/blog\/vida-liturgica\/sagraments-i-exequies\/sagrament-de-lorde\/#breadcrumb"},"inLanguage":"ca","potentialAction":[{"@type":"ReadAction","target":["https:\/\/www.cpl.es\/ca\/blog\/vida-liturgica\/sagraments-i-exequies\/sagrament-de-lorde\/"]}]},{"@type":"BreadcrumbList","@id":"https:\/\/www.cpl.es\/ca\/blog\/vida-liturgica\/sagraments-i-exequies\/sagrament-de-lorde\/#breadcrumb","itemListElement":[{"@type":"ListItem","position":1,"name":"Portada","item":"https:\/\/www.cpl.es\/ca\/"},{"@type":"ListItem","position":2,"name":"Blog","item":"https:\/\/www.cpl.es\/ca\/blog\/"},{"@type":"ListItem","position":3,"name":"Vida lit\u00fargica","item":"https:\/\/www.cpl.es\/ca\/blog\/vida-liturgica\/"},{"@type":"ListItem","position":4,"name":"Sagraments i ex\u00e8quies","item":"https:\/\/www.cpl.es\/ca\/blog\/vida-liturgica\/sagraments-i-exequies\/"},{"@type":"ListItem","position":5,"name":"Sagrament de l\u2019Orde"}]},{"@type":"WebSite","@id":"https:\/\/www.cpl.es\/#website","url":"https:\/\/www.cpl.es\/","name":"CPL","description":"Centre de Pastoral Lit\u00fargica de Barcelona","publisher":{"@id":"https:\/\/www.cpl.es\/#organization"},"alternateName":"Centre de Pastoral Lit\u00fargica","potentialAction":[{"@type":"SearchAction","target":{"@type":"EntryPoint","urlTemplate":"https:\/\/www.cpl.es\/?s={search_term_string}"},"query-input":{"@type":"PropertyValueSpecification","valueRequired":true,"valueName":"search_term_string"}}],"inLanguage":"ca"},{"@type":"Organization","@id":"https:\/\/www.cpl.es\/#organization","name":"Centre de Pastoral Lit\u00fargica","alternateName":"Centre de Pastoral Lit\u00fargica de Barcelona","url":"https:\/\/www.cpl.es\/","logo":{"@type":"ImageObject","inLanguage":"ca","@id":"https:\/\/www.cpl.es\/#\/schema\/logo\/image\/","url":"https:\/\/www.cpl.es\/wp-content\/uploads\/logo-cpl.svg","contentUrl":"https:\/\/www.cpl.es\/wp-content\/uploads\/logo-cpl.svg","caption":"Centre de Pastoral Lit\u00fargica"},"image":{"@id":"https:\/\/www.cpl.es\/#\/schema\/logo\/image\/"}}]}},"_links":{"self":[{"href":"https:\/\/www.cpl.es\/ca\/wp-json\/wp\/v2\/pages\/11647","targetHints":{"allow":["GET"]}}],"collection":[{"href":"https:\/\/www.cpl.es\/ca\/wp-json\/wp\/v2\/pages"}],"about":[{"href":"https:\/\/www.cpl.es\/ca\/wp-json\/wp\/v2\/types\/page"}],"author":[{"embeddable":true,"href":"https:\/\/www.cpl.es\/ca\/wp-json\/wp\/v2\/users\/1"}],"replies":[{"embeddable":true,"href":"https:\/\/www.cpl.es\/ca\/wp-json\/wp\/v2\/comments?post=11647"}],"version-history":[{"count":1,"href":"https:\/\/www.cpl.es\/ca\/wp-json\/wp\/v2\/pages\/11647\/revisions"}],"predecessor-version":[{"id":11648,"href":"https:\/\/www.cpl.es\/ca\/wp-json\/wp\/v2\/pages\/11647\/revisions\/11648"}],"up":[{"embeddable":true,"href":"https:\/\/www.cpl.es\/ca\/wp-json\/wp\/v2\/pages\/11627"}],"wp:attachment":[{"href":"https:\/\/www.cpl.es\/ca\/wp-json\/wp\/v2\/media?parent=11647"}],"curies":[{"name":"wp","href":"https:\/\/api.w.org\/{rel}","templated":true}]}}