{"id":11357,"date":"2023-11-30T17:20:19","date_gmt":"2023-11-30T16:20:19","guid":{"rendered":"https:\/\/nuevaweb.cpl.es\/?page_id=11357"},"modified":"2025-07-17T11:32:03","modified_gmt":"2025-07-17T09:32:03","slug":"consell-del-cpl","status":"publish","type":"page","link":"https:\/\/www.cpl.es\/ca\/sobre-nosaltres\/consell-del-cpl\/","title":{"rendered":"Consell del CPL"},"content":{"rendered":"<div id=\"pl-11357\"  class=\"panel-layout\" ><div id=\"pg-11357-0\"  class=\"panel-grid panel-no-style\" ><div id=\"pgc-11357-0-0\"  class=\"panel-grid-cell\" ><div id=\"panel-11357-0-0-0\" class=\"so-panel widget widget_sow-editor panel-first-child\" data-index=\"0\" ><div\n\t\t\t\n\t\t\tclass=\"so-widget-sow-editor so-widget-sow-editor-base\"\n\t\t\t\n\t\t>\n<div class=\"siteorigin-widget-tinymce textwidget\">\n\t<p>El Consell \u00e9s l\u2019\u00f2rgan executiu del Centre de Pastoral Lit\u00fargica de Barcelona i est\u00e0 format pel president, la responsable de publicacions i els consellers. El president i la responsable de publicacions s\u00f3n elegits per l\u2019Assemblea cada tres anys, i els consellers, que poden ser de dos a quatre, i actualment s\u00f3n quatre, s\u00f3n elegits cada dos anys. El Consell elegeix entre els seus membres el secretari del Consell, que ho \u00e9s tamb\u00e9 del Centre. A les reunions del Consell hi assisteix habitualment, amb veu per\u00f2 sense vot, el gerent de l\u2019entitat.<\/p>\n<p>Actualment, el Consell del Centre de Pastoral Lit\u00fargica est\u00e0 format pels membres seg\u00fcents:<\/p>\n<\/div>\n<\/div><\/div><ul class=\"loop-miembros\"><li><a href=\"\/ca\/membre\/m-angels-termes\/?sec=revista\"><img decoding=\"async\" src=\"https:\/\/www.cpl.es\/wp-content\/uploads\/miembros_Maria_Angels_Termes.jpg\" \/ fetchpriority=\"high\"><h4>M. \u00c0ngels Termes<\/h4><\/a><\/li><li><a href=\"\/ca\/membre\/josep-maria-romaguera\/?sec=revista\"><img decoding=\"async\" src=\"https:\/\/www.cpl.es\/wp-content\/uploads\/miembros_Josep_Maria_Romaguera.jpg\" \/ loading=\"lazy\" fetchpriority=\"low\"><h4>Josep Maria Romaguera<\/h4><\/a><\/li><li><a href=\"\/ca\/membre\/maria-guarch\/?sec=revista\"><img decoding=\"async\" src=\"https:\/\/www.cpl.es\/wp-content\/uploads\/miembros_Maria_Guarch.jpg\" \/ loading=\"lazy\" fetchpriority=\"low\"><h4>Maria Guarch<\/h4><\/a><\/li><li><a href=\"\/ca\/membre\/carles-cahuana\/?sec=revista\"><img decoding=\"async\" src=\"https:\/\/www.cpl.es\/wp-content\/uploads\/miembros_Carles_Cahuana.jpg\" \/ loading=\"lazy\" fetchpriority=\"low\"><h4>Carles Cahuana<\/h4><\/a><\/li><li><a href=\"\/ca\/membre\/jaume-fontbona\/?sec=revista\"><img decoding=\"async\" src=\"https:\/\/www.cpl.es\/wp-content\/uploads\/Jaume-Fontbona-2024.jpg\" \/ loading=\"lazy\" fetchpriority=\"low\"><h4>Jaume Fontbona<\/h4><\/a><\/li><\/ul><div id=\"panel-11357-0-0-1\" class=\"so-panel widget widget_sow-editor\" data-index=\"1\" ><div\n\t\t\t\n\t\t\tclass=\"so-widget-sow-editor so-widget-sow-editor-base\"\n\t\t\t\n\t\t>\n<div class=\"siteorigin-widget-tinymce textwidget\">\n\t\n<\/div>\n<\/div><\/div><div id=\"panel-11357-0-0-2\" class=\"so-panel widget widget_sow-editor panel-last-child\" data-index=\"2\" ><div\n\t\t\t\n\t\t\tclass=\"so-widget-sow-editor so-widget-sow-editor-base\"\n\t\t\t\n\t\t>\n<div class=\"siteorigin-widget-tinymce textwidget\">\n\t<p>&nbsp;<\/p>\n<hr \/>\n<\/div>\n<\/div><\/div><\/div><\/div><\/div>","protected":false},"excerpt":{"rendered":"<p>El Consell \u00e9s l\u2019\u00f2rgan executiu del Centre de Pastoral Lit\u00fargica de Barcelona i est\u00e0 format pel president, la responsable de publicacions i els consellers. El president i la responsable de publicacions s\u00f3n elegits per l\u2019Assemblea cada tres anys, i els consellers, que poden ser de dos a quatre, i actualment s\u00f3n quatre, s\u00f3n elegits cada [&hellip;]<\/p>\n","protected":false},"author":1,"featured_media":20080,"parent":7043,"menu_order":4,"comment_status":"closed","ping_status":"closed","template":"","meta":{"_acf_changed":false,"inline_featured_image":false,"footnotes":""},"class_list":["post-11357","page","type-page","status-publish","has-post-thumbnail","hentry"],"acf":{"miembros":[{"ID":11391,"post_author":"1","post_date":"2023-11-24 13:33:34","post_date_gmt":"2023-11-24 12:33:34","post_content":"<strong>M. \u00c0ngels Termes Ferr\u00e9.\u00a0<\/strong>Nascuda a Barcelona l\u2019any 1956, laica. Va estudiar magisteri. En l\u2019actualitat jubilada, despr\u00e9s d\u2019una vida laboral dedicada a les arts gr\u00e0fiques. Viu al barri i \u00e9s feligresa de Sant Mart\u00ed de Proven\u00e7als de Barcelona. \u00c9s membre del Centre de Pastoral Lit\u00fargica. Ha estat la directora de la revista del CPL <em>Galilea.153\u00a0<\/em>(2018-2021).\r\n\r\nMembre del Centre de Pastoral Lit\u00fargica, secret\u00e0ria del Consell de l'entitat i membre del consell de redacci\u00f3 de la revista <em>Galilea.153 Lit\u00fargia, pastoral, vida cristiana<\/em>.","post_title":"M. \u00c0ngels Termes","post_excerpt":"","post_status":"publish","comment_status":"closed","ping_status":"closed","post_password":"","post_name":"m-angels-termes","to_ping":"","pinged":"","post_modified":"2024-04-30 17:02:23","post_modified_gmt":"2024-04-30 15:02:23","post_content_filtered":"","post_parent":0,"guid":"https:\/\/nuevaweb.cpl.es\/?post_type=miembro&#038;p=11391","menu_order":0,"post_type":"miembro","post_mime_type":"","comment_count":"0","filter":"raw"},{"ID":11400,"post_author":"1","post_date":"2023-11-24 13:22:11","post_date_gmt":"2023-11-24 12:22:11","post_content":"<strong>Josep Maria Romaguera<\/strong>. Nascut a Capellades (Anoia) i batejat a Santa Maria, la parr\u00f2quia del poble, el 1957. Ordenat prevere el 1987, ha viscut i treballat pastoralment a les parr\u00f2quies i a la JOC (JOBAC, a l\u2019inici) i a l\u2019ACO (Acci\u00f3 Cat\u00f2lica Obrera) de \u00a0Sant Andreu de la Barca, Nou Barris i El Bon Pastor (Barcelona) i Llefi\u00e0 (Badalona). Ha viscut a Roma com a consiliari de la CIJOC (Coordinaci\u00f3 internacional de la JOC) des del 2007 al 2011. De la JOC ha acompanyat l\u2019equip Nacional de Catalunya i les Illes (2001-2005). Ara \u00e9s rector de la parr\u00f2quia Santa Eul\u00e0lia de M\u00e9rida de L\u2019Hospitalet de Llobregat i continua tamb\u00e9 la seva tasca a la JOC. \u00c9s col\u00b7laborador del CPL des de l\u2019etapa de seminarista i va ser elegit membre del mateix el 1987. En el CPL ha estat el seu president (2017-2025); participa sobretot a la revista <em>Misa Dominical<\/em>, ha estat director de la col\u00b7lecci\u00f3 <em>Dossiers CPL;<\/em> i ha publicat, en tres volums,<em> L'Evangeli al mig de la vida<\/em>, amb comentaris dels evangelis dels tres cicles lit\u00fargics.\r\n\r\n<a title=\"Josep Maria Romaguera\" href=\"http:\/\/fentcamiamblevangeli.blog.cat\/\" target=\"_bank\" rel=\"noopener\">http:\/\/fentcamiamblevangeli.blog.cat\/<\/a>","post_title":"Josep Maria Romaguera","post_excerpt":"","post_status":"publish","comment_status":"closed","ping_status":"closed","post_password":"","post_name":"josep-maria-romaguera","to_ping":"","pinged":"","post_modified":"2025-09-10 09:06:54","post_modified_gmt":"2025-09-10 07:06:54","post_content_filtered":"","post_parent":0,"guid":"https:\/\/nuevaweb.cpl.es\/?post_type=miembro&#038;p=11400","menu_order":0,"post_type":"miembro","post_mime_type":"","comment_count":"0","filter":"raw"},{"ID":11393,"post_author":"1","post_date":"2023-11-24 13:32:24","post_date_gmt":"2023-11-24 12:32:24","post_content":"<strong>Maria Guarch i Parera<\/strong>. Nascuda a Barcelona l\u2019any 1990, laica. \u00c9s Fil\u00f2loga catalana. Ha estat militant i responsable federal de la Joventut Obrera Cristiana (JOC) Nacional de Catalunya i les Illes (2008-2020) i actualment est\u00e0 implicada a l\u2019Acci\u00f3 Cat\u00f2lica Obrera (ACO) del bisbat de Barcelona, a la zona de Nou Barris. \u00c9s colaboradora en el programa <a href=\"https:\/\/www.radioestel.cat\/llista_programes.php?idprg=51\"><em>Llevat dins la pasta<\/em><\/a>\u00a0de la Pastoral Obrera de Catalunya a R\u00e0dio Estel i amb la revista <a href=\"https:\/\/elpunxo.wordpress.com\/\">l'Agulla<\/a>.\r\n\r\n\u00c9s membre del Centre de Pastoral Lit\u00fargica, del Consell de la revista <a href=\"http:\/\/galilea153.cpl.es\/\"><em>Galilea.153 Lit\u00fargia, espiritualitat, vida cristiana <\/em><\/a>i secret\u00e0ria de la revista <a href=\"https:\/\/www.cpl.es\/revistas\/revista\/MD2\"><em>Missa Dominical<\/em><\/a>. Responsable de publicaciones de l'entitat (2024).","post_title":"Maria Guarch","post_excerpt":"","post_status":"publish","comment_status":"closed","ping_status":"closed","post_password":"","post_name":"maria-guarch","to_ping":"","pinged":"","post_modified":"2025-09-10 08:53:08","post_modified_gmt":"2025-09-10 06:53:08","post_content_filtered":"","post_parent":0,"guid":"https:\/\/nuevaweb.cpl.es\/?post_type=miembro&#038;p=11393","menu_order":0,"post_type":"miembro","post_mime_type":"","comment_count":"0","filter":"raw"},{"ID":11402,"post_author":"1","post_date":"2023-11-24 13:20:27","post_date_gmt":"2023-11-24 12:20:27","post_content":"<strong>Carles Cahuana Bartra<\/strong>. Nascut a Sabadell el 1976, \u00e9s prevere de la di\u00f2cesi de Terrassa. Llicenciat en ci\u00e8ncies pol\u00edtiques. \u00c9s rector de les parr\u00f2quies de Terrassa del Sant Esperit, de Sant Valent\u00ed i de l'esgl\u00e9sia de Sant Jaume del Pla del Bon Aire. Presideix la missa del programa <a href=\"http:\/\/www.rtve.es\/alacarta\/videos\/la-missa\/\">La Missa<\/a>\u00a0de la 2 de TVE des del 2013.\r\n\r\n\u00c9s membre del Centre de Pastoral Lit\u00fargica, director de la col\u00b7lecci\u00f3 <em>Dossiers CPL<\/em> i membre del consell de redacci\u00f3 de la revista <em>Missa Dominical<\/em>.","post_title":"Carles Cahuana","post_excerpt":"","post_status":"publish","comment_status":"closed","ping_status":"closed","post_password":"","post_name":"carles-cahuana","to_ping":"","pinged":"","post_modified":"2024-04-30 13:13:39","post_modified_gmt":"2024-04-30 11:13:39","post_content_filtered":"","post_parent":0,"guid":"https:\/\/nuevaweb.cpl.es\/?post_type=miembro&#038;p=11402","menu_order":0,"post_type":"miembro","post_mime_type":"","comment_count":"0","filter":"raw"},{"ID":11407,"post_author":"1","post_date":"2023-11-24 12:14:14","post_date_gmt":"2023-11-24 11:14:14","post_content":"<strong>Jaume Fontbona Miss\u00e9<\/strong>, prevere de l'Esgl\u00e9sia de Barcelona, va n\u00e9ixer a Arenys de Munt (Barcelona) el 1958. Doctor en Teologia per la Pontif\u00edcia Universitat Gregoriana de Roma. Premi Roberto Bellarmino 1994 i<em>\u00a0Premi Ecum\u00e8nic Universit\u00e0ri\u00a01996\u00a0<\/em>atorgat pel Pontifici Consell per a la promoci\u00f3 de la Unitat dels Cristians. Consiliari nacional de la JOC de Catalunya i les Illes; acompanya com a consiliari en moviments d'Acci\u00f3 Cat\u00f2lica d\u2019infants (MIJAC), joves (JOC) y adults (ACO i MCA). Vicari parroquial a les parr\u00f2quies del Sagrat Cor, i de Santa Maria del Taulat i Bernat Calv\u00f3 de Poblenou de Barcelona. Membre de l'<a href=\"https:\/\/www.abcat.cat\/\">Associaci\u00f3 B\u00edblica de Catalunya<\/a> i\u00a0de l\u2019<a href=\"https:\/\/www.sacerdotesdelprado.org\/\">Associaci\u00f3 de Sacerdots del Prado<\/a>. Professor ordinari de la Facultat de Teologia de Catalunya, on imparteix sacramentologia, els sagraments de la iniciaci\u00f3 cristiana i de ministeri ordenat. Ha escrit <a href=\"https:\/\/www.cpl.es\/ca\/cataleg\/?b=Fontbona\">diversos llibres<\/a> sobre els sagraments de la iniciaci\u00f3 cristiana i el ministeri ordenat.\r\n\r\nMembre del Centre de pastoral Lit\u00fargica des de 1985, el seu president de 2008 a 2017 i, novament, des de 2025. Ha estat director de la col\u00b7lecci\u00f3 <em>Biblioteca Lit\u00fargica<\/em> i de la revista <em>Phase<\/em>. Actualment \u00e9s director de la revista\u00a0<em>Missa Dominical<\/em>.","post_title":"Jaume Fontbona","post_excerpt":"","post_status":"publish","comment_status":"closed","ping_status":"closed","post_password":"","post_name":"jaume-fontbona","to_ping":"","pinged":"","post_modified":"2026-02-27 13:49:43","post_modified_gmt":"2026-02-27 12:49:43","post_content_filtered":"","post_parent":0,"guid":"https:\/\/nuevaweb.cpl.es\/?post_type=miembro&#038;p=11407","menu_order":0,"post_type":"miembro","post_mime_type":"","comment_count":"0","filter":"raw"}]},"yoast_head":"<!-- This site is optimized with the Yoast SEO plugin v27.3 - https:\/\/yoast.com\/product\/yoast-seo-wordpress\/ -->\n<title>Consell del CPL - CPL<\/title>\n<meta name=\"description\" content=\"El Consell del CPL \u00e9s l&#039;\u00f2rgan que gestiona el funcionament de l&#039;entitat entre assemblees. Est\u00e0 format per la presid\u00e8ncia, la responsable de publicacions i tres membres m\u00e9s.\" \/>\n<meta name=\"robots\" content=\"index, follow, max-snippet:-1, max-image-preview:large, max-video-preview:-1\" \/>\n<link rel=\"canonical\" href=\"https:\/\/www.cpl.es\/ca\/sobre-nosaltres\/consell-del-cpl\/\" \/>\n<meta property=\"og:locale\" content=\"ca_ES\" \/>\n<meta property=\"og:type\" content=\"article\" \/>\n<meta property=\"og:title\" content=\"Consell del CPL - CPL\" \/>\n<meta property=\"og:description\" content=\"El Consell del CPL \u00e9s l&#039;\u00f2rgan que gestiona el funcionament de l&#039;entitat entre assemblees. Est\u00e0 format per la presid\u00e8ncia, la responsable de publicacions i tres membres m\u00e9s.\" \/>\n<meta property=\"og:url\" content=\"https:\/\/www.cpl.es\/ca\/sobre-nosaltres\/consell-del-cpl\/\" \/>\n<meta property=\"og:site_name\" content=\"CPL\" \/>\n<meta property=\"article:modified_time\" content=\"2025-07-17T09:32:03+00:00\" \/>\n<meta property=\"og:image\" content=\"https:\/\/www.cpl.es\/wp-content\/uploads\/20220603212631.jpg\" \/>\n\t<meta property=\"og:image:width\" content=\"640\" \/>\n\t<meta property=\"og:image:height\" content=\"360\" \/>\n\t<meta property=\"og:image:type\" content=\"image\/jpeg\" \/>\n<meta name=\"twitter:card\" content=\"summary_large_image\" \/>\n<meta name=\"twitter:label1\" content=\"Temps estimat de lectura\" \/>\n\t<meta name=\"twitter:data1\" content=\"1 minut\" \/>\n<script type=\"application\/ld+json\" class=\"yoast-schema-graph\">{\"@context\":\"https:\\\/\\\/schema.org\",\"@graph\":[{\"@type\":\"WebPage\",\"@id\":\"https:\\\/\\\/www.cpl.es\\\/ca\\\/sobre-nosaltres\\\/consell-del-cpl\\\/\",\"url\":\"https:\\\/\\\/www.cpl.es\\\/ca\\\/sobre-nosaltres\\\/consell-del-cpl\\\/\",\"name\":\"Consell del CPL - CPL\",\"isPartOf\":{\"@id\":\"https:\\\/\\\/www.cpl.es\\\/#website\"},\"primaryImageOfPage\":{\"@id\":\"https:\\\/\\\/www.cpl.es\\\/ca\\\/sobre-nosaltres\\\/consell-del-cpl\\\/#primaryimage\"},\"image\":{\"@id\":\"https:\\\/\\\/www.cpl.es\\\/ca\\\/sobre-nosaltres\\\/consell-del-cpl\\\/#primaryimage\"},\"thumbnailUrl\":\"https:\\\/\\\/www.cpl.es\\\/wp-content\\\/uploads\\\/Consell-CPL-2025-p.jpg\",\"datePublished\":\"2023-11-30T16:20:19+00:00\",\"dateModified\":\"2025-07-17T09:32:03+00:00\",\"description\":\"El Consell del CPL \u00e9s l'\u00f2rgan que gestiona el funcionament de l'entitat entre assemblees. Est\u00e0 format per la presid\u00e8ncia, la responsable de publicacions i tres membres m\u00e9s.\",\"breadcrumb\":{\"@id\":\"https:\\\/\\\/www.cpl.es\\\/ca\\\/sobre-nosaltres\\\/consell-del-cpl\\\/#breadcrumb\"},\"inLanguage\":\"ca\",\"potentialAction\":[{\"@type\":\"ReadAction\",\"target\":[\"https:\\\/\\\/www.cpl.es\\\/ca\\\/sobre-nosaltres\\\/consell-del-cpl\\\/\"]}]},{\"@type\":\"ImageObject\",\"inLanguage\":\"ca\",\"@id\":\"https:\\\/\\\/www.cpl.es\\\/ca\\\/sobre-nosaltres\\\/consell-del-cpl\\\/#primaryimage\",\"url\":\"https:\\\/\\\/www.cpl.es\\\/wp-content\\\/uploads\\\/Consell-CPL-2025-p.jpg\",\"contentUrl\":\"https:\\\/\\\/www.cpl.es\\\/wp-content\\\/uploads\\\/Consell-CPL-2025-p.jpg\",\"width\":1280,\"height\":720,\"caption\":\"Membres del Consell del CPL\"},{\"@type\":\"BreadcrumbList\",\"@id\":\"https:\\\/\\\/www.cpl.es\\\/ca\\\/sobre-nosaltres\\\/consell-del-cpl\\\/#breadcrumb\",\"itemListElement\":[{\"@type\":\"ListItem\",\"position\":1,\"name\":\"Portada\",\"item\":\"https:\\\/\\\/www.cpl.es\\\/ca\\\/\"},{\"@type\":\"ListItem\",\"position\":2,\"name\":\"Sobre nosaltres\",\"item\":\"https:\\\/\\\/www.cpl.es\\\/sobre-nosotros\\\/\"},{\"@type\":\"ListItem\",\"position\":3,\"name\":\"Consell del CPL\"}]},{\"@type\":\"WebSite\",\"@id\":\"https:\\\/\\\/www.cpl.es\\\/#website\",\"url\":\"https:\\\/\\\/www.cpl.es\\\/\",\"name\":\"CPL\",\"description\":\"Centre de Pastoral Lit\u00fargica de Barcelona\",\"publisher\":{\"@id\":\"https:\\\/\\\/www.cpl.es\\\/#organization\"},\"alternateName\":\"Centre de Pastoral Lit\u00fargica\",\"potentialAction\":[{\"@type\":\"SearchAction\",\"target\":{\"@type\":\"EntryPoint\",\"urlTemplate\":\"https:\\\/\\\/www.cpl.es\\\/?s={search_term_string}\"},\"query-input\":{\"@type\":\"PropertyValueSpecification\",\"valueRequired\":true,\"valueName\":\"search_term_string\"}}],\"inLanguage\":\"ca\"},{\"@type\":\"Organization\",\"@id\":\"https:\\\/\\\/www.cpl.es\\\/#organization\",\"name\":\"Centre de Pastoral Lit\u00fargica\",\"alternateName\":\"Centre de Pastoral Lit\u00fargica de Barcelona\",\"url\":\"https:\\\/\\\/www.cpl.es\\\/\",\"logo\":{\"@type\":\"ImageObject\",\"inLanguage\":\"ca\",\"@id\":\"https:\\\/\\\/www.cpl.es\\\/#\\\/schema\\\/logo\\\/image\\\/\",\"url\":\"https:\\\/\\\/www.cpl.es\\\/wp-content\\\/uploads\\\/logo-cpl.svg\",\"contentUrl\":\"https:\\\/\\\/www.cpl.es\\\/wp-content\\\/uploads\\\/logo-cpl.svg\",\"caption\":\"Centre de Pastoral Lit\u00fargica\"},\"image\":{\"@id\":\"https:\\\/\\\/www.cpl.es\\\/#\\\/schema\\\/logo\\\/image\\\/\"}}]}<\/script>\n<!-- \/ Yoast SEO plugin. -->","yoast_head_json":{"title":"Consell del CPL - CPL","description":"El Consell del CPL \u00e9s l'\u00f2rgan que gestiona el funcionament de l'entitat entre assemblees. Est\u00e0 format per la presid\u00e8ncia, la responsable de publicacions i tres membres m\u00e9s.","robots":{"index":"index","follow":"follow","max-snippet":"max-snippet:-1","max-image-preview":"max-image-preview:large","max-video-preview":"max-video-preview:-1"},"canonical":"https:\/\/www.cpl.es\/ca\/sobre-nosaltres\/consell-del-cpl\/","og_locale":"ca_ES","og_type":"article","og_title":"Consell del CPL - CPL","og_description":"El Consell del CPL \u00e9s l'\u00f2rgan que gestiona el funcionament de l'entitat entre assemblees. Est\u00e0 format per la presid\u00e8ncia, la responsable de publicacions i tres membres m\u00e9s.","og_url":"https:\/\/www.cpl.es\/ca\/sobre-nosaltres\/consell-del-cpl\/","og_site_name":"CPL","article_modified_time":"2025-07-17T09:32:03+00:00","og_image":[{"width":640,"height":360,"url":"https:\/\/www.cpl.es\/wp-content\/uploads\/20220603212631.jpg","type":"image\/jpeg"}],"twitter_card":"summary_large_image","twitter_misc":{"Temps estimat de lectura":"1 minut"},"schema":{"@context":"https:\/\/schema.org","@graph":[{"@type":"WebPage","@id":"https:\/\/www.cpl.es\/ca\/sobre-nosaltres\/consell-del-cpl\/","url":"https:\/\/www.cpl.es\/ca\/sobre-nosaltres\/consell-del-cpl\/","name":"Consell del CPL - CPL","isPartOf":{"@id":"https:\/\/www.cpl.es\/#website"},"primaryImageOfPage":{"@id":"https:\/\/www.cpl.es\/ca\/sobre-nosaltres\/consell-del-cpl\/#primaryimage"},"image":{"@id":"https:\/\/www.cpl.es\/ca\/sobre-nosaltres\/consell-del-cpl\/#primaryimage"},"thumbnailUrl":"https:\/\/www.cpl.es\/wp-content\/uploads\/Consell-CPL-2025-p.jpg","datePublished":"2023-11-30T16:20:19+00:00","dateModified":"2025-07-17T09:32:03+00:00","description":"El Consell del CPL \u00e9s l'\u00f2rgan que gestiona el funcionament de l'entitat entre assemblees. Est\u00e0 format per la presid\u00e8ncia, la responsable de publicacions i tres membres m\u00e9s.","breadcrumb":{"@id":"https:\/\/www.cpl.es\/ca\/sobre-nosaltres\/consell-del-cpl\/#breadcrumb"},"inLanguage":"ca","potentialAction":[{"@type":"ReadAction","target":["https:\/\/www.cpl.es\/ca\/sobre-nosaltres\/consell-del-cpl\/"]}]},{"@type":"ImageObject","inLanguage":"ca","@id":"https:\/\/www.cpl.es\/ca\/sobre-nosaltres\/consell-del-cpl\/#primaryimage","url":"https:\/\/www.cpl.es\/wp-content\/uploads\/Consell-CPL-2025-p.jpg","contentUrl":"https:\/\/www.cpl.es\/wp-content\/uploads\/Consell-CPL-2025-p.jpg","width":1280,"height":720,"caption":"Membres del Consell del CPL"},{"@type":"BreadcrumbList","@id":"https:\/\/www.cpl.es\/ca\/sobre-nosaltres\/consell-del-cpl\/#breadcrumb","itemListElement":[{"@type":"ListItem","position":1,"name":"Portada","item":"https:\/\/www.cpl.es\/ca\/"},{"@type":"ListItem","position":2,"name":"Sobre nosaltres","item":"https:\/\/www.cpl.es\/sobre-nosotros\/"},{"@type":"ListItem","position":3,"name":"Consell del CPL"}]},{"@type":"WebSite","@id":"https:\/\/www.cpl.es\/#website","url":"https:\/\/www.cpl.es\/","name":"CPL","description":"Centre de Pastoral Lit\u00fargica de Barcelona","publisher":{"@id":"https:\/\/www.cpl.es\/#organization"},"alternateName":"Centre de Pastoral Lit\u00fargica","potentialAction":[{"@type":"SearchAction","target":{"@type":"EntryPoint","urlTemplate":"https:\/\/www.cpl.es\/?s={search_term_string}"},"query-input":{"@type":"PropertyValueSpecification","valueRequired":true,"valueName":"search_term_string"}}],"inLanguage":"ca"},{"@type":"Organization","@id":"https:\/\/www.cpl.es\/#organization","name":"Centre de Pastoral Lit\u00fargica","alternateName":"Centre de Pastoral Lit\u00fargica de Barcelona","url":"https:\/\/www.cpl.es\/","logo":{"@type":"ImageObject","inLanguage":"ca","@id":"https:\/\/www.cpl.es\/#\/schema\/logo\/image\/","url":"https:\/\/www.cpl.es\/wp-content\/uploads\/logo-cpl.svg","contentUrl":"https:\/\/www.cpl.es\/wp-content\/uploads\/logo-cpl.svg","caption":"Centre de Pastoral Lit\u00fargica"},"image":{"@id":"https:\/\/www.cpl.es\/#\/schema\/logo\/image\/"}}]}},"_links":{"self":[{"href":"https:\/\/www.cpl.es\/ca\/wp-json\/wp\/v2\/pages\/11357","targetHints":{"allow":["GET"]}}],"collection":[{"href":"https:\/\/www.cpl.es\/ca\/wp-json\/wp\/v2\/pages"}],"about":[{"href":"https:\/\/www.cpl.es\/ca\/wp-json\/wp\/v2\/types\/page"}],"author":[{"embeddable":true,"href":"https:\/\/www.cpl.es\/ca\/wp-json\/wp\/v2\/users\/1"}],"replies":[{"embeddable":true,"href":"https:\/\/www.cpl.es\/ca\/wp-json\/wp\/v2\/comments?post=11357"}],"version-history":[{"count":10,"href":"https:\/\/www.cpl.es\/ca\/wp-json\/wp\/v2\/pages\/11357\/revisions"}],"predecessor-version":[{"id":19742,"href":"https:\/\/www.cpl.es\/ca\/wp-json\/wp\/v2\/pages\/11357\/revisions\/19742"}],"up":[{"embeddable":true,"href":"https:\/\/www.cpl.es\/ca\/wp-json\/wp\/v2\/pages\/7043"}],"wp:featuredmedia":[{"embeddable":true,"href":"https:\/\/www.cpl.es\/ca\/wp-json\/wp\/v2\/media\/20080"}],"wp:attachment":[{"href":"https:\/\/www.cpl.es\/ca\/wp-json\/wp\/v2\/media?parent=11357"}],"curies":[{"name":"wp","href":"https:\/\/api.w.org\/{rel}","templated":true}]}}