{"id":11350,"date":"2023-11-30T17:12:48","date_gmt":"2023-11-30T16:12:48","guid":{"rendered":"https:\/\/nuevaweb.cpl.es\/?page_id=11350"},"modified":"2024-04-25T18:53:27","modified_gmt":"2024-04-25T16:53:27","slug":"que-es-el-cpl","status":"publish","type":"page","link":"https:\/\/www.cpl.es\/ca\/sobre-nosaltres\/que-es-el-cpl\/","title":{"rendered":"Una breu hist\u00f2ria dels prop de 70 anys de vida"},"content":{"rendered":"<div id=\"pl-11350\"  class=\"panel-layout\" ><div id=\"pg-11350-0\"  class=\"panel-grid panel-no-style\" ><div id=\"pgc-11350-0-0\"  class=\"panel-grid-cell\" ><div id=\"panel-11350-0-0-0\" class=\"so-panel widget widget_sow-editor panel-first-child panel-last-child\" data-index=\"0\" ><div\n\t\t\t\n\t\t\tclass=\"so-widget-sow-editor so-widget-sow-editor-base\"\n\t\t\t\n\t\t><h2 class=\"widget-title\">Una breu hist\u00f2ria de prop de 70 anys de vida<\/h2>\n<div class=\"siteorigin-widget-tinymce textwidget\">\n\t<p>El Centre de Pastoral Lit\u00fargica de Barcelona, conegut per les seves sigles CPL, es va constituir des dels seus inicis com una associaci\u00f3 privada de fidels, que va tenir l\u2019aprovaci\u00f3 de l\u2019aleshores bisbe de Barcelona, Gregori Modrego, i que continua actualment amb aquest mateix estatut. No \u00e9s, doncs, un organisme oficial, sin\u00f3 que \u00e9s una entitat eclesialment reconeguda per\u00f2 que es regeix pels seus propis estatuts i per les disposicions can\u00f2niques que siguin de pertinent aplicaci\u00f3.<\/p>\n<p>L\u2019\u00f2rgan m\u00e0xim de l\u2019entitat \u00e9s l\u2019Assemblea dels seus membres, formada per preveres, religiosos, laics i\u00a0laiques, que s\u2019elegeixen per cooptaci\u00f3 i\u00a0que actualment s\u00f3n 31. L\u2019\u00f2rgan executiu del Centre \u00e9s\u00a0el <a href=\"https:\/\/www.cpl.es\/ca\/sobre-nosaltres\/consell-del-cpl\/\">Consell<\/a>, i est\u00e0 format pel President i els consellers. El President \u00e9s elegit per l\u2019Assemblea cada tres anys, i els consellers, que poden ser de tres a cinc i actualment s\u00f3n cinc, s\u00f3n elegits cada dos anys. El primer President del CPL va ser Pere Tena, I despr\u00e9s ho van ser successivament Joan Bellavista,\u00a0<a href=\"https:\/\/ca.wikipedia.org\/wiki\/Pere_Farn%C3%A9s_Scherer\" target=\"_blank\" rel=\"noopener\">Pere Farn\u00e9s<\/a>,<a href=\"https:\/\/ca.wikipedia.org\/wiki\/Jos%C3%A9_Aldaz%C3%A1bal_Larra%C3%B1aga\" target=\"_blank\" rel=\"noopener\">\u00a0Jos\u00e9 Aldaz\u00e1bal<\/a>,\u00a0Josep Urdeix,\u00a0<a href=\"https:\/\/www.cpl.es\/ca\/membre\/jaume-fontbona\/?sec=revista\">Jaume Fontbona<\/a>, i\u00a0actualment\u00a0ho \u00e9s\u00a0<a href=\"https:\/\/www.cpl.es\/ca\/membre\/josep-maria-romaguera\/\">Josep M. Romaguera<\/a>.\u00a0El Consell elegeix entre els seus membres el secretari del Consell, que ho \u00e9s tamb\u00e9 del Centre. A les reunions del Consell hi assisteix habitualment, amb veu per\u00f2 sense vot, el gerent de l\u2019entitat.<\/p>\n<p>El CPL va n\u00e9ixer l\u2019any 1958 i es va donar a con\u00e8ixer amb la publicaci\u00f3, en catal\u00e0 i castell\u00e0, del llibre\u00a0<em>Monicions i preg\u00e0ries per a la Santa Missa.\u00a0<\/em>Era el fruit d\u2019un ampli treball realitzat a Barcelona i a Catalunya des de feia anys, en la l\u00ednia del moviment lit\u00fargic que es desenvolupava a tot Europa. Tres noms destaquen d\u2019aquells inicis: els joves preveres barcelonins Pere Tena (posteriorment bisbe auxiliar de Barcelona), Pere Farn\u00e9s i Joan Bellavista, als quals caldria afegir els encara m\u00e9s joves Joaquim Gomis i Joan Llopis.<\/p>\n<p>El llibre amb el qual el Centre es va donar a con\u00e8ixer, oferia una presentaci\u00f3 senzilla dels diversos moments de la celebraci\u00f3 eucar\u00edstica per a tots els diumenges i festes de l\u2019any, per anar guiant els fidels sobre el seu sentit. Eren els anys anteriors al Concili i a la reforma lit\u00fargica. Per\u00f2 aquesta tasca d\u2019oferir publicacions pedag\u00f2giques ja marcar\u00e0 de manera permanent, i adaptant-les a les diverses circumst\u00e0ncies i moments, la tasca del Centre fins al dia d\u2019avui.<\/p>\n<p>Una altra fita a destacar \u00e9s la de l\u2019aparici\u00f3, l\u2019any 1961, de la revista\u00a0<a href=\"http:\/\/phase.cpl.es\/\" target=\"_blank\" rel=\"noopener\"><em>Phase<\/em><\/a>, que en els inicis es va dir\u00a0<em>Bolet\u00edn de Pastoral Lit\u00fargica<\/em>, i que dirigia Pere Tena<em>.\u00a0<\/em>La revista oferia reflexions i orientacions lit\u00fargiques, aix\u00ed com tamb\u00e9 materials per a guiar les celebracions. Posteriorment, l\u2019oferta de materials va desapar\u00e8ixer, donat que ja es feia a trav\u00e9s d\u2019altres publicacions del CPL, i\u00a0<em>Phase\u00a0<\/em>va restar com a revista de reflexi\u00f3 i pensament.<\/p>\n<p>El Concili Vatic\u00e0 II, amb la constituci\u00f3\u00a0<em>Sacrosanctum Concilium\u00a0<\/em>i la posterior posta en marxa de la reforma lit\u00fargica va ser, com \u00e9s obvi, un moment determinant en la tasca del Centre. Multitud de xerrades, orientacions i assessoraments de tot tipus van ajudar a fer realitat, amb una gran solidesa, la implantaci\u00f3 de la reforma, a Catalunya en especial, per\u00f2 tamb\u00e9 a la resta d\u2019Espanya.<\/p>\n<p>Fruit d\u2019aquesta tasca va ser l\u2019aparici\u00f3, a l\u2019Advent de l968, dirigida per Joaquim Gomis i amb la col\u00b7laboraci\u00f3 d\u2019un grup de preveres i de seminaristes, de la revista\u00a0<em><a href=\"https:\/\/www.cpl.es\/revista\/missa-dominical\/\" target=\"_blank\" rel=\"noopener\">Missa Dominical<\/a>,\u00a0<\/em>primer en catal\u00e0 i, des de principis de 1973, tamb\u00e9 en castell\u00e0. La publicaci\u00f3 oferia materials per a l\u2019\u00fas directe en la celebraci\u00f3, aix\u00ed com orientacions per a la celebraci\u00f3 i per a l\u2019homilia, i ha estat, des de sempre, la publicaci\u00f3 amb m\u00e9s difusi\u00f3 del CPL.<\/p>\n<p>Finalment, l\u2019any 1969, i dirigida per Pere Farn\u00e9s, apareix la revista\u00a0<em>Oraci\u00f3n de las Horas,\u00a0<\/em>destinada inicialment a ajudar sobretot les comunitats religioses a celebrar i viure la Lit\u00fargia de les Hores, i actualment, amb el nom de\u00a0<em><a href=\"https:\/\/www.cpl.es\/revista\/liturgia-y-espiritualidad\/\" target=\"_blank\" rel=\"noopener\">Lit\u00fargia y Espiritualidad<\/a>,\u00a0<\/em>dedicada sobretot a la reflexi\u00f3 lit\u00fargica i espiritual.<\/p>\n<p>Al mateix temps que anaven apareixent les revistes, el CPL duia a terme tamb\u00e9 altres tasques: en el camp de les publicacions amb un nombre considerable de llibres tant de divulgaci\u00f3 com d\u2019estudi, fins a esdevenir una editorial reconeguda; en el camp de la creaci\u00f3 i difusi\u00f3 musical tant a nivell parroquial com a nivell de comunitats religioses, amb els noms rellevants d\u2019Albert Taul\u00e9 i Dom\u00e8nec Cols; en el nivell de l\u2019art sagrat, sobretot en els primers temps; i en el camp de la doc\u00e8ncia, tant la de nivell superior com tamb\u00e9 els cursos i xerrades m\u00e9s divulgatius. Totes aquestes tasques, d\u2019altra banda, han anat ampliant el seu radi d\u2019acci\u00f3 m\u00e9s enll\u00e0 de l\u2019\u00e0mbit catal\u00e0 i espanyol, i actualment han aconseguit una notable pres\u00e8ncia als pa\u00efsos d\u2019Am\u00e8rica Llatina, i tamb\u00e9 en els ambients hispans dels Estats Units.<\/p>\n<p>Dintre el camp de la doc\u00e8ncia, cal destacar com una fita important l\u2019erecci\u00f3, l\u2019any 1986, de l\u2019<a href=\"https:\/\/www.cpl.es\/blog\/instituto-superior-de-liturgia-de-barcelona\/\" target=\"_blank\" rel=\"noopener\">Institut Superior de Lit\u00fargia de Barcelona<\/a>, promogut des del CPL i incorporat a la Facultat de Teologia de Catalunya, que ofereix el bienni complet dels estudis sistem\u00e0tics de lit\u00fargia per a la llic\u00e8ncia i el doctorat, i rep alumnes tant d\u2019Espanya com d\u2019Am\u00e8rica. El seu primer director va ser Pere Tena.<\/p>\n<p>I, encara, podem ressenyar aqu\u00ed algunes de les diverses col\u00b7leccions de pastoral lit\u00fargica, aix\u00ed como de\u00a0llibre religi\u00f3s, que publica:\u00a0<em>Biblioteca Lit\u00fargica,<\/em>\u00a0textos d\u2019estudi monogr\u00e0fic sobre q\u00fcestions lit\u00fargiques;\u00a0<em>Dossiers CPL<\/em>, recull d\u2019orientacions te\u00f2riques i pr\u00e0ctiques per a les celebracions;\u00a0<em>Celebrar<\/em>, llibres senzills amb textos i orientacions per a la preg\u00e0ria i per a la celebraci\u00f3;\u00a0<em>Cuadernos Phase<\/em>, textos b\u00e0sics de refer\u00e8ncia lit\u00fargica en la hist\u00f2ria del cristianisme<em>; Ema\u00fas<\/em>, per a la divulgaci\u00f3 de la lit\u00fargia, la formaci\u00f3 i la vida cristiana en general, i\u00a0<em>Sants i Santes<\/em>, un recull de vides d\u2019homes i dones especialment significatius en la seva fe.<\/p>\n<p>Finalment, cal assenyalar que, arran de la mort de Pere Tena, l\u2019Assemblea del Centre va decidir instaurar, cada any, el\u00a0<a href=\"https:\/\/www.cpl.es\/ca\/blog\/memorial-pere-tena\/pere-tena-garriga-1928-2014\/\">Memorial Pere Tena de Pastoral Lit\u00fargica<\/a>, per recon\u00e8ixer la tasca en aquest camp d\u2019alguna entitat, persona o obra. La primera edici\u00f3 d\u2019aquest Memorial, 2015, va ser atorgat a l\u2019Abadia de Montserrat, la segona, 2016, al bisbe de Lle\u00f3 Juli\u00e1n L\u00f3pez i al prevere clareti\u00e0 Joan M. Canals, i la tercera, 2017,\u00a0al bisbe de Puebla (M\u00e8xic), V\u00edctor S\u00e1nchez. El memorial \u00e9s una manera de valorar col\u00b7lectivament, un cop m\u00e9s, totes les tasques que, des de tants \u00e0mbits, es duen a terme al servei de la vida lit\u00fargica de l\u2019Esgl\u00e9sia, per al b\u00e9 de tots els qui en som membres.<\/p>\n<p>Centre de Pastoral Lit\u00fargica de Barcelona,\u00a0Diputaci\u00f3, 231 -\u00a008007\u00a0Barcelona\u00a0\u2013\u00a0<a href=\"mailto:cpl@cpl.es\">cpl@cpl.es<\/a>\u00a0\u2013\u00a0<a href=\"http:\/\/cpl.es\/\" target=\"_blank\" rel=\"noopener\">www.cpl.es<\/a><\/p>\n<p>Enlla\u00e7os d'inter\u00e9s:<\/p>\n<p><a href=\"http:\/\/:http\/\/www.enciclopedia.cat\/EC-GEC-0233706.xml\" target=\"_blank\" rel=\"noopener\">Moviment lit\u00fargic catal\u00e0<\/a><br \/>\n<a href=\"http:\/\/www.vatican.va\/archive\/hist_councils\/ii_vatican_council\/documents\/vat-ii_const_19631204_sacrosanctum-concilium_sp.html\" target=\"_blank\" rel=\"noopener\">Constituci\u00f3\u00a0<em>Sacrosanctum Concilium<\/em>\u00a0sobre la Sagrada Lit\u00fargia\u00a0<\/a><\/p>\n<hr \/>\n<div id='gallery-1' class='gallery galleryid-11350 gallery-columns-3 gallery-size-medium'><figure class='gallery-item'>\n\t\t\t<div class='gallery-icon landscape'>\n\t\t\t\t<a href='https:\/\/www.cpl.es\/wp-content\/uploads\/20220603212631.jpg'><img width=\"300\" height=\"169\" src=\"https:\/\/www.cpl.es\/wp-content\/uploads\/20220603212631-300x169.jpg\" class=\"attachment-medium size-medium\" alt=\"\" aria-describedby=\"gallery-1-10214\" srcset=\"https:\/\/www.cpl.es\/wp-content\/uploads\/20220603212631-300x169.jpg 300w, https:\/\/www.cpl.es\/wp-content\/uploads\/20220603212631-416x234.jpg 416w, https:\/\/www.cpl.es\/wp-content\/uploads\/20220603212631.jpg 640w\" sizes=\"(max-width: 300px) 100vw, 300px\" decoding=\"async\" fetchpriority=\"high\" \/ loading=\"lazy\"><\/a>\n\t\t\t<\/div>\n\t\t\t\t<figcaption class='wp-caption-text gallery-caption' id='gallery-1-10214'>\n\t\t\t\tMembres i treballadors del CPL\n\t\t\t\t<\/figcaption><\/figure><figure class='gallery-item'>\n\t\t\t<div class='gallery-icon landscape'>\n\t\t\t\t<a href='https:\/\/www.cpl.es\/wp-content\/uploads\/20220603212646.jpg'><img width=\"300\" height=\"169\" src=\"https:\/\/www.cpl.es\/wp-content\/uploads\/20220603212646-300x169.jpg\" class=\"attachment-medium size-medium\" alt=\"\" aria-describedby=\"gallery-1-10216\" srcset=\"https:\/\/www.cpl.es\/wp-content\/uploads\/20220603212646-300x169.jpg 300w, https:\/\/www.cpl.es\/wp-content\/uploads\/20220603212646-416x234.jpg 416w, https:\/\/www.cpl.es\/wp-content\/uploads\/20220603212646.jpg 640w\" sizes=\"auto, (max-width: 300px) 100vw, 300px\" loading=\"lazy\" decoding=\"async\" fetchpriority=\"low\" \/><\/a>\n\t\t\t<\/div>\n\t\t\t\t<figcaption class='wp-caption-text gallery-caption' id='gallery-1-10216'>\n\t\t\t\tBenedicci\u00f3 de la nova seu\n\t\t\t\t<\/figcaption><\/figure><figure class='gallery-item'>\n\t\t\t<div class='gallery-icon landscape'>\n\t\t\t\t<a href='https:\/\/www.cpl.es\/wp-content\/uploads\/20220603223431.jpg'><img width=\"300\" height=\"169\" src=\"https:\/\/www.cpl.es\/wp-content\/uploads\/20220603223431-300x169.jpg\" class=\"attachment-medium size-medium\" alt=\"\" aria-describedby=\"gallery-1-10226\" srcset=\"https:\/\/www.cpl.es\/wp-content\/uploads\/20220603223431-300x169.jpg 300w, https:\/\/www.cpl.es\/wp-content\/uploads\/20220603223431-416x234.jpg 416w, https:\/\/www.cpl.es\/wp-content\/uploads\/20220603223431.jpg 640w\" sizes=\"auto, (max-width: 300px) 100vw, 300px\" loading=\"lazy\" decoding=\"async\" fetchpriority=\"low\" \/><\/a>\n\t\t\t<\/div>\n\t\t\t\t<figcaption class='wp-caption-text gallery-caption' id='gallery-1-10226'>\n\t\t\t\tSeu del CPL\n\t\t\t\t<\/figcaption><\/figure>\n\t\t<\/div>\n\n<\/div>\n<\/div><\/div><\/div><\/div><\/div>","protected":false},"excerpt":{"rendered":"<p>El Centre de Pastoral Lit\u00fargica de Barcelona, conegut per les seves sigles CPL, es va constituir des dels seus inicis com una associaci\u00f3 privada de fidels, que va tenir l\u2019aprovaci\u00f3 de l\u2019aleshores bisbe de Barcelona, Gregori Modrego, i que continua actualment amb aquest mateix estatut. No \u00e9s, doncs, un organisme oficial, sin\u00f3 que \u00e9s una [&hellip;]<\/p>\n","protected":false},"author":1,"featured_media":0,"parent":7043,"menu_order":2,"comment_status":"closed","ping_status":"closed","template":"","meta":{"_acf_changed":false,"inline_featured_image":false,"footnotes":""},"class_list":["post-11350","page","type-page","status-publish","hentry"],"acf":[],"yoast_head":"<!-- This site is optimized with the Yoast SEO plugin v27.3 - https:\/\/yoast.com\/product\/yoast-seo-wordpress\/ -->\n<title>Una breu hist\u00f2ria dels prop de 70 anys de vida<\/title>\n<meta name=\"description\" content=\"El CPL va n\u00e9ixer l\u2019any 1958 i era el fruit d\u2019un ampli treball realitzat a Barcelona i a Catalunya des de feia anys, en la l\u00ednia del moviment lit\u00fargic que es desenvolupava a tot Europa.\" \/>\n<meta name=\"robots\" content=\"index, follow, max-snippet:-1, max-image-preview:large, max-video-preview:-1\" \/>\n<link rel=\"canonical\" href=\"https:\/\/www.cpl.es\/ca\/sobre-nosaltres\/que-es-el-cpl\/\" \/>\n<meta property=\"og:locale\" content=\"ca_ES\" \/>\n<meta property=\"og:type\" content=\"article\" \/>\n<meta property=\"og:title\" content=\"Una breu hist\u00f2ria dels prop de 70 anys de vida\" \/>\n<meta property=\"og:description\" content=\"El CPL va n\u00e9ixer l\u2019any 1958 i era el fruit d\u2019un ampli treball realitzat a Barcelona i a Catalunya des de feia anys, en la l\u00ednia del moviment lit\u00fargic que es desenvolupava a tot Europa.\" \/>\n<meta property=\"og:url\" content=\"https:\/\/www.cpl.es\/ca\/sobre-nosaltres\/que-es-el-cpl\/\" \/>\n<meta property=\"og:site_name\" content=\"CPL\" \/>\n<meta property=\"article:modified_time\" content=\"2024-04-25T16:53:27+00:00\" \/>\n<meta property=\"og:image\" content=\"https:\/\/www.cpl.es\/wp-content\/uploads\/20220603212631-300x169.jpg\" \/>\n<meta name=\"twitter:card\" content=\"summary_large_image\" \/>\n<meta name=\"twitter:label1\" content=\"Temps estimat de lectura\" \/>\n\t<meta name=\"twitter:data1\" content=\"6 minuts\" \/>\n<script type=\"application\/ld+json\" class=\"yoast-schema-graph\">{\"@context\":\"https:\\\/\\\/schema.org\",\"@graph\":[{\"@type\":\"WebPage\",\"@id\":\"https:\\\/\\\/www.cpl.es\\\/ca\\\/sobre-nosaltres\\\/que-es-el-cpl\\\/\",\"url\":\"https:\\\/\\\/www.cpl.es\\\/ca\\\/sobre-nosaltres\\\/que-es-el-cpl\\\/\",\"name\":\"Una breu hist\u00f2ria dels prop de 70 anys de vida\",\"isPartOf\":{\"@id\":\"https:\\\/\\\/www.cpl.es\\\/#website\"},\"primaryImageOfPage\":{\"@id\":\"https:\\\/\\\/www.cpl.es\\\/ca\\\/sobre-nosaltres\\\/que-es-el-cpl\\\/#primaryimage\"},\"image\":{\"@id\":\"https:\\\/\\\/www.cpl.es\\\/ca\\\/sobre-nosaltres\\\/que-es-el-cpl\\\/#primaryimage\"},\"thumbnailUrl\":\"https:\\\/\\\/www.cpl.es\\\/wp-content\\\/uploads\\\/20220603212631-300x169.jpg\",\"datePublished\":\"2023-11-30T16:12:48+00:00\",\"dateModified\":\"2024-04-25T16:53:27+00:00\",\"description\":\"El CPL va n\u00e9ixer l\u2019any 1958 i era el fruit d\u2019un ampli treball realitzat a Barcelona i a Catalunya des de feia anys, en la l\u00ednia del moviment lit\u00fargic que es desenvolupava a tot Europa.\",\"breadcrumb\":{\"@id\":\"https:\\\/\\\/www.cpl.es\\\/ca\\\/sobre-nosaltres\\\/que-es-el-cpl\\\/#breadcrumb\"},\"inLanguage\":\"ca\",\"potentialAction\":[{\"@type\":\"ReadAction\",\"target\":[\"https:\\\/\\\/www.cpl.es\\\/ca\\\/sobre-nosaltres\\\/que-es-el-cpl\\\/\"]}]},{\"@type\":\"ImageObject\",\"inLanguage\":\"ca\",\"@id\":\"https:\\\/\\\/www.cpl.es\\\/ca\\\/sobre-nosaltres\\\/que-es-el-cpl\\\/#primaryimage\",\"url\":\"https:\\\/\\\/www.cpl.es\\\/wp-content\\\/uploads\\\/20220603212631-300x169.jpg\",\"contentUrl\":\"https:\\\/\\\/www.cpl.es\\\/wp-content\\\/uploads\\\/20220603212631-300x169.jpg\"},{\"@type\":\"BreadcrumbList\",\"@id\":\"https:\\\/\\\/www.cpl.es\\\/ca\\\/sobre-nosaltres\\\/que-es-el-cpl\\\/#breadcrumb\",\"itemListElement\":[{\"@type\":\"ListItem\",\"position\":1,\"name\":\"Portada\",\"item\":\"https:\\\/\\\/www.cpl.es\\\/ca\\\/\"},{\"@type\":\"ListItem\",\"position\":2,\"name\":\"Sobre nosaltres\",\"item\":\"https:\\\/\\\/www.cpl.es\\\/sobre-nosotros\\\/\"},{\"@type\":\"ListItem\",\"position\":3,\"name\":\"Una breu hist\u00f2ria dels prop de 70 anys de vida\"}]},{\"@type\":\"WebSite\",\"@id\":\"https:\\\/\\\/www.cpl.es\\\/#website\",\"url\":\"https:\\\/\\\/www.cpl.es\\\/\",\"name\":\"CPL\",\"description\":\"Centre de Pastoral Lit\u00fargica de Barcelona\",\"publisher\":{\"@id\":\"https:\\\/\\\/www.cpl.es\\\/#organization\"},\"alternateName\":\"Centre de Pastoral Lit\u00fargica\",\"potentialAction\":[{\"@type\":\"SearchAction\",\"target\":{\"@type\":\"EntryPoint\",\"urlTemplate\":\"https:\\\/\\\/www.cpl.es\\\/?s={search_term_string}\"},\"query-input\":{\"@type\":\"PropertyValueSpecification\",\"valueRequired\":true,\"valueName\":\"search_term_string\"}}],\"inLanguage\":\"ca\"},{\"@type\":\"Organization\",\"@id\":\"https:\\\/\\\/www.cpl.es\\\/#organization\",\"name\":\"Centre de Pastoral Lit\u00fargica\",\"alternateName\":\"Centre de Pastoral Lit\u00fargica de Barcelona\",\"url\":\"https:\\\/\\\/www.cpl.es\\\/\",\"logo\":{\"@type\":\"ImageObject\",\"inLanguage\":\"ca\",\"@id\":\"https:\\\/\\\/www.cpl.es\\\/#\\\/schema\\\/logo\\\/image\\\/\",\"url\":\"https:\\\/\\\/www.cpl.es\\\/wp-content\\\/uploads\\\/logo-cpl.svg\",\"contentUrl\":\"https:\\\/\\\/www.cpl.es\\\/wp-content\\\/uploads\\\/logo-cpl.svg\",\"caption\":\"Centre de Pastoral Lit\u00fargica\"},\"image\":{\"@id\":\"https:\\\/\\\/www.cpl.es\\\/#\\\/schema\\\/logo\\\/image\\\/\"}}]}<\/script>\n<!-- \/ Yoast SEO plugin. -->","yoast_head_json":{"title":"Una breu hist\u00f2ria dels prop de 70 anys de vida","description":"El CPL va n\u00e9ixer l\u2019any 1958 i era el fruit d\u2019un ampli treball realitzat a Barcelona i a Catalunya des de feia anys, en la l\u00ednia del moviment lit\u00fargic que es desenvolupava a tot Europa.","robots":{"index":"index","follow":"follow","max-snippet":"max-snippet:-1","max-image-preview":"max-image-preview:large","max-video-preview":"max-video-preview:-1"},"canonical":"https:\/\/www.cpl.es\/ca\/sobre-nosaltres\/que-es-el-cpl\/","og_locale":"ca_ES","og_type":"article","og_title":"Una breu hist\u00f2ria dels prop de 70 anys de vida","og_description":"El CPL va n\u00e9ixer l\u2019any 1958 i era el fruit d\u2019un ampli treball realitzat a Barcelona i a Catalunya des de feia anys, en la l\u00ednia del moviment lit\u00fargic que es desenvolupava a tot Europa.","og_url":"https:\/\/www.cpl.es\/ca\/sobre-nosaltres\/que-es-el-cpl\/","og_site_name":"CPL","article_modified_time":"2024-04-25T16:53:27+00:00","og_image":[{"url":"https:\/\/www.cpl.es\/wp-content\/uploads\/20220603212631-300x169.jpg","type":"","width":"","height":""}],"twitter_card":"summary_large_image","twitter_misc":{"Temps estimat de lectura":"6 minuts"},"schema":{"@context":"https:\/\/schema.org","@graph":[{"@type":"WebPage","@id":"https:\/\/www.cpl.es\/ca\/sobre-nosaltres\/que-es-el-cpl\/","url":"https:\/\/www.cpl.es\/ca\/sobre-nosaltres\/que-es-el-cpl\/","name":"Una breu hist\u00f2ria dels prop de 70 anys de vida","isPartOf":{"@id":"https:\/\/www.cpl.es\/#website"},"primaryImageOfPage":{"@id":"https:\/\/www.cpl.es\/ca\/sobre-nosaltres\/que-es-el-cpl\/#primaryimage"},"image":{"@id":"https:\/\/www.cpl.es\/ca\/sobre-nosaltres\/que-es-el-cpl\/#primaryimage"},"thumbnailUrl":"https:\/\/www.cpl.es\/wp-content\/uploads\/20220603212631-300x169.jpg","datePublished":"2023-11-30T16:12:48+00:00","dateModified":"2024-04-25T16:53:27+00:00","description":"El CPL va n\u00e9ixer l\u2019any 1958 i era el fruit d\u2019un ampli treball realitzat a Barcelona i a Catalunya des de feia anys, en la l\u00ednia del moviment lit\u00fargic que es desenvolupava a tot Europa.","breadcrumb":{"@id":"https:\/\/www.cpl.es\/ca\/sobre-nosaltres\/que-es-el-cpl\/#breadcrumb"},"inLanguage":"ca","potentialAction":[{"@type":"ReadAction","target":["https:\/\/www.cpl.es\/ca\/sobre-nosaltres\/que-es-el-cpl\/"]}]},{"@type":"ImageObject","inLanguage":"ca","@id":"https:\/\/www.cpl.es\/ca\/sobre-nosaltres\/que-es-el-cpl\/#primaryimage","url":"https:\/\/www.cpl.es\/wp-content\/uploads\/20220603212631-300x169.jpg","contentUrl":"https:\/\/www.cpl.es\/wp-content\/uploads\/20220603212631-300x169.jpg"},{"@type":"BreadcrumbList","@id":"https:\/\/www.cpl.es\/ca\/sobre-nosaltres\/que-es-el-cpl\/#breadcrumb","itemListElement":[{"@type":"ListItem","position":1,"name":"Portada","item":"https:\/\/www.cpl.es\/ca\/"},{"@type":"ListItem","position":2,"name":"Sobre nosaltres","item":"https:\/\/www.cpl.es\/sobre-nosotros\/"},{"@type":"ListItem","position":3,"name":"Una breu hist\u00f2ria dels prop de 70 anys de vida"}]},{"@type":"WebSite","@id":"https:\/\/www.cpl.es\/#website","url":"https:\/\/www.cpl.es\/","name":"CPL","description":"Centre de Pastoral Lit\u00fargica de Barcelona","publisher":{"@id":"https:\/\/www.cpl.es\/#organization"},"alternateName":"Centre de Pastoral Lit\u00fargica","potentialAction":[{"@type":"SearchAction","target":{"@type":"EntryPoint","urlTemplate":"https:\/\/www.cpl.es\/?s={search_term_string}"},"query-input":{"@type":"PropertyValueSpecification","valueRequired":true,"valueName":"search_term_string"}}],"inLanguage":"ca"},{"@type":"Organization","@id":"https:\/\/www.cpl.es\/#organization","name":"Centre de Pastoral Lit\u00fargica","alternateName":"Centre de Pastoral Lit\u00fargica de Barcelona","url":"https:\/\/www.cpl.es\/","logo":{"@type":"ImageObject","inLanguage":"ca","@id":"https:\/\/www.cpl.es\/#\/schema\/logo\/image\/","url":"https:\/\/www.cpl.es\/wp-content\/uploads\/logo-cpl.svg","contentUrl":"https:\/\/www.cpl.es\/wp-content\/uploads\/logo-cpl.svg","caption":"Centre de Pastoral Lit\u00fargica"},"image":{"@id":"https:\/\/www.cpl.es\/#\/schema\/logo\/image\/"}}]}},"_links":{"self":[{"href":"https:\/\/www.cpl.es\/ca\/wp-json\/wp\/v2\/pages\/11350","targetHints":{"allow":["GET"]}}],"collection":[{"href":"https:\/\/www.cpl.es\/ca\/wp-json\/wp\/v2\/pages"}],"about":[{"href":"https:\/\/www.cpl.es\/ca\/wp-json\/wp\/v2\/types\/page"}],"author":[{"embeddable":true,"href":"https:\/\/www.cpl.es\/ca\/wp-json\/wp\/v2\/users\/1"}],"replies":[{"embeddable":true,"href":"https:\/\/www.cpl.es\/ca\/wp-json\/wp\/v2\/comments?post=11350"}],"version-history":[{"count":5,"href":"https:\/\/www.cpl.es\/ca\/wp-json\/wp\/v2\/pages\/11350\/revisions"}],"predecessor-version":[{"id":14941,"href":"https:\/\/www.cpl.es\/ca\/wp-json\/wp\/v2\/pages\/11350\/revisions\/14941"}],"up":[{"embeddable":true,"href":"https:\/\/www.cpl.es\/ca\/wp-json\/wp\/v2\/pages\/7043"}],"wp:attachment":[{"href":"https:\/\/www.cpl.es\/ca\/wp-json\/wp\/v2\/media?parent=11350"}],"curies":[{"name":"wp","href":"https:\/\/api.w.org\/{rel}","templated":true}]}}