{"id":11426,"date":"2023-11-24T13:23:19","date_gmt":"2023-11-24T12:23:19","guid":{"rendered":"https:\/\/nuevaweb.cpl.es\/?post_type=miembro&#038;p=11426"},"modified":"2024-04-29T14:29:05","modified_gmt":"2024-04-29T12:29:05","slug":"josep-teixido","status":"publish","type":"miembro","link":"https:\/\/www.cpl.es\/ca\/membre\/josep-teixido\/","title":{"rendered":"Josep Teixid\u00f3"},"content":{"rendered":"<p><strong>Mn. Josep Teixid\u00f3 Cuenca.\u00a0<\/strong>Nascut a Vilassar de Mar el 1988. Ordenat de prevere el 2013 i incardinat a l\u2019arxidi\u00f2cesi de Barcelona.\u00a0Delegat\u00a0de pastoral sacramental de la arxidi\u00f2cesi\u00a0de Barcelona i director del secretariat dioces\u00e0 de celebracions lit\u00fargiques.\u00a0Rector de l'agrupaci\u00f3 de parr\u00f2quies Sant Crist, Sant Francesc d'Ass\u00eds i\u00a0Santa Clara, de Badalona. Llicenciat amb especialitat en lit\u00fargia per la Facultat de Teologia de Catalunya. \u00c9s professor convidat a l'Institut Superior de Ci\u00e8ncies Religioses de Barcelona.<\/p>\n<p>Membre del consell de redacci\u00f3 de la revista\u00a0<em>Missa Dominical<\/em>.<\/p>\n","protected":false},"featured_media":6993,"template":"","meta":{"_acf_changed":false,"inline_featured_image":false},"class_list":["post-11426","miembro","type-miembro","status-publish","has-post-thumbnail","hentry"],"acf":[],"yoast_head":"<!-- This site is optimized with the Yoast SEO plugin v27.3 - https:\/\/yoast.com\/product\/yoast-seo-wordpress\/ -->\n<title>Josep Teixid\u00f3<\/title>\n<meta name=\"description\" content=\"Delegat\u00a0de pastoral sacramental de la arxidi\u00f2cesi\u00a0de Barcelona i director del secretariat dioces\u00e0 de celebracions lit\u00fargiques. Membre del consell de redacci\u00f3 de la revista\u00a0\u00abMissa Dominical\u00bb.\" \/>\n<meta name=\"robots\" content=\"index, follow, max-snippet:-1, max-image-preview:large, max-video-preview:-1\" \/>\n<link rel=\"canonical\" href=\"https:\/\/www.cpl.es\/ca\/membre\/josep-teixido\/\" \/>\n<meta property=\"og:locale\" content=\"ca_ES\" \/>\n<meta property=\"og:type\" content=\"article\" \/>\n<meta property=\"og:title\" content=\"Josep Teixid\u00f3\" \/>\n<meta property=\"og:description\" content=\"Delegat\u00a0de pastoral sacramental de la arxidi\u00f2cesi\u00a0de Barcelona i director del secretariat dioces\u00e0 de celebracions lit\u00fargiques. Membre del consell de redacci\u00f3 de la revista\u00a0\u00abMissa Dominical\u00bb.\" \/>\n<meta property=\"og:url\" content=\"https:\/\/www.cpl.es\/ca\/membre\/josep-teixido\/\" \/>\n<meta property=\"og:site_name\" content=\"CPL\" \/>\n<meta property=\"article:modified_time\" content=\"2024-04-29T12:29:05+00:00\" \/>\n<meta property=\"og:image\" content=\"https:\/\/www.cpl.es\/wp-content\/uploads\/miembros_Josep_Teixido.jpg\" \/>\n\t<meta property=\"og:image:width\" content=\"287\" \/>\n\t<meta property=\"og:image:height\" content=\"363\" \/>\n\t<meta property=\"og:image:type\" content=\"image\/jpeg\" \/>\n<meta name=\"twitter:card\" content=\"summary_large_image\" \/>\n<meta name=\"twitter:label1\" content=\"Temps estimat de lectura\" \/>\n\t<meta name=\"twitter:data1\" content=\"1 minut\" \/>\n<script type=\"application\/ld+json\" class=\"yoast-schema-graph\">{\"@context\":\"https:\\\/\\\/schema.org\",\"@graph\":[{\"@type\":\"WebPage\",\"@id\":\"https:\\\/\\\/www.cpl.es\\\/ca\\\/membre\\\/josep-teixido\\\/\",\"url\":\"https:\\\/\\\/www.cpl.es\\\/ca\\\/membre\\\/josep-teixido\\\/\",\"name\":\"Josep Teixid\u00f3\",\"isPartOf\":{\"@id\":\"https:\\\/\\\/www.cpl.es\\\/#website\"},\"primaryImageOfPage\":{\"@id\":\"https:\\\/\\\/www.cpl.es\\\/ca\\\/membre\\\/josep-teixido\\\/#primaryimage\"},\"image\":{\"@id\":\"https:\\\/\\\/www.cpl.es\\\/ca\\\/membre\\\/josep-teixido\\\/#primaryimage\"},\"thumbnailUrl\":\"https:\\\/\\\/www.cpl.es\\\/wp-content\\\/uploads\\\/miembros_Josep_Teixido.jpg\",\"datePublished\":\"2023-11-24T12:23:19+00:00\",\"dateModified\":\"2024-04-29T12:29:05+00:00\",\"description\":\"Delegat\u00a0de pastoral sacramental de la arxidi\u00f2cesi\u00a0de Barcelona i director del secretariat dioces\u00e0 de celebracions lit\u00fargiques. Membre del consell de redacci\u00f3 de la revista\u00a0\u00abMissa Dominical\u00bb.\",\"breadcrumb\":{\"@id\":\"https:\\\/\\\/www.cpl.es\\\/ca\\\/membre\\\/josep-teixido\\\/#breadcrumb\"},\"inLanguage\":\"ca\",\"potentialAction\":[{\"@type\":\"ReadAction\",\"target\":[\"https:\\\/\\\/www.cpl.es\\\/ca\\\/membre\\\/josep-teixido\\\/\"]}]},{\"@type\":\"ImageObject\",\"inLanguage\":\"ca\",\"@id\":\"https:\\\/\\\/www.cpl.es\\\/ca\\\/membre\\\/josep-teixido\\\/#primaryimage\",\"url\":\"https:\\\/\\\/www.cpl.es\\\/wp-content\\\/uploads\\\/miembros_Josep_Teixido.jpg\",\"contentUrl\":\"https:\\\/\\\/www.cpl.es\\\/wp-content\\\/uploads\\\/miembros_Josep_Teixido.jpg\",\"width\":287,\"height\":363},{\"@type\":\"BreadcrumbList\",\"@id\":\"https:\\\/\\\/www.cpl.es\\\/ca\\\/membre\\\/josep-teixido\\\/#breadcrumb\",\"itemListElement\":[{\"@type\":\"ListItem\",\"position\":1,\"name\":\"Portada\",\"item\":\"https:\\\/\\\/www.cpl.es\\\/ca\\\/\"},{\"@type\":\"ListItem\",\"position\":2,\"name\":\"Miembros\",\"item\":\"https:\\\/\\\/www.cpl.es\\\/ca\\\/membre\\\/\"},{\"@type\":\"ListItem\",\"position\":3,\"name\":\"Josep Teixid\u00f3\"}]},{\"@type\":\"WebSite\",\"@id\":\"https:\\\/\\\/www.cpl.es\\\/#website\",\"url\":\"https:\\\/\\\/www.cpl.es\\\/\",\"name\":\"CPL\",\"description\":\"Centre de Pastoral Lit\u00fargica de Barcelona\",\"publisher\":{\"@id\":\"https:\\\/\\\/www.cpl.es\\\/#organization\"},\"alternateName\":\"Centre de Pastoral Lit\u00fargica\",\"potentialAction\":[{\"@type\":\"SearchAction\",\"target\":{\"@type\":\"EntryPoint\",\"urlTemplate\":\"https:\\\/\\\/www.cpl.es\\\/?s={search_term_string}\"},\"query-input\":{\"@type\":\"PropertyValueSpecification\",\"valueRequired\":true,\"valueName\":\"search_term_string\"}}],\"inLanguage\":\"ca\"},{\"@type\":\"Organization\",\"@id\":\"https:\\\/\\\/www.cpl.es\\\/#organization\",\"name\":\"Centre de Pastoral Lit\u00fargica\",\"alternateName\":\"Centre de Pastoral Lit\u00fargica de Barcelona\",\"url\":\"https:\\\/\\\/www.cpl.es\\\/\",\"logo\":{\"@type\":\"ImageObject\",\"inLanguage\":\"ca\",\"@id\":\"https:\\\/\\\/www.cpl.es\\\/#\\\/schema\\\/logo\\\/image\\\/\",\"url\":\"https:\\\/\\\/www.cpl.es\\\/wp-content\\\/uploads\\\/logo-cpl.svg\",\"contentUrl\":\"https:\\\/\\\/www.cpl.es\\\/wp-content\\\/uploads\\\/logo-cpl.svg\",\"caption\":\"Centre de Pastoral Lit\u00fargica\"},\"image\":{\"@id\":\"https:\\\/\\\/www.cpl.es\\\/#\\\/schema\\\/logo\\\/image\\\/\"}}]}<\/script>\n<!-- \/ Yoast SEO plugin. -->","yoast_head_json":{"title":"Josep Teixid\u00f3","description":"Delegat\u00a0de pastoral sacramental de la arxidi\u00f2cesi\u00a0de Barcelona i director del secretariat dioces\u00e0 de celebracions lit\u00fargiques. Membre del consell de redacci\u00f3 de la revista\u00a0\u00abMissa Dominical\u00bb.","robots":{"index":"index","follow":"follow","max-snippet":"max-snippet:-1","max-image-preview":"max-image-preview:large","max-video-preview":"max-video-preview:-1"},"canonical":"https:\/\/www.cpl.es\/ca\/membre\/josep-teixido\/","og_locale":"ca_ES","og_type":"article","og_title":"Josep Teixid\u00f3","og_description":"Delegat\u00a0de pastoral sacramental de la arxidi\u00f2cesi\u00a0de Barcelona i director del secretariat dioces\u00e0 de celebracions lit\u00fargiques. Membre del consell de redacci\u00f3 de la revista\u00a0\u00abMissa Dominical\u00bb.","og_url":"https:\/\/www.cpl.es\/ca\/membre\/josep-teixido\/","og_site_name":"CPL","article_modified_time":"2024-04-29T12:29:05+00:00","og_image":[{"width":287,"height":363,"url":"https:\/\/www.cpl.es\/wp-content\/uploads\/miembros_Josep_Teixido.jpg","type":"image\/jpeg"}],"twitter_card":"summary_large_image","twitter_misc":{"Temps estimat de lectura":"1 minut"},"schema":{"@context":"https:\/\/schema.org","@graph":[{"@type":"WebPage","@id":"https:\/\/www.cpl.es\/ca\/membre\/josep-teixido\/","url":"https:\/\/www.cpl.es\/ca\/membre\/josep-teixido\/","name":"Josep Teixid\u00f3","isPartOf":{"@id":"https:\/\/www.cpl.es\/#website"},"primaryImageOfPage":{"@id":"https:\/\/www.cpl.es\/ca\/membre\/josep-teixido\/#primaryimage"},"image":{"@id":"https:\/\/www.cpl.es\/ca\/membre\/josep-teixido\/#primaryimage"},"thumbnailUrl":"https:\/\/www.cpl.es\/wp-content\/uploads\/miembros_Josep_Teixido.jpg","datePublished":"2023-11-24T12:23:19+00:00","dateModified":"2024-04-29T12:29:05+00:00","description":"Delegat\u00a0de pastoral sacramental de la arxidi\u00f2cesi\u00a0de Barcelona i director del secretariat dioces\u00e0 de celebracions lit\u00fargiques. Membre del consell de redacci\u00f3 de la revista\u00a0\u00abMissa Dominical\u00bb.","breadcrumb":{"@id":"https:\/\/www.cpl.es\/ca\/membre\/josep-teixido\/#breadcrumb"},"inLanguage":"ca","potentialAction":[{"@type":"ReadAction","target":["https:\/\/www.cpl.es\/ca\/membre\/josep-teixido\/"]}]},{"@type":"ImageObject","inLanguage":"ca","@id":"https:\/\/www.cpl.es\/ca\/membre\/josep-teixido\/#primaryimage","url":"https:\/\/www.cpl.es\/wp-content\/uploads\/miembros_Josep_Teixido.jpg","contentUrl":"https:\/\/www.cpl.es\/wp-content\/uploads\/miembros_Josep_Teixido.jpg","width":287,"height":363},{"@type":"BreadcrumbList","@id":"https:\/\/www.cpl.es\/ca\/membre\/josep-teixido\/#breadcrumb","itemListElement":[{"@type":"ListItem","position":1,"name":"Portada","item":"https:\/\/www.cpl.es\/ca\/"},{"@type":"ListItem","position":2,"name":"Miembros","item":"https:\/\/www.cpl.es\/ca\/membre\/"},{"@type":"ListItem","position":3,"name":"Josep Teixid\u00f3"}]},{"@type":"WebSite","@id":"https:\/\/www.cpl.es\/#website","url":"https:\/\/www.cpl.es\/","name":"CPL","description":"Centre de Pastoral Lit\u00fargica de Barcelona","publisher":{"@id":"https:\/\/www.cpl.es\/#organization"},"alternateName":"Centre de Pastoral Lit\u00fargica","potentialAction":[{"@type":"SearchAction","target":{"@type":"EntryPoint","urlTemplate":"https:\/\/www.cpl.es\/?s={search_term_string}"},"query-input":{"@type":"PropertyValueSpecification","valueRequired":true,"valueName":"search_term_string"}}],"inLanguage":"ca"},{"@type":"Organization","@id":"https:\/\/www.cpl.es\/#organization","name":"Centre de Pastoral Lit\u00fargica","alternateName":"Centre de Pastoral Lit\u00fargica de Barcelona","url":"https:\/\/www.cpl.es\/","logo":{"@type":"ImageObject","inLanguage":"ca","@id":"https:\/\/www.cpl.es\/#\/schema\/logo\/image\/","url":"https:\/\/www.cpl.es\/wp-content\/uploads\/logo-cpl.svg","contentUrl":"https:\/\/www.cpl.es\/wp-content\/uploads\/logo-cpl.svg","caption":"Centre de Pastoral Lit\u00fargica"},"image":{"@id":"https:\/\/www.cpl.es\/#\/schema\/logo\/image\/"}}]}},"_links":{"self":[{"href":"https:\/\/www.cpl.es\/ca\/wp-json\/wp\/v2\/miembro\/11426","targetHints":{"allow":["GET"]}}],"collection":[{"href":"https:\/\/www.cpl.es\/ca\/wp-json\/wp\/v2\/miembro"}],"about":[{"href":"https:\/\/www.cpl.es\/ca\/wp-json\/wp\/v2\/types\/miembro"}],"wp:featuredmedia":[{"embeddable":true,"href":"https:\/\/www.cpl.es\/ca\/wp-json\/wp\/v2\/media\/6993"}],"wp:attachment":[{"href":"https:\/\/www.cpl.es\/ca\/wp-json\/wp\/v2\/media?parent=11426"}],"curies":[{"name":"wp","href":"https:\/\/api.w.org\/{rel}","templated":true}]}}