{"id":11412,"date":"2023-11-24T12:18:16","date_gmt":"2023-11-24T11:18:16","guid":{"rendered":"https:\/\/nuevaweb.cpl.es\/?post_type=miembro&#038;p=11412"},"modified":"2024-04-30T13:58:57","modified_gmt":"2024-04-30T11:58:57","slug":"gonzalo-guzman","status":"publish","type":"miembro","link":"https:\/\/www.cpl.es\/ca\/membre\/gonzalo-guzman\/","title":{"rendered":"Gonzalo Guzm\u00e1n"},"content":{"rendered":"<p><strong>Gonzalo Guzm\u00e1n Karadima<\/strong>. Neix el\u00a01975, el 2004 va ser ordenat prevere de\u00a0la arxidi\u00f2cesi de Santiago de Xile. Va realitzar els estudis de batxillerat de teolog\u00eda al Seminari\u00a0Pontifici\u00a0de Santiago (Pontif\u00edcia Universitat\u00a0Cat\u00f2lica de Xile). El 2014 es va llicenciar en Sagrada Lit\u00fargia en el\u00a0Pontifici\u00a0Ateneo Sant Anselm de Roma. Dos anys m\u00e9s tard, obt\u00e9 el grau\u00a0de doctor amb la tesis\u00a0<em>\u00abLo popular\u00bb como un lugar teol\u00f3gico de encuentro entre la liturgia y la piedad<\/em>.<\/p>\n<p>Entre els anys 2004 i\u00a02011 va fer el seu servei pastoral com a\u00a0vicari\u00a0a Santiago de Xile, i del\u00a02016 a\u00a02021, com a rector i professor a la Facultat\u00a0de Teologia de la Pontif\u00edcia Universitat\u00a0Cat\u00f2lica de Xile. Va ser membre de la Comisi\u00f3 Arxidiocesana\u00a0de Lit\u00fargia, de la Comisi\u00f3\u00a0Nacional de Lit\u00fargia de Xile i\u00a0assessor en materies lit\u00fargiques en el CELAM. Actualment\u00a0es vicari\u00a0parroquial en la arxidi\u00f2cesi\u00a0de Barcelona i\u00a0professor de l'Institut\u00a0de Liturgia\u00a0<em>ad instar Facultatis<\/em>\u00a0de l'Ateneu\u00a0Universitari\u00a0Sant Paci\u00e0\u00a0de la mateixa ciutat.<\/p>\n<p>Es miembro del Consell de redacci\u00f3 de la <a href=\"https:\/\/phase.cpl.es\/\">revista <em>Phase<\/em><\/a>\u00a0del Centre de Pastoral Lit\u00fargica.<\/p>\n","protected":false},"featured_media":6944,"template":"","meta":{"_acf_changed":false,"inline_featured_image":false},"class_list":["post-11412","miembro","type-miembro","status-publish","has-post-thumbnail","hentry"],"acf":[],"yoast_head":"<!-- This site is optimized with the Yoast SEO plugin v27.3 - https:\/\/yoast.com\/product\/yoast-seo-wordpress\/ -->\n<title>Gonzalo Guzm\u00e1n<\/title>\n<meta name=\"description\" content=\"Doctor en lit\u00fargia, es miembro del Consell de redacci\u00f3 de la revista \u00abPhase\u00bb del Centre de Pastoral Lit\u00fargica.\" \/>\n<meta name=\"robots\" content=\"index, follow, max-snippet:-1, max-image-preview:large, max-video-preview:-1\" \/>\n<link rel=\"canonical\" href=\"https:\/\/www.cpl.es\/membre\/gonzalo-guzman\/\" \/>\n<meta property=\"og:locale\" content=\"ca_ES\" \/>\n<meta property=\"og:type\" content=\"article\" \/>\n<meta property=\"og:title\" content=\"Gonzalo Guzm\u00e1n\" \/>\n<meta property=\"og:description\" content=\"Doctor en lit\u00fargia, es miembro del Consell de redacci\u00f3 de la revista \u00abPhase\u00bb del Centre de Pastoral Lit\u00fargica.\" \/>\n<meta property=\"og:url\" content=\"https:\/\/www.cpl.es\/membre\/gonzalo-guzman\/\" \/>\n<meta property=\"og:site_name\" content=\"CPL\" \/>\n<meta property=\"article:modified_time\" content=\"2024-04-30T11:58:57+00:00\" \/>\n<meta property=\"og:image\" content=\"https:\/\/www.cpl.es\/wp-content\/uploads\/miembros_Gonzalo_Guzman.jpg\" \/>\n\t<meta property=\"og:image:width\" content=\"293\" \/>\n\t<meta property=\"og:image:height\" content=\"383\" \/>\n\t<meta property=\"og:image:type\" content=\"image\/jpeg\" \/>\n<meta name=\"twitter:card\" content=\"summary_large_image\" \/>\n<meta name=\"twitter:label1\" content=\"Temps estimat de lectura\" \/>\n\t<meta name=\"twitter:data1\" content=\"2 minuts\" \/>\n<script type=\"application\/ld+json\" class=\"yoast-schema-graph\">{\"@context\":\"https:\\\/\\\/schema.org\",\"@graph\":[{\"@type\":\"WebPage\",\"@id\":\"https:\\\/\\\/www.cpl.es\\\/membre\\\/gonzalo-guzman\\\/\",\"url\":\"https:\\\/\\\/www.cpl.es\\\/membre\\\/gonzalo-guzman\\\/\",\"name\":\"Gonzalo Guzm\u00e1n\",\"isPartOf\":{\"@id\":\"https:\\\/\\\/www.cpl.es\\\/#website\"},\"primaryImageOfPage\":{\"@id\":\"https:\\\/\\\/www.cpl.es\\\/membre\\\/gonzalo-guzman\\\/#primaryimage\"},\"image\":{\"@id\":\"https:\\\/\\\/www.cpl.es\\\/membre\\\/gonzalo-guzman\\\/#primaryimage\"},\"thumbnailUrl\":\"https:\\\/\\\/www.cpl.es\\\/wp-content\\\/uploads\\\/miembros_Gonzalo_Guzman.jpg\",\"datePublished\":\"2023-11-24T11:18:16+00:00\",\"dateModified\":\"2024-04-30T11:58:57+00:00\",\"description\":\"Doctor en lit\u00fargia, es miembro del Consell de redacci\u00f3 de la revista \u00abPhase\u00bb del Centre de Pastoral Lit\u00fargica.\",\"breadcrumb\":{\"@id\":\"https:\\\/\\\/www.cpl.es\\\/membre\\\/gonzalo-guzman\\\/#breadcrumb\"},\"inLanguage\":\"ca\",\"potentialAction\":[{\"@type\":\"ReadAction\",\"target\":[\"https:\\\/\\\/www.cpl.es\\\/membre\\\/gonzalo-guzman\\\/\"]}]},{\"@type\":\"ImageObject\",\"inLanguage\":\"ca\",\"@id\":\"https:\\\/\\\/www.cpl.es\\\/membre\\\/gonzalo-guzman\\\/#primaryimage\",\"url\":\"https:\\\/\\\/www.cpl.es\\\/wp-content\\\/uploads\\\/miembros_Gonzalo_Guzman.jpg\",\"contentUrl\":\"https:\\\/\\\/www.cpl.es\\\/wp-content\\\/uploads\\\/miembros_Gonzalo_Guzman.jpg\",\"width\":293,\"height\":383},{\"@type\":\"BreadcrumbList\",\"@id\":\"https:\\\/\\\/www.cpl.es\\\/membre\\\/gonzalo-guzman\\\/#breadcrumb\",\"itemListElement\":[{\"@type\":\"ListItem\",\"position\":1,\"name\":\"Portada\",\"item\":\"https:\\\/\\\/www.cpl.es\\\/ca\\\/\"},{\"@type\":\"ListItem\",\"position\":2,\"name\":\"Miembros\",\"item\":\"https:\\\/\\\/www.cpl.es\\\/ca\\\/membre\\\/\"},{\"@type\":\"ListItem\",\"position\":3,\"name\":\"Gonzalo Guzm\u00e1n\"}]},{\"@type\":\"WebSite\",\"@id\":\"https:\\\/\\\/www.cpl.es\\\/#website\",\"url\":\"https:\\\/\\\/www.cpl.es\\\/\",\"name\":\"CPL\",\"description\":\"Centre de Pastoral Lit\u00fargica de Barcelona\",\"publisher\":{\"@id\":\"https:\\\/\\\/www.cpl.es\\\/#organization\"},\"alternateName\":\"Centre de Pastoral Lit\u00fargica\",\"potentialAction\":[{\"@type\":\"SearchAction\",\"target\":{\"@type\":\"EntryPoint\",\"urlTemplate\":\"https:\\\/\\\/www.cpl.es\\\/?s={search_term_string}\"},\"query-input\":{\"@type\":\"PropertyValueSpecification\",\"valueRequired\":true,\"valueName\":\"search_term_string\"}}],\"inLanguage\":\"ca\"},{\"@type\":\"Organization\",\"@id\":\"https:\\\/\\\/www.cpl.es\\\/#organization\",\"name\":\"Centre de Pastoral Lit\u00fargica\",\"alternateName\":\"Centre de Pastoral Lit\u00fargica de Barcelona\",\"url\":\"https:\\\/\\\/www.cpl.es\\\/\",\"logo\":{\"@type\":\"ImageObject\",\"inLanguage\":\"ca\",\"@id\":\"https:\\\/\\\/www.cpl.es\\\/#\\\/schema\\\/logo\\\/image\\\/\",\"url\":\"https:\\\/\\\/www.cpl.es\\\/wp-content\\\/uploads\\\/logo-cpl.svg\",\"contentUrl\":\"https:\\\/\\\/www.cpl.es\\\/wp-content\\\/uploads\\\/logo-cpl.svg\",\"caption\":\"Centre de Pastoral Lit\u00fargica\"},\"image\":{\"@id\":\"https:\\\/\\\/www.cpl.es\\\/#\\\/schema\\\/logo\\\/image\\\/\"}}]}<\/script>\n<!-- \/ Yoast SEO plugin. -->","yoast_head_json":{"title":"Gonzalo Guzm\u00e1n","description":"Doctor en lit\u00fargia, es miembro del Consell de redacci\u00f3 de la revista \u00abPhase\u00bb del Centre de Pastoral Lit\u00fargica.","robots":{"index":"index","follow":"follow","max-snippet":"max-snippet:-1","max-image-preview":"max-image-preview:large","max-video-preview":"max-video-preview:-1"},"canonical":"https:\/\/www.cpl.es\/membre\/gonzalo-guzman\/","og_locale":"ca_ES","og_type":"article","og_title":"Gonzalo Guzm\u00e1n","og_description":"Doctor en lit\u00fargia, es miembro del Consell de redacci\u00f3 de la revista \u00abPhase\u00bb del Centre de Pastoral Lit\u00fargica.","og_url":"https:\/\/www.cpl.es\/membre\/gonzalo-guzman\/","og_site_name":"CPL","article_modified_time":"2024-04-30T11:58:57+00:00","og_image":[{"width":293,"height":383,"url":"https:\/\/www.cpl.es\/wp-content\/uploads\/miembros_Gonzalo_Guzman.jpg","type":"image\/jpeg"}],"twitter_card":"summary_large_image","twitter_misc":{"Temps estimat de lectura":"2 minuts"},"schema":{"@context":"https:\/\/schema.org","@graph":[{"@type":"WebPage","@id":"https:\/\/www.cpl.es\/membre\/gonzalo-guzman\/","url":"https:\/\/www.cpl.es\/membre\/gonzalo-guzman\/","name":"Gonzalo Guzm\u00e1n","isPartOf":{"@id":"https:\/\/www.cpl.es\/#website"},"primaryImageOfPage":{"@id":"https:\/\/www.cpl.es\/membre\/gonzalo-guzman\/#primaryimage"},"image":{"@id":"https:\/\/www.cpl.es\/membre\/gonzalo-guzman\/#primaryimage"},"thumbnailUrl":"https:\/\/www.cpl.es\/wp-content\/uploads\/miembros_Gonzalo_Guzman.jpg","datePublished":"2023-11-24T11:18:16+00:00","dateModified":"2024-04-30T11:58:57+00:00","description":"Doctor en lit\u00fargia, es miembro del Consell de redacci\u00f3 de la revista \u00abPhase\u00bb del Centre de Pastoral Lit\u00fargica.","breadcrumb":{"@id":"https:\/\/www.cpl.es\/membre\/gonzalo-guzman\/#breadcrumb"},"inLanguage":"ca","potentialAction":[{"@type":"ReadAction","target":["https:\/\/www.cpl.es\/membre\/gonzalo-guzman\/"]}]},{"@type":"ImageObject","inLanguage":"ca","@id":"https:\/\/www.cpl.es\/membre\/gonzalo-guzman\/#primaryimage","url":"https:\/\/www.cpl.es\/wp-content\/uploads\/miembros_Gonzalo_Guzman.jpg","contentUrl":"https:\/\/www.cpl.es\/wp-content\/uploads\/miembros_Gonzalo_Guzman.jpg","width":293,"height":383},{"@type":"BreadcrumbList","@id":"https:\/\/www.cpl.es\/membre\/gonzalo-guzman\/#breadcrumb","itemListElement":[{"@type":"ListItem","position":1,"name":"Portada","item":"https:\/\/www.cpl.es\/ca\/"},{"@type":"ListItem","position":2,"name":"Miembros","item":"https:\/\/www.cpl.es\/ca\/membre\/"},{"@type":"ListItem","position":3,"name":"Gonzalo Guzm\u00e1n"}]},{"@type":"WebSite","@id":"https:\/\/www.cpl.es\/#website","url":"https:\/\/www.cpl.es\/","name":"CPL","description":"Centre de Pastoral Lit\u00fargica de Barcelona","publisher":{"@id":"https:\/\/www.cpl.es\/#organization"},"alternateName":"Centre de Pastoral Lit\u00fargica","potentialAction":[{"@type":"SearchAction","target":{"@type":"EntryPoint","urlTemplate":"https:\/\/www.cpl.es\/?s={search_term_string}"},"query-input":{"@type":"PropertyValueSpecification","valueRequired":true,"valueName":"search_term_string"}}],"inLanguage":"ca"},{"@type":"Organization","@id":"https:\/\/www.cpl.es\/#organization","name":"Centre de Pastoral Lit\u00fargica","alternateName":"Centre de Pastoral Lit\u00fargica de Barcelona","url":"https:\/\/www.cpl.es\/","logo":{"@type":"ImageObject","inLanguage":"ca","@id":"https:\/\/www.cpl.es\/#\/schema\/logo\/image\/","url":"https:\/\/www.cpl.es\/wp-content\/uploads\/logo-cpl.svg","contentUrl":"https:\/\/www.cpl.es\/wp-content\/uploads\/logo-cpl.svg","caption":"Centre de Pastoral Lit\u00fargica"},"image":{"@id":"https:\/\/www.cpl.es\/#\/schema\/logo\/image\/"}}]}},"_links":{"self":[{"href":"https:\/\/www.cpl.es\/ca\/wp-json\/wp\/v2\/miembro\/11412","targetHints":{"allow":["GET"]}}],"collection":[{"href":"https:\/\/www.cpl.es\/ca\/wp-json\/wp\/v2\/miembro"}],"about":[{"href":"https:\/\/www.cpl.es\/ca\/wp-json\/wp\/v2\/types\/miembro"}],"wp:featuredmedia":[{"embeddable":true,"href":"https:\/\/www.cpl.es\/ca\/wp-json\/wp\/v2\/media\/6944"}],"wp:attachment":[{"href":"https:\/\/www.cpl.es\/ca\/wp-json\/wp\/v2\/media?parent=11412"}],"curies":[{"name":"wp","href":"https:\/\/api.w.org\/{rel}","templated":true}]}}