{"version":"1.0","provider_name":"CPL","provider_url":"https:\/\/www.cpl.es\/ca\/","author_name":"Webico","author_url":"https:\/\/www.cpl.es\/ca\/author\/webico\/","title":"La Penit\u00e8ncia - CPL","type":"rich","width":600,"height":338,"html":"<blockquote class=\"wp-embedded-content\" data-secret=\"gzEW34wyji\"><a href=\"https:\/\/www.cpl.es\/ca\/blog\/vida-liturgica\/sagraments-i-exequies\/la-penitencia\/\">La Penit\u00e8ncia<\/a><\/blockquote><iframe sandbox=\"allow-scripts\" security=\"restricted\" src=\"https:\/\/www.cpl.es\/ca\/blog\/vida-liturgica\/sagraments-i-exequies\/la-penitencia\/embed\/#?secret=gzEW34wyji\" width=\"600\" height=\"338\" title=\"&#8220;La Penit\u00e8ncia&#8221; &#8212; CPL\" data-secret=\"gzEW34wyji\" frameborder=\"0\" marginwidth=\"0\" marginheight=\"0\" scrolling=\"no\" class=\"wp-embedded-content\"><\/iframe><script>\n\/*! This file is auto-generated *\/\n!function(d,l){\"use strict\";l.querySelector&&d.addEventListener&&\"undefined\"!=typeof URL&&(d.wp=d.wp||{},d.wp.receiveEmbedMessage||(d.wp.receiveEmbedMessage=function(e){var t=e.data;if((t||t.secret||t.message||t.value)&&!\/[^a-zA-Z0-9]\/.test(t.secret)){for(var s,r,n,a=l.querySelectorAll('iframe[data-secret=\"'+t.secret+'\"]'),o=l.querySelectorAll('blockquote[data-secret=\"'+t.secret+'\"]'),c=new RegExp(\"^https?:$\",\"i\"),i=0;i<o.length;i++)o[i].style.display=\"none\";for(i=0;i<a.length;i++)s=a[i],e.source===s.contentWindow&&(s.removeAttribute(\"style\"),\"height\"===t.message?(1e3<(r=parseInt(t.value,10))?r=1e3:~~r<200&&(r=200),s.height=r):\"link\"===t.message&&(r=new URL(s.getAttribute(\"src\")),n=new URL(t.value),c.test(n.protocol))&&n.host===r.host&&l.activeElement===s&&(d.top.location.href=t.value))}},d.addEventListener(\"message\",d.wp.receiveEmbedMessage,!1),l.addEventListener(\"DOMContentLoaded\",function(){for(var e,t,s=l.querySelectorAll(\"iframe.wp-embedded-content\"),r=0;r<s.length;r++)(t=(e=s[r]).getAttribute(\"data-secret\"))||(t=Math.random().toString(36).substring(2,12),e.src+=\"#?secret=\"+t,e.setAttribute(\"data-secret\",t)),e.contentWindow.postMessage({message:\"ready\",secret:t},\"*\")},!1)))}(window,document);\n\/\/# sourceURL=https:\/\/www.cpl.es\/wp-includes\/js\/wp-embed.min.js\n<\/script>\n","description":"La celebraci\u00f3 de la Reconciliaci\u00f3, el sagrament de la\u00a0Penit\u00e8ncia, pot ser un moment important en la vida de cada cristi\u00e0, ja que aqu\u00ed estan en joc\u00a0dos eixos b\u00e0sics de la viv\u00e8ncia cristiana: el reconeixement que arrosseguem molta infidelitat al projecte d\u2019amor que el Senyor ens encoman\u00e0, i la confian\u00e7a ferma que la miseric\u00f2rdia, el perd\u00f3 [&hellip;]","thumbnail_url":"https:\/\/www.cpl.es\/wp-content\/uploads\/4-5-Penitencia.jpg","thumbnail_width":260,"thumbnail_height":339}